{"id":79424,"date":"2024-07-04T12:09:00","date_gmt":"2024-07-04T14:09:00","guid":{"rendered":"https:\/\/www.tiendaled.cl\/?post_type=product&#038;p=79424"},"modified":"2024-07-04T12:09:00","modified_gmt":"2024-07-04T14:09:00","slug":"lampara-colgante-modelo-nido-27cm-x-25cm","status":"publish","type":"product","link":"https:\/\/www.tiendaled.cl\/?product=lampara-colgante-modelo-nido-27cm-x-25cm","title":{"rendered":"L\u00e1mpara Colgante Modelo Nido 27cm X 25cm"},"content":{"rendered":"<p>L\u00e1mpara Colgante Modelo Nido<\/p>\n<p>Fabricado en madera, su forma simula un perfecto nido de p\u00e1jaros, de un tama\u00f1o similar a los que se forman naturalmente en los \u00e1rboles. Como astillas entrelazadas, se sostienen sobre un tubo met\u00e1lico, que se adhiere al techo.<\/p>\n<p>Perfecta para una sala de estar de decoraci\u00f3n natural, donde las alfombras, cojines en el piso y los tonos pasteles o caf\u00e9, sean lo principal. Un comedor con aires naturales, ecol\u00f3gicos y org\u00e1nicos, tambi\u00e9n recibe a la perfecci\u00f3n este objeto de iluminaci\u00f3n, que dar\u00e1 un brillo de 60 watts de potencia.<\/p>\n<p>Modelo Nido<br \/>\nCapacidad 1 luz<br \/>\nAlto 28 cm<br \/>\nAncho 25 cm<br \/>\nMaterial Madera<br \/>\nUso Colgante<br \/>\nPotencia m\u00e1xima 60 W<br \/>\nAmpolletas NO incluidas<br \/>\nColor Caf\u00e9<\/p>\n","protected":false},"excerpt":{"rendered":"<p>L\u00e1mpara Colgante Modelo Nido Fabricado en madera, su forma simula un perfecto nido de p\u00e1jaros, de un tama\u00f1o similar a los que se forman naturalmente en los \u00e1rboles. Como astillas entrelazadas, se sostienen sobre un tubo met\u00e1lico, que se adhiere al techo. Perfecta para una sala de estar de decoraci\u00f3n natural, donde las alfombras, cojines [&#8230;]\n","protected":false},"featured_media":79426,"comment_status":"open","ping_status":"closed","template":"","meta":{"_joinchat":[]},"product_brand":[],"product_cat":[192,425,103,111,105],"product_tag":[439,440,120,122,438,170],"class_list":{"0":"post-79424","1":"product","2":"type-product","3":"status-publish","4":"has-post-thumbnail","6":"product_cat-lamparas-techo","7":"product_cat-ofertas","8":"product_cat-lamparas-y-apliques","9":"product_cat-lamparas-colgantes","10":"product_cat-lamparas-vintage","11":"product_tag-decohogar","12":"product_tag-iluminacion","13":"product_tag-lampara","14":"product_tag-lampara-colgante","15":"product_tag-lampara-deco","16":"product_tag-lampara-nido","18":"first","19":"instock","20":"sale","21":"shipping-taxable","22":"purchasable","23":"product-type-simple"},"_links":{"self":[{"href":"https:\/\/www.tiendaled.cl\/index.php?rest_route=\/wp\/v2\/product\/79424","targetHints":{"allow":["GET"]}}],"collection":[{"href":"https:\/\/www.tiendaled.cl\/index.php?rest_route=\/wp\/v2\/product"}],"about":[{"href":"https:\/\/www.tiendaled.cl\/index.php?rest_route=\/wp\/v2\/types\/product"}],"replies":[{"embeddable":true,"href":"https:\/\/www.tiendaled.cl\/index.php?rest_route=%2Fwp%2Fv2%2Fcomments&post=79424"}],"wp:featuredmedia":[{"embeddable":true,"href":"https:\/\/www.tiendaled.cl\/index.php?rest_route=\/wp\/v2\/media\/79426"}],"wp:attachment":[{"href":"https:\/\/www.tiendaled.cl\/index.php?rest_route=%2Fwp%2Fv2%2Fmedia&parent=79424"}],"wp:term":[{"taxonomy":"product_brand","embeddable":true,"href":"https:\/\/www.tiendaled.cl\/index.php?rest_route=%2Fwp%2Fv2%2Fproduct_brand&post=79424"},{"taxonomy":"product_cat","embeddable":true,"href":"https:\/\/www.tiendaled.cl\/index.php?rest_route=%2Fwp%2Fv2%2Fproduct_cat&post=79424"},{"taxonomy":"product_tag","embeddable":true,"href":"https:\/\/www.tiendaled.cl\/index.php?rest_route=%2Fwp%2Fv2%2Fproduct_tag&post=79424"}],"curies":[{"name":"wp","href":"https:\/\/api.w.org\/{rel}","templated":true}]}}