{"id":78915,"date":"2024-02-05T23:31:05","date_gmt":"2024-02-06T01:31:05","guid":{"rendered":"https:\/\/www.tiendaled.cl\/?post_type=product&#038;p=78915"},"modified":"2026-02-21T03:22:17","modified_gmt":"2026-02-21T05:22:17","slug":"lampara-techo-natural-rectangular-4-ampolletas","status":"publish","type":"product","link":"https:\/\/www.tiendaled.cl\/?product=lampara-techo-natural-rectangular-4-ampolletas","title":{"rendered":"L\u00e1mpara Techo Natural Rectangular 4 Ampolletas"},"content":{"rendered":"<p>Lampara decorativo y funcional<br \/>\nIdealmente dise\u00f1ada para ser instalada en techos s\u00f3lidos de concreto, hormig\u00f3n y madera,<\/p>\n<p>La mejor soluci\u00f3n para iluminar lugares que necesiten de un toque c\u00e1lido y duradero.<br \/>\nSu estructura se fusionar\u00e1 delicadamente con todo tipo de muebles, a\u00fan m\u00e1s si son sencillos, haciendo de esta luminaria el complemento ideal para espacios comunes que requieran de gran cantidad de luz.<\/p>\n<p>Cantidad de Ampolletas 4<br \/>\nMaterial Rat\u00e1n<br \/>\nColor Natural<br \/>\nSoquete tradicional E27<br \/>\nPotencia m\u00e1xima 40 W<br \/>\nNO Incluye ampolletas<br \/>\nAlto total 120 cm<br \/>\nAlto de pantalla 25 cm<br \/>\nLargo de pantalla 55 cm<br \/>\nUso Dom\u00e9stico<\/p>\n","protected":false},"excerpt":{"rendered":"<p>Lampara decorativo y funcional Idealmente dise\u00f1ada para ser instalada en techos s\u00f3lidos de concreto, hormig\u00f3n y madera, La mejor soluci\u00f3n para iluminar lugares que necesiten de un toque c\u00e1lido y duradero. Su estructura se fusionar\u00e1 delicadamente con todo tipo de muebles, a\u00fan m\u00e1s si son sencillos, haciendo de esta luminaria el complemento ideal para espacios [&#8230;]\n","protected":false},"featured_media":78918,"comment_status":"open","ping_status":"closed","template":"","meta":{"_joinchat":[]},"product_brand":[],"product_cat":[192,103,111,105],"product_tag":[120,122,228,148],"class_list":{"0":"post-78915","1":"product","2":"type-product","3":"status-publish","4":"has-post-thumbnail","6":"product_cat-lamparas-techo","7":"product_cat-lamparas-y-apliques","8":"product_cat-lamparas-colgantes","9":"product_cat-lamparas-vintage","10":"product_tag-lampara","11":"product_tag-lampara-colgante","12":"product_tag-lampara-ratan","13":"product_tag-lampara-techo","15":"first","16":"instock","17":"shipping-taxable","18":"purchasable","19":"product-type-simple"},"_links":{"self":[{"href":"https:\/\/www.tiendaled.cl\/index.php?rest_route=\/wp\/v2\/product\/78915","targetHints":{"allow":["GET"]}}],"collection":[{"href":"https:\/\/www.tiendaled.cl\/index.php?rest_route=\/wp\/v2\/product"}],"about":[{"href":"https:\/\/www.tiendaled.cl\/index.php?rest_route=\/wp\/v2\/types\/product"}],"replies":[{"embeddable":true,"href":"https:\/\/www.tiendaled.cl\/index.php?rest_route=%2Fwp%2Fv2%2Fcomments&post=78915"}],"wp:featuredmedia":[{"embeddable":true,"href":"https:\/\/www.tiendaled.cl\/index.php?rest_route=\/wp\/v2\/media\/78918"}],"wp:attachment":[{"href":"https:\/\/www.tiendaled.cl\/index.php?rest_route=%2Fwp%2Fv2%2Fmedia&parent=78915"}],"wp:term":[{"taxonomy":"product_brand","embeddable":true,"href":"https:\/\/www.tiendaled.cl\/index.php?rest_route=%2Fwp%2Fv2%2Fproduct_brand&post=78915"},{"taxonomy":"product_cat","embeddable":true,"href":"https:\/\/www.tiendaled.cl\/index.php?rest_route=%2Fwp%2Fv2%2Fproduct_cat&post=78915"},{"taxonomy":"product_tag","embeddable":true,"href":"https:\/\/www.tiendaled.cl\/index.php?rest_route=%2Fwp%2Fv2%2Fproduct_tag&post=78915"}],"curies":[{"name":"wp","href":"https:\/\/api.w.org\/{rel}","templated":true}]}}