{"id":51322,"date":"2023-07-31T23:46:49","date_gmt":"2023-08-01T01:46:49","guid":{"rendered":"https:\/\/www.tiendaled.cl\/?post_type=product&#038;p=51322"},"modified":"2025-06-24T20:06:02","modified_gmt":"2025-06-24T22:06:02","slug":"lampara-colgante-madera-tres-figuras-geometricas-cuadrado","status":"publish","type":"product","link":"https:\/\/www.tiendaled.cl\/?product=lampara-colgante-madera-tres-figuras-geometricas-cuadrado","title":{"rendered":"Lampara Colgante Madera Tres Figuras Geometricas Cuadrado"},"content":{"rendered":"<p>Lampara Colgante Triple de Madera<br \/>\nGeometrica Modelo de 3 Cuadrados<\/p>\n<p>Dise\u00f1ada para decorar todo tipo de ambientes<br \/>\nFabricada en madera solida<br \/>\nL\u00e1mpara colgante con forma de geometr\u00eda, estilo japon\u00e9s, barra, cocina, dormitorio<br \/>\nEl dise\u00f1o de l\u00e1mpara minimalista n\u00f3rdico puede complementar la decoraci\u00f3n de su habitaci\u00f3n y agregar m\u00e1s personalidad a la decoraci\u00f3n de su hogar<br \/>\nIncluye todo el hardware de montaje y la instalaci\u00f3n es r\u00e1pida y f\u00e1cil.<br \/>\nCompatible con Ampolletas de Soquete Tradicional E27<br \/>\nHecho de madera maciza.<br \/>\nMedidas de cada cubo<br \/>\nLongitud: 28 CM<br \/>\nAncho: 22 CM<br \/>\nBase: 30 CM (base redonda)<\/p>\n","protected":false},"excerpt":{"rendered":"<p>Lampara Colgante Triple de Madera Geometrica Modelo de 3 Cuadrados Dise\u00f1ada para decorar todo tipo de ambientes Fabricada en madera solida L\u00e1mpara colgante con forma de geometr\u00eda, estilo japon\u00e9s, barra, cocina, dormitorio El dise\u00f1o de l\u00e1mpara minimalista n\u00f3rdico puede complementar la decoraci\u00f3n de su habitaci\u00f3n y agregar m\u00e1s personalidad a la decoraci\u00f3n de su hogar [&#8230;]\n","protected":false},"featured_media":51328,"comment_status":"open","ping_status":"closed","template":"","meta":{"_joinchat":[]},"product_brand":[],"product_cat":[192,103,111,105],"product_tag":[120,291,174,202,123],"class_list":{"0":"post-51322","1":"product","2":"type-product","3":"status-publish","4":"has-post-thumbnail","6":"product_cat-lamparas-techo","7":"product_cat-lamparas-y-apliques","8":"product_cat-lamparas-colgantes","9":"product_cat-lamparas-vintage","10":"product_tag-lampara","11":"product_tag-lampara-cubo","12":"product_tag-lampara-geometrica","13":"product_tag-lampara-madera","14":"product_tag-lampara-triple","16":"first","17":"instock","18":"shipping-taxable","19":"purchasable","20":"product-type-simple"},"_links":{"self":[{"href":"https:\/\/www.tiendaled.cl\/index.php?rest_route=\/wp\/v2\/product\/51322","targetHints":{"allow":["GET"]}}],"collection":[{"href":"https:\/\/www.tiendaled.cl\/index.php?rest_route=\/wp\/v2\/product"}],"about":[{"href":"https:\/\/www.tiendaled.cl\/index.php?rest_route=\/wp\/v2\/types\/product"}],"replies":[{"embeddable":true,"href":"https:\/\/www.tiendaled.cl\/index.php?rest_route=%2Fwp%2Fv2%2Fcomments&post=51322"}],"wp:featuredmedia":[{"embeddable":true,"href":"https:\/\/www.tiendaled.cl\/index.php?rest_route=\/wp\/v2\/media\/51328"}],"wp:attachment":[{"href":"https:\/\/www.tiendaled.cl\/index.php?rest_route=%2Fwp%2Fv2%2Fmedia&parent=51322"}],"wp:term":[{"taxonomy":"product_brand","embeddable":true,"href":"https:\/\/www.tiendaled.cl\/index.php?rest_route=%2Fwp%2Fv2%2Fproduct_brand&post=51322"},{"taxonomy":"product_cat","embeddable":true,"href":"https:\/\/www.tiendaled.cl\/index.php?rest_route=%2Fwp%2Fv2%2Fproduct_cat&post=51322"},{"taxonomy":"product_tag","embeddable":true,"href":"https:\/\/www.tiendaled.cl\/index.php?rest_route=%2Fwp%2Fv2%2Fproduct_tag&post=51322"}],"curies":[{"name":"wp","href":"https:\/\/api.w.org\/{rel}","templated":true}]}}