{"id":33513,"date":"2022-01-12T00:07:09","date_gmt":"2022-01-12T02:07:09","guid":{"rendered":"https:\/\/www.tiendaled.cl\/?post_type=product&#038;p=33513"},"modified":"2022-06-10T14:44:52","modified_gmt":"2022-06-10T16:44:52","slug":"lampara-colgante-metalica-cilindro-con-calados-cuadrados","status":"publish","type":"product","link":"https:\/\/www.tiendaled.cl\/?product=lampara-colgante-metalica-cilindro-con-calados-cuadrados","title":{"rendered":"Lampara Colgante Metalica Cilindro Con Calados Cuadrados"},"content":{"rendered":"<p>Dise\u00f1o Unico y Original<br \/>\nSus calados cuadrados, permiten pasar la luz entregando un toque de die\u00f1os a los lugares donde desea instalarla<br \/>\nFacil Instalacion<br \/>\nFarbicada en laton<br \/>\nModelos en blanco y tambien en negro<br \/>\nIdeal para ser instalada en cualquier lugar de la casa, tambien muy usada en bares, hoteles, etc.<br \/>\nMedidas Soquete 45 mm ancho x 65 mm alto<br \/>\nMedidas estructura 15 cm de diametro y 21 cm de alto<br \/>\nCable 80cm<br \/>\nSoquete tradicional E27<\/p>\n<p>NO INCLUYE AMPOLLETA<\/p>\n<p>&nbsp;<\/p>\n<p>\u2014\u2013IMPORTANTE \u2014-<\/p>\n<p>La foto de este producto ha sido ambientada, la fotograf\u00eda es una aproximaci\u00f3n al color real. Por lo cual no incluye ning\u00fan adorno, ni accesorios, ni piezas adicionales ni ning\u00fan otro elemento que lo acompa\u00f1an.<\/p>\n<p>GARANT\u00cdA<\/p>\n<p>* NO cubre mala manipulaci\u00f3n por parte del usuario, por lo cual es importante que revise el producto apenas lo reciba, independiente si lo instalara despues<br \/>\n* Se debe conservar empaque y accesorios completos<\/p>\n<p>* En caso de solicitar devolucion del dinero solo se reembolsa el valor del producto, los costos de envio no son reembolsables.<\/p>\n","protected":false},"excerpt":{"rendered":"<p>Dise\u00f1o Unico y Original Sus calados cuadrados, permiten pasar la luz entregando un toque de die\u00f1os a los lugares donde desea instalarla Facil Instalacion Farbicada en laton Modelos en blanco y tambien en negro Ideal para ser instalada en cualquier lugar de la casa, tambien muy usada en bares, hoteles, etc. Medidas Soquete 45 mm [&#8230;]\n","protected":false},"featured_media":33514,"comment_status":"open","ping_status":"closed","template":"","meta":{"_joinchat":[]},"product_brand":[],"product_cat":[192,103,111,105],"product_tag":[122,147,124],"class_list":{"0":"post-33513","1":"product","2":"type-product","3":"status-publish","4":"has-post-thumbnail","6":"product_cat-lamparas-techo","7":"product_cat-lamparas-y-apliques","8":"product_cat-lamparas-colgantes","9":"product_cat-lamparas-vintage","10":"product_tag-lampara-colgante","11":"product_tag-lampara-rustica","12":"product_tag-lampara-vintage","14":"first","15":"instock","16":"shipping-taxable","17":"purchasable","18":"product-type-simple"},"_links":{"self":[{"href":"https:\/\/www.tiendaled.cl\/index.php?rest_route=\/wp\/v2\/product\/33513","targetHints":{"allow":["GET"]}}],"collection":[{"href":"https:\/\/www.tiendaled.cl\/index.php?rest_route=\/wp\/v2\/product"}],"about":[{"href":"https:\/\/www.tiendaled.cl\/index.php?rest_route=\/wp\/v2\/types\/product"}],"replies":[{"embeddable":true,"href":"https:\/\/www.tiendaled.cl\/index.php?rest_route=%2Fwp%2Fv2%2Fcomments&post=33513"}],"wp:featuredmedia":[{"embeddable":true,"href":"https:\/\/www.tiendaled.cl\/index.php?rest_route=\/wp\/v2\/media\/33514"}],"wp:attachment":[{"href":"https:\/\/www.tiendaled.cl\/index.php?rest_route=%2Fwp%2Fv2%2Fmedia&parent=33513"}],"wp:term":[{"taxonomy":"product_brand","embeddable":true,"href":"https:\/\/www.tiendaled.cl\/index.php?rest_route=%2Fwp%2Fv2%2Fproduct_brand&post=33513"},{"taxonomy":"product_cat","embeddable":true,"href":"https:\/\/www.tiendaled.cl\/index.php?rest_route=%2Fwp%2Fv2%2Fproduct_cat&post=33513"},{"taxonomy":"product_tag","embeddable":true,"href":"https:\/\/www.tiendaled.cl\/index.php?rest_route=%2Fwp%2Fv2%2Fproduct_tag&post=33513"}],"curies":[{"name":"wp","href":"https:\/\/api.w.org\/{rel}","templated":true}]}}