{"id":3048,"date":"2018-10-07T18:54:31","date_gmt":"2018-10-07T20:54:31","guid":{"rendered":"http:\/\/104.237.153.121\/?post_type=product&#038;p=3048"},"modified":"2026-03-21T18:45:57","modified_gmt":"2026-03-21T20:45:57","slug":"lampara-colgante-triple-modelo-tom-dixon-2","status":"publish","type":"product","link":"https:\/\/www.tiendaled.cl\/?product=lampara-colgante-triple-modelo-tom-dixon-2","title":{"rendered":"L\u00e1mpara colgante triple modelo tom dixon"},"content":{"rendered":"<ul>\n<li>Si te encantan las l\u00e1mparas de estilo, puedes instalar el conjunto de las l\u00e1mparas m\u00e1s famosas en un incre\u00edble pack donde las tres principales inspiraciones en los dise\u00f1os de Tom Dixon<br \/>\nTu hogar desprender\u00e1 dise\u00f1o con cada uno de los modelos fabricados en metal lacado en color satinado negro en su exterior y dorado en su caracter\u00edstico interior con sus marcas tan diferenciadoras de estas l\u00e1mparas.<br \/>\nUna gran iluminaci\u00f3n gracias a los interiores de sus pantallas, pero si prefieres utilizar una luz tenue de ambiente lo conseguir\u00e1s con la elecci\u00f3n de las ampolletas adecuadas.<br \/>\nSi combinas las alturas de los cables puedes conseguir un espacio personalizado, tambi\u00e9n si las colocas todas en l\u00ednea, dan mucho juego.<br \/>\nTanto en la cocina, comedor, sal\u00f3n o tu negocio, esta l\u00e1mpara es perfecta para iluminarte con estilo.Medidas Vienna: alto: 40 cm, di\u00e1metro: 18 cm., cable: 1,2 m.<br \/>\nMedidas Sienna Style: alto: 24 cm,\u00a0 di\u00e1metro: 36 cm., cable: 1,2 m.<br \/>\nMedidas Floreencia Style: \u00a0alto: 30 cm.,\u00a0 di\u00e1metro: 24 cm.,\u00a0 cable: 1,2 m.<\/li>\n<\/ul>\n","protected":false},"excerpt":{"rendered":"<p>Si te encantan las l\u00e1mparas de estilo, puedes instalar el conjunto de las l\u00e1mparas m\u00e1s famosas en un incre\u00edble pack donde las tres principales inspiraciones en los dise\u00f1os de Tom Dixon Tu hogar desprender\u00e1 dise\u00f1o con cada uno de los modelos fabricados en metal lacado en color satinado negro en su exterior y dorado en [&#8230;]\n","protected":false},"featured_media":3049,"comment_status":"open","ping_status":"closed","template":"","meta":{"_joinchat":[]},"product_brand":[],"product_cat":[425,111],"product_tag":[177,121],"class_list":{"0":"post-3048","1":"product","2":"type-product","3":"status-publish","4":"has-post-thumbnail","6":"product_cat-ofertas","7":"product_cat-lamparas-colgantes","8":"product_tag-lampara-moderna","9":"product_tag-triple-modelo-tom-dixon","11":"first","12":"instock","13":"sale","14":"shipping-taxable","15":"purchasable","16":"product-type-simple"},"_links":{"self":[{"href":"https:\/\/www.tiendaled.cl\/index.php?rest_route=\/wp\/v2\/product\/3048","targetHints":{"allow":["GET"]}}],"collection":[{"href":"https:\/\/www.tiendaled.cl\/index.php?rest_route=\/wp\/v2\/product"}],"about":[{"href":"https:\/\/www.tiendaled.cl\/index.php?rest_route=\/wp\/v2\/types\/product"}],"replies":[{"embeddable":true,"href":"https:\/\/www.tiendaled.cl\/index.php?rest_route=%2Fwp%2Fv2%2Fcomments&post=3048"}],"wp:featuredmedia":[{"embeddable":true,"href":"https:\/\/www.tiendaled.cl\/index.php?rest_route=\/wp\/v2\/media\/3049"}],"wp:attachment":[{"href":"https:\/\/www.tiendaled.cl\/index.php?rest_route=%2Fwp%2Fv2%2Fmedia&parent=3048"}],"wp:term":[{"taxonomy":"product_brand","embeddable":true,"href":"https:\/\/www.tiendaled.cl\/index.php?rest_route=%2Fwp%2Fv2%2Fproduct_brand&post=3048"},{"taxonomy":"product_cat","embeddable":true,"href":"https:\/\/www.tiendaled.cl\/index.php?rest_route=%2Fwp%2Fv2%2Fproduct_cat&post=3048"},{"taxonomy":"product_tag","embeddable":true,"href":"https:\/\/www.tiendaled.cl\/index.php?rest_route=%2Fwp%2Fv2%2Fproduct_tag&post=3048"}],"curies":[{"name":"wp","href":"https:\/\/api.w.org\/{rel}","templated":true}]}}