{"id":28985,"date":"2021-06-19T19:10:03","date_gmt":"2021-06-19T21:10:03","guid":{"rendered":"https:\/\/www.tiendaled.cl\/?post_type=product&#038;p=28985"},"modified":"2025-09-25T14:17:31","modified_gmt":"2025-09-25T16:17:31","slug":"lampara-madera-colgante-rustica-6-faroles-diseno-timon","status":"publish","type":"product","link":"https:\/\/www.tiendaled.cl\/?product=lampara-madera-colgante-rustica-6-faroles-diseno-timon","title":{"rendered":"Lampara Madera Colgante Rustica 6 Faroles Dise\u00f1o Timon"},"content":{"rendered":"<p>Da la bienvenida a tus invitados y a\u00f1ade iluminaci\u00f3n para decorar con una variedad de estilos (retro, vintage, industrial, moderno, n\u00f3rdico)<\/p>\n<p>Idealmente para ser instalada en comedor, cocina, sala de estar, dormitorio, iluminaci\u00f3n de hotel, restaurante, pabellones de caf\u00e9, bares, clubes, salas de exposiciones, etc.<\/p>\n<p>Material hierro forjado + cuerpo de la l\u00e1mpara de madera, pintura en aerosol de alta temperatura, cuerpo de la l\u00e1mpara de hierro forjado antioxidante y anticorrosi\u00f3n, madera pura pulida a mano es fuerte y duradera<\/p>\n<p>Iluminaci\u00f3n colgante con dise\u00f1o \u00fanico y exquisito a\u00f1ade un toque r\u00fastico y elegante a tu casa.<br \/>\nIdeal para ser utilizada con ampolletas led vintage de filamento<br \/>\nSoquete tradicional E27<\/p>\n<p>NO INCLUYE AMPOLLETAS.<\/p>\n<p>Dimensiones<br \/>\nAltura 100cm<br \/>\nDiametro70cm<\/p>\n<p>Aplicable a la habitaci\u00f3n: sala de estar, comedor, dormitorio, cocina, comedor, ba\u00f1o, pasillos, bares, caf\u00e9s, almacenes, s\u00f3tanos y otras luces interiores.<\/p>\n","protected":false},"excerpt":{"rendered":"<p>Da la bienvenida a tus invitados y a\u00f1ade iluminaci\u00f3n para decorar con una variedad de estilos (retro, vintage, industrial, moderno, n\u00f3rdico) Idealmente para ser instalada en comedor, cocina, sala de estar, dormitorio, iluminaci\u00f3n de hotel, restaurante, pabellones de caf\u00e9, bares, clubes, salas de exposiciones, etc. Material hierro forjado + cuerpo de la l\u00e1mpara de madera, [&#8230;]\n","protected":false},"featured_media":28987,"comment_status":"open","ping_status":"closed","template":"","meta":{"_joinchat":[]},"product_brand":[],"product_cat":[192,103,111,105],"product_tag":[120,122,202,147,124],"class_list":{"0":"post-28985","1":"product","2":"type-product","3":"status-publish","4":"has-post-thumbnail","6":"product_cat-lamparas-techo","7":"product_cat-lamparas-y-apliques","8":"product_cat-lamparas-colgantes","9":"product_cat-lamparas-vintage","10":"product_tag-lampara","11":"product_tag-lampara-colgante","12":"product_tag-lampara-madera","13":"product_tag-lampara-rustica","14":"product_tag-lampara-vintage","16":"first","17":"instock","18":"shipping-taxable","19":"purchasable","20":"product-type-simple"},"_links":{"self":[{"href":"https:\/\/www.tiendaled.cl\/index.php?rest_route=\/wp\/v2\/product\/28985","targetHints":{"allow":["GET"]}}],"collection":[{"href":"https:\/\/www.tiendaled.cl\/index.php?rest_route=\/wp\/v2\/product"}],"about":[{"href":"https:\/\/www.tiendaled.cl\/index.php?rest_route=\/wp\/v2\/types\/product"}],"replies":[{"embeddable":true,"href":"https:\/\/www.tiendaled.cl\/index.php?rest_route=%2Fwp%2Fv2%2Fcomments&post=28985"}],"wp:featuredmedia":[{"embeddable":true,"href":"https:\/\/www.tiendaled.cl\/index.php?rest_route=\/wp\/v2\/media\/28987"}],"wp:attachment":[{"href":"https:\/\/www.tiendaled.cl\/index.php?rest_route=%2Fwp%2Fv2%2Fmedia&parent=28985"}],"wp:term":[{"taxonomy":"product_brand","embeddable":true,"href":"https:\/\/www.tiendaled.cl\/index.php?rest_route=%2Fwp%2Fv2%2Fproduct_brand&post=28985"},{"taxonomy":"product_cat","embeddable":true,"href":"https:\/\/www.tiendaled.cl\/index.php?rest_route=%2Fwp%2Fv2%2Fproduct_cat&post=28985"},{"taxonomy":"product_tag","embeddable":true,"href":"https:\/\/www.tiendaled.cl\/index.php?rest_route=%2Fwp%2Fv2%2Fproduct_tag&post=28985"}],"curies":[{"name":"wp","href":"https:\/\/api.w.org\/{rel}","templated":true}]}}