{"id":98,"date":"2013-08-06T20:13:19","date_gmt":"2013-08-06T22:13:19","guid":{"rendered":"http:\/\/localhost:8888\/test\/?page_id=17"},"modified":"2025-10-12T04:59:27","modified_gmt":"2025-10-12T06:59:27","slug":"classic-shop","status":"publish","type":"page","link":"https:\/\/www.tiendaled.cl\/","title":{"rendered":"Classic Shop"},"content":{"rendered":"<div class=\"brz-root__container brz-reset-all\"><\/div>\n<p><!-- version:1700081469 --><\/p>\n<div class=\"slider-wrapper relative\" id=\"slider-321499691\" >\n    <div class=\"slider slider-nav-circle slider-nav-large slider-nav-light slider-style-normal\"\n        data-flickity-options='{\n            \"cellAlign\": \"center\",\n            \"imagesLoaded\": true,\n            \"lazyLoad\": 1,\n            \"freeScroll\": false,\n            \"wrapAround\": true,\n            \"autoPlay\": 6000,\n            \"pauseAutoPlayOnHover\" : true,\n            \"prevNextButtons\": true,\n            \"contain\" : true,\n            \"adaptiveHeight\" : true,\n            \"dragThreshold\" : 10,\n            \"percentPosition\": true,\n            \"pageDots\": true,\n            \"rightToLeft\": false,\n            \"draggable\": true,\n            \"selectedAttraction\": 0.1,\n            \"parallax\" : 0,\n            \"friction\": 0.6        }'\n        >\n        \n\t<div class=\"img has-hover x md-x lg-x y md-y lg-y\" id=\"image_30485841\">\n\t\t<a class=\"\" href=\"https:\/\/www.tiendaled.cl\/?product_tag=hindu-turca&#038;v=808d38edc983\" >\t\t\t\t\t\t<div class=\"img-inner dark\" >\n\t\t\t<img loading=\"lazy\" decoding=\"async\" width=\"1020\" height=\"354\" src=\"https:\/\/www.tiendaled.cl\/wp-content\/uploads\/2025\/01\/Banner-6-lamparas-1440-hindu-1400x486.jpg\" class=\"attachment-large size-large\" alt=\"\" srcset=\"https:\/\/www.tiendaled.cl\/wp-content\/uploads\/2025\/01\/Banner-6-lamparas-1440-hindu-1400x486.jpg 1400w, https:\/\/www.tiendaled.cl\/wp-content\/uploads\/2025\/01\/Banner-6-lamparas-1440-hindu-800x278.jpg 800w, https:\/\/www.tiendaled.cl\/wp-content\/uploads\/2025\/01\/Banner-6-lamparas-1440-hindu-768x267.jpg 768w, https:\/\/www.tiendaled.cl\/wp-content\/uploads\/2025\/01\/Banner-6-lamparas-1440-hindu-510x177.jpg 510w, https:\/\/www.tiendaled.cl\/wp-content\/uploads\/2025\/01\/Banner-6-lamparas-1440-hindu.jpg 1440w\" sizes=\"auto, (max-width: 1020px) 100vw, 1020px\" \/>\t\t\t\t\t\t\n\t\t\t\t\t<\/div>\n\t\t\t\t\t\t<\/a>\t\t\n<style>\n#image_30485841 {\n  width: 100%;\n}\n<\/style>\n\t<\/div>\n\t\n\t<div class=\"img has-hover x md-x lg-x y md-y lg-y\" id=\"image_1446893745\">\n\t\t\t\t\t\t\t\t<div class=\"img-inner dark\" >\n\t\t\t<img loading=\"lazy\" decoding=\"async\" width=\"1020\" height=\"305\" src=\"https:\/\/www.tiendaled.cl\/wp-content\/uploads\/2021\/07\/banner-tiendaled-2021-lamparas-rusticas-1400x418.jpg\" class=\"attachment-large size-large\" alt=\"\" srcset=\"https:\/\/www.tiendaled.cl\/wp-content\/uploads\/2021\/07\/banner-tiendaled-2021-lamparas-rusticas-1400x418.jpg 1400w, https:\/\/www.tiendaled.cl\/wp-content\/uploads\/2021\/07\/banner-tiendaled-2021-lamparas-rusticas-800x239.jpg 800w, https:\/\/www.tiendaled.cl\/wp-content\/uploads\/2021\/07\/banner-tiendaled-2021-lamparas-rusticas-768x229.jpg 768w, https:\/\/www.tiendaled.cl\/wp-content\/uploads\/2021\/07\/banner-tiendaled-2021-lamparas-rusticas-510x152.jpg 510w, https:\/\/www.tiendaled.cl\/wp-content\/uploads\/2021\/07\/banner-tiendaled-2021-lamparas-rusticas.jpg 1440w\" sizes=\"auto, (max-width: 1020px) 100vw, 1020px\" \/>\t\t\t\t\t\t\n\t\t\t\t\t<\/div>\n\t\t\t\t\t\t\t\t\n<style>\n#image_1446893745 {\n  width: 100%;\n}\n<\/style>\n\t<\/div>\n\t\n\t<div class=\"img has-hover x md-x lg-x y md-y lg-y\" id=\"image_140424289\">\n\t\t\t\t\t\t\t\t<div class=\"img-inner dark\" >\n\t\t\t<img loading=\"lazy\" decoding=\"async\" width=\"1020\" height=\"421\" src=\"https:\/\/www.tiendaled.cl\/wp-content\/uploads\/2021\/07\/banner-slider-despacho-1-1400x578.jpg\" class=\"attachment-large size-large\" alt=\"\" srcset=\"https:\/\/www.tiendaled.cl\/wp-content\/uploads\/2021\/07\/banner-slider-despacho-1-1400x578.jpg 1400w, https:\/\/www.tiendaled.cl\/wp-content\/uploads\/2021\/07\/banner-slider-despacho-1-800x330.jpg 800w, https:\/\/www.tiendaled.cl\/wp-content\/uploads\/2021\/07\/banner-slider-despacho-1-768x317.jpg 768w, https:\/\/www.tiendaled.cl\/wp-content\/uploads\/2021\/07\/banner-slider-despacho-1-510x210.jpg 510w, https:\/\/www.tiendaled.cl\/wp-content\/uploads\/2021\/07\/banner-slider-despacho-1.jpg 1440w\" sizes=\"auto, (max-width: 1020px) 100vw, 1020px\" \/>\t\t\t\t\t\t\n\t\t\t\t\t<\/div>\n\t\t\t\t\t\t\t\t\n<style>\n#image_140424289 {\n  width: 100%;\n}\n<\/style>\n\t<\/div>\n\t\n     <\/div>\n\n     <div class=\"loading-spin dark large centered\"><\/div>\n\n\t<\/div>\n\n\n\t<div id=\"text-149074399\" class=\"text\">\n\t\t\n<div class=\"brz-root__container brz-reset-all\"><strong>CATEGOR\u00cdAS<\/strong><\/div>\n<p><!-- version:1700081469 --><\/p>\n\t\t\n<style>\n#text-149074399 {\n  font-size: 1.2rem;\n  line-height: 3;\n  text-align: center;\n}\n<\/style>\n\t<\/div>\n\t\n<div class=\"is-divider divider clearfix\" style=\"max-width:100%;height:2px;\"><\/div>\n\n  \n    <div class=\"row large-columns-5 medium-columns-3 small-columns-2 row-small row-full-width slider row-slider slider-nav-circle slider-nav-outside\"  data-flickity-options='{&quot;imagesLoaded&quot;: true, &quot;groupCells&quot;: &quot;100%&quot;, &quot;dragThreshold&quot; : 5, &quot;cellAlign&quot;: &quot;left&quot;,&quot;wrapAround&quot;: true,&quot;prevNextButtons&quot;: true,&quot;percentPosition&quot;: true,&quot;pageDots&quot;: true, &quot;rightToLeft&quot;: false, &quot;autoPlay&quot; : 5000}' >\n\n  <div class=\"product-category col\" >\n            <div class=\"col-inner\">\n              <a aria-label=\"Visitar la categor\u00eda de producto OFERTAS\" href=\"https:\/\/www.tiendaled.cl\/?product_cat=ofertas\">                <div class=\"box box-category has-hover box-badge hover-dark \">\n                <div class=\"box-image\" style=\"border-radius:4%;\">\n                  <div class=\"image-cover\" style=\"padding-top:100%;\">\n                  <img loading=\"lazy\" decoding=\"async\" src=\"https:\/\/www.tiendaled.cl\/wp-content\/uploads\/woocommerce-placeholder-247x296.png\" alt=\"OFERTAS\" width=\"300\" height=\"300\" \/>                                                      <\/div>\n                <\/div>\n                <div class=\"box-text text-center\" >\n                  <div class=\"box-text-inner\">\n                      <h5 class=\"uppercase header-title\">\n                              OFERTAS                      <\/h5>\n                                            \n                  <\/div>\n                <\/div>\n                <\/div>\n            <\/a>            <\/div>\n            <\/div><div class=\"product-category col\" >\n            <div class=\"col-inner\">\n              <a aria-label=\"Visitar la categor\u00eda de producto Productos Led\" href=\"https:\/\/www.tiendaled.cl\/?product_cat=productos-led\">                <div class=\"box box-category has-hover box-badge hover-dark \">\n                <div class=\"box-image\" style=\"border-radius:4%;\">\n                  <div class=\"image-cover\" style=\"padding-top:100%;\">\n                  <img loading=\"lazy\" decoding=\"async\" src=\"https:\/\/www.tiendaled.cl\/wp-content\/uploads\/2020\/04\/10-ampolletas-vintage-filamento-led-4w-e27-luz-calida-D_NQ_NP_986901-MLC31213909608_062019-F-247x296.jpg\" alt=\"Productos Led\" width=\"300\" height=\"300\" \/>                                                      <\/div>\n                <\/div>\n                <div class=\"box-text text-center\" >\n                  <div class=\"box-text-inner\">\n                      <h5 class=\"uppercase header-title\">\n                              Productos Led                      <\/h5>\n                                            \n                  <\/div>\n                <\/div>\n                <\/div>\n            <\/a>            <\/div>\n            <\/div><div class=\"product-category col\" >\n            <div class=\"col-inner\">\n              <a aria-label=\"Visitar la categor\u00eda de producto L\u00e1mparas y Apliques\" href=\"https:\/\/www.tiendaled.cl\/?product_cat=lamparas-y-apliques\">                <div class=\"box box-category has-hover box-badge hover-dark \">\n                <div class=\"box-image\" style=\"border-radius:4%;\">\n                  <div class=\"image-cover\" style=\"padding-top:100%;\">\n                  <img loading=\"lazy\" decoding=\"async\" src=\"https:\/\/www.tiendaled.cl\/wp-content\/uploads\/2018\/09\/Picture1-247x296.jpg\" alt=\"L\u00e1mparas y Apliques\" width=\"300\" height=\"300\" \/>                                                      <\/div>\n                <\/div>\n                <div class=\"box-text text-center\" >\n                  <div class=\"box-text-inner\">\n                      <h5 class=\"uppercase header-title\">\n                              L\u00e1mparas y Apliques                      <\/h5>\n                                            \n                  <\/div>\n                <\/div>\n                <\/div>\n            <\/a>            <\/div>\n            <\/div><div class=\"product-category col\" >\n            <div class=\"col-inner\">\n              <a aria-label=\"Visitar la categor\u00eda de producto Iluminacion Solar\" href=\"https:\/\/www.tiendaled.cl\/?product_cat=iluminacion-solar\">                <div class=\"box box-category has-hover box-badge hover-dark \">\n                <div class=\"box-image\" style=\"border-radius:4%;\">\n                  <div class=\"image-cover\" style=\"padding-top:100%;\">\n                  <img loading=\"lazy\" decoding=\"async\" src=\"https:\/\/www.tiendaled.cl\/wp-content\/uploads\/2022\/11\/81Krfb1zzZL._AC_SL1500_-247x296.jpg\" alt=\"Iluminacion Solar\" width=\"300\" height=\"300\" \/>                                                      <\/div>\n                <\/div>\n                <div class=\"box-text text-center\" >\n                  <div class=\"box-text-inner\">\n                      <h5 class=\"uppercase header-title\">\n                              Iluminacion Solar                      <\/h5>\n                                            \n                  <\/div>\n                <\/div>\n                <\/div>\n            <\/a>            <\/div>\n            <\/div><div class=\"product-category col\" >\n            <div class=\"col-inner\">\n              <a aria-label=\"Visitar la categor\u00eda de producto Accesorios\" href=\"https:\/\/www.tiendaled.cl\/?product_cat=accesorios\">                <div class=\"box box-category has-hover box-badge hover-dark \">\n                <div class=\"box-image\" style=\"border-radius:4%;\">\n                  <div class=\"image-cover\" style=\"padding-top:100%;\">\n                  <img loading=\"lazy\" decoding=\"async\" src=\"https:\/\/www.tiendaled.cl\/wp-content\/uploads\/2023\/05\/0399bf45-e1ae-4aee-b643-97aacc68ef63-247x296.jpg\" alt=\"Accesorios\" width=\"300\" height=\"300\" \/>                                                      <\/div>\n                <\/div>\n                <div class=\"box-text text-center\" >\n                  <div class=\"box-text-inner\">\n                      <h5 class=\"uppercase header-title\">\n                              Accesorios                      <\/h5>\n                                            \n                  <\/div>\n                <\/div>\n                <\/div>\n            <\/a>            <\/div>\n            <\/div><div class=\"product-category col\" >\n            <div class=\"col-inner\">\n              <a aria-label=\"Visitar la categor\u00eda de producto Proyecto de Iluminacion\" href=\"https:\/\/www.tiendaled.cl\/?product_cat=proyecto-de-iluminacion\">                <div class=\"box box-category has-hover box-badge hover-dark \">\n                <div class=\"box-image\" style=\"border-radius:4%;\">\n                  <div class=\"image-cover\" style=\"padding-top:100%;\">\n                  <img loading=\"lazy\" decoding=\"async\" src=\"https:\/\/www.tiendaled.cl\/wp-content\/uploads\/2024\/03\/c608a4c8-9989-48f2-9faa-43cf635fd4c6-247x296.jpg\" alt=\"Proyecto de Iluminacion\" width=\"300\" height=\"300\" \/>                                                      <\/div>\n                <\/div>\n                <div class=\"box-text text-center\" >\n                  <div class=\"box-text-inner\">\n                      <h5 class=\"uppercase header-title\">\n                              Proyecto de Iluminacion                      <\/h5>\n                                            \n                  <\/div>\n                <\/div>\n                <\/div>\n            <\/a>            <\/div>\n            <\/div><div class=\"product-category col\" >\n            <div class=\"col-inner\">\n              <a aria-label=\"Visitar la categor\u00eda de producto Uncategorized\" href=\"https:\/\/www.tiendaled.cl\/?product_cat=uncategorized\">                <div class=\"box box-category has-hover box-badge hover-dark \">\n                <div class=\"box-image\" style=\"border-radius:4%;\">\n                  <div class=\"image-cover\" style=\"padding-top:100%;\">\n                  <img loading=\"lazy\" decoding=\"async\" src=\"https:\/\/www.tiendaled.cl\/wp-content\/uploads\/2022\/05\/Sin-titulo-247x296.jpg\" alt=\"Uncategorized\" width=\"300\" height=\"300\" \/>                                                      <\/div>\n                <\/div>\n                <div class=\"box-text text-center\" >\n                  <div class=\"box-text-inner\">\n                      <h5 class=\"uppercase header-title\">\n                              Uncategorized                      <\/h5>\n                                            \n                  <\/div>\n                <\/div>\n                <\/div>\n            <\/a>            <\/div>\n            <\/div><\/div>\n\t<div id=\"text-1865975308\" class=\"text\">\n\t\t\n<div class=\"brz-root__container brz-reset-all\"><strong>PRODUCTOS<\/strong><\/div>\n<p><!-- version:1700081469 --><\/p>\n\t\t\n<style>\n#text-1865975308 {\n  font-size: 1.2rem;\n  line-height: 3;\n  text-align: center;\n}\n<\/style>\n\t<\/div>\n\t\n<div class=\"is-divider divider clearfix\" style=\"max-width:100%;height:2px;\"><\/div>\n\t\t\t<div id=\"ux-relay-2496459878\" class=\"ux-relay ux-relay--load-more\" data-flatsome-relay=\"{&quot;postType&quot;:&quot;product&quot;,&quot;tag&quot;:&quot;ux_products&quot;,&quot;atts&quot;:{&quot;style&quot;:&quot;normal&quot;,&quot;type&quot;:&quot;row&quot;,&quot;col_spacing&quot;:&quot;normal&quot;,&quot;columns&quot;:&quot;5&quot;,&quot;depth&quot;:&quot;1&quot;,&quot;relay&quot;:&quot;load-more&quot;,&quot;equalize_box&quot;:&quot;true&quot;,&quot;products&quot;:&quot;40&quot;,&quot;out_of_stock&quot;:&quot;exclude&quot;},&quot;currentPage&quot;:&quot;1&quot;,&quot;totalPages&quot;:11,&quot;totalPosts&quot;:431,&quot;postCount&quot;:40}\">\n\t\t\n  \n    <div class=\"row  equalize-box large-columns-5 medium-columns-3 small-columns-2 row-normal has-shadow row-box-shadow-1\" >\n  \n\t     <div class=\"col\" >\n\t\t\t\t\t\t<div class=\"col-inner\">\n\t\t\t\t\t\t\n<div class=\"badge-container absolute left top z-1\">\n\n<\/div>\n\t\t\t\t\t\t<div class=\"product-small box has-hover box-normal box-text-bottom\">\n\t\t\t\t\t\t\t<div class=\"box-image\" >\n\t\t\t\t\t\t\t\t<div class=\"\" >\n\t\t\t\t\t\t\t\t\t<a href=\"https:\/\/www.tiendaled.cl\/?product=lampara-led-industrial-ufo-200w-alta-potencia-6500k-40cm\" aria-label=\"Lampara Led Industrial Ufo 200w Alta Potencia 6500k 40cm\">\n\t\t\t\t\t\t\t\t\t\t<img loading=\"lazy\" decoding=\"async\" width=\"247\" height=\"296\" src=\"https:\/\/www.tiendaled.cl\/wp-content\/uploads\/2026\/04\/4bcdc20e-113a-4ed3-88ce-795ae5430d3b-247x296.jpg\" class=\"show-on-hover absolute fill hide-for-small back-image\" alt=\"Alternative view of Lampara Led Industrial Ufo 200w Alta Potencia 6500k 40cm\" aria-hidden=\"true\" \/><img loading=\"lazy\" decoding=\"async\" width=\"247\" height=\"296\" src=\"https:\/\/www.tiendaled.cl\/wp-content\/uploads\/2026\/04\/deb36aa2-acff-4604-b79d-285f9a3dfc90-247x296.jpg\" class=\"attachment-woocommerce_thumbnail size-woocommerce_thumbnail\" alt=\"Lampara Led Industrial Ufo 200w Alta Potencia 6500k 40cm\" \/>\t\t\t\t\t\t\t\t\t<\/a>\n\t\t\t\t\t\t\t\t\t\t\t\t\t\t\t\t\t\t \t\t\t\t\t\t\t\t<\/div>\n\t\t\t\t\t\t\t\t<div class=\"image-tools top right show-on-hover\">\n\t\t\t\t\t\t\t\t\t\t\t\t\t\t\t\t\t<\/div>\n\t\t\t\t\t\t\t\t\t\t\t\t\t\t\t\t\t<div class=\"image-tools grid-tools text-center hide-for-small bottom hover-slide-in show-on-hover\">\n\t\t\t\t\t\t\t\t\t\t<a href=\"\/index.php?rest_route=%2Fwp%2Fv2%2Fpages%2F98&#038;add-to-cart=81140\" aria-describedby=\"woocommerce_loop_add_to_cart_link_describedby_81140\" data-quantity=\"1\" class=\"add-to-cart-grid no-padding is-transparent product_type_simple add_to_cart_button ajax_add_to_cart\" data-product_id=\"81140\" data-product_sku=\"\" aria-label=\"A\u00f1adir al carrito: &ldquo;Lampara Led Industrial Ufo 200w Alta Potencia 6500k 40cm&rdquo;\" rel=\"nofollow\" data-success_message=\"\u00abLampara Led Industrial Ufo 200w Alta Potencia 6500k 40cm\u00bb se ha a\u00f1adido a tu carrito\"><div class=\"cart-icon tooltip is-small\" title=\"A\u00f1adir al carrito\"><strong>+<\/strong><\/div><\/a>\t<span id=\"woocommerce_loop_add_to_cart_link_describedby_81140\" class=\"screen-reader-text\">\n\t\t\t<\/span>\n<a href=\"#quick-view\" class=\"quick-view\" role=\"button\" data-prod=\"81140\" aria-haspopup=\"dialog\" aria-expanded=\"false\" data-flatsome-role-button>Vista R\u00e1pida<\/a>\t\t\t\t\t\t\t\t\t<\/div>\n\t\t\t\t\t\t\t\t\t\t\t\t\t\t\t\t\t\t\t\t\t\t\t<\/div>\n\n\t\t\t\t\t\t\t<div class=\"box-text text-center\" >\n\t\t\t\t\t\t\t\t<div class=\"title-wrapper\">\t\t<p class=\"category uppercase is-smaller no-text-overflow product-cat op-8\">\n\t\t\tCampanas Led\t\t<\/p>\n\t<p class=\"name product-title woocommerce-loop-product__title\"><a href=\"https:\/\/www.tiendaled.cl\/?product=lampara-led-industrial-ufo-200w-alta-potencia-6500k-40cm\" class=\"woocommerce-LoopProduct-link woocommerce-loop-product__link\">Lampara Led Industrial Ufo 200w Alta Potencia 6500k 40cm<\/a><\/p><\/div><div class=\"price-wrapper\">\n\t<span class=\"price\"><span class=\"woocommerce-Price-amount amount\"><bdi><span class=\"woocommerce-Price-currencySymbol\">&#36;<\/span>39.900<\/bdi><\/span><\/span>\n<\/div>\t\t\t\t\t\t\t<\/div>\n\t\t\t\t\t\t<\/div>\n\t\t\t\t\t\t<\/div>\n\t\t\t\t\t<\/div><div class=\"col\" >\n\t\t\t\t\t\t<div class=\"col-inner\">\n\t\t\t\t\t\t\n<div class=\"badge-container absolute left top z-1\">\n\n<\/div>\n\t\t\t\t\t\t<div class=\"product-small box has-hover box-normal box-text-bottom\">\n\t\t\t\t\t\t\t<div class=\"box-image\" >\n\t\t\t\t\t\t\t\t<div class=\"\" >\n\t\t\t\t\t\t\t\t\t<a href=\"https:\/\/www.tiendaled.cl\/?product=lampara-colgante-industrial-negra-30cm-e27-estilo-vintage-moderno-cable-80cm\" aria-label=\"L\u00e1mpara Colgante Industrial Negra 30cm E27 \u2013 Estilo Vintage Moderno | Cable 80cm\">\n\t\t\t\t\t\t\t\t\t\t<img loading=\"lazy\" decoding=\"async\" width=\"247\" height=\"296\" src=\"https:\/\/www.tiendaled.cl\/wp-content\/uploads\/2026\/04\/8b046507-8120-4a5d-9178-e731733a0125-247x296.jpg\" class=\"show-on-hover absolute fill hide-for-small back-image\" alt=\"Alternative view of L\u00e1mpara Colgante Industrial Negra 30cm E27 \u2013 Estilo Vintage Moderno | Cable 80cm\" aria-hidden=\"true\" \/><img loading=\"lazy\" decoding=\"async\" width=\"247\" height=\"296\" src=\"https:\/\/www.tiendaled.cl\/wp-content\/uploads\/2026\/04\/bb6b62aa-e0af-4e01-9fad-4dcd98a17a84-247x296.jpg\" class=\"attachment-woocommerce_thumbnail size-woocommerce_thumbnail\" alt=\"L\u00e1mpara Colgante Industrial Negra 30cm E27 \u2013 Estilo Vintage Moderno | Cable 80cm\" \/>\t\t\t\t\t\t\t\t\t<\/a>\n\t\t\t\t\t\t\t\t\t\t\t\t\t\t\t\t\t\t \t\t\t\t\t\t\t\t<\/div>\n\t\t\t\t\t\t\t\t<div class=\"image-tools top right show-on-hover\">\n\t\t\t\t\t\t\t\t\t\t\t\t\t\t\t\t\t<\/div>\n\t\t\t\t\t\t\t\t\t\t\t\t\t\t\t\t\t<div class=\"image-tools grid-tools text-center hide-for-small bottom hover-slide-in show-on-hover\">\n\t\t\t\t\t\t\t\t\t\t<a href=\"\/index.php?rest_route=%2Fwp%2Fv2%2Fpages%2F98&#038;add-to-cart=81122\" aria-describedby=\"woocommerce_loop_add_to_cart_link_describedby_81122\" data-quantity=\"1\" class=\"add-to-cart-grid no-padding is-transparent product_type_simple add_to_cart_button ajax_add_to_cart\" data-product_id=\"81122\" data-product_sku=\"\" aria-label=\"A\u00f1adir al carrito: &ldquo;L\u00e1mpara Colgante Industrial Negra 30cm E27 \u2013 Estilo Vintage Moderno | Cable 80cm&rdquo;\" rel=\"nofollow\" data-success_message=\"\u00abL\u00e1mpara Colgante Industrial Negra 30cm E27 \u2013 Estilo Vintage Moderno | Cable 80cm\u00bb se ha a\u00f1adido a tu carrito\"><div class=\"cart-icon tooltip is-small\" title=\"A\u00f1adir al carrito\"><strong>+<\/strong><\/div><\/a>\t<span id=\"woocommerce_loop_add_to_cart_link_describedby_81122\" class=\"screen-reader-text\">\n\t\t\t<\/span>\n<a href=\"#quick-view\" class=\"quick-view\" role=\"button\" data-prod=\"81122\" aria-haspopup=\"dialog\" aria-expanded=\"false\" data-flatsome-role-button>Vista R\u00e1pida<\/a>\t\t\t\t\t\t\t\t\t<\/div>\n\t\t\t\t\t\t\t\t\t\t\t\t\t\t\t\t\t\t\t\t\t\t\t<\/div>\n\n\t\t\t\t\t\t\t<div class=\"box-text text-center\" >\n\t\t\t\t\t\t\t\t<div class=\"title-wrapper\">\t\t<p class=\"category uppercase is-smaller no-text-overflow product-cat op-8\">\n\t\t\tLamparas Colgantes\t\t<\/p>\n\t<p class=\"name product-title woocommerce-loop-product__title\"><a href=\"https:\/\/www.tiendaled.cl\/?product=lampara-colgante-industrial-negra-30cm-e27-estilo-vintage-moderno-cable-80cm\" class=\"woocommerce-LoopProduct-link woocommerce-loop-product__link\">L\u00e1mpara Colgante Industrial Negra 30cm E27 \u2013 Estilo Vintage Moderno | Cable 80cm<\/a><\/p><\/div><div class=\"price-wrapper\">\n\t<span class=\"price\"><span class=\"woocommerce-Price-amount amount\"><bdi><span class=\"woocommerce-Price-currencySymbol\">&#36;<\/span>15.900<\/bdi><\/span><\/span>\n<\/div>\t\t\t\t\t\t\t<\/div>\n\t\t\t\t\t\t<\/div>\n\t\t\t\t\t\t<\/div>\n\t\t\t\t\t<\/div><div class=\"col\" >\n\t\t\t\t\t\t<div class=\"col-inner\">\n\t\t\t\t\t\t\n<div class=\"badge-container absolute left top z-1\">\n<div class=\"callout badge badge-square\"><div class=\"badge-inner secondary on-sale\"><span class=\"onsale\">\u00a1Oferta!<\/span><\/div><\/div>\n<\/div>\n\t\t\t\t\t\t<div class=\"product-small box has-hover box-normal box-text-bottom\">\n\t\t\t\t\t\t\t<div class=\"box-image\" >\n\t\t\t\t\t\t\t\t<div class=\"\" >\n\t\t\t\t\t\t\t\t\t<a href=\"https:\/\/www.tiendaled.cl\/?product=panel-led-embutido-redondo-9w-dimeable-luz-dia-4000k-o100mm\" aria-label=\"Panel Led Embutido Redondo 9w Dimeable Luz D\u00eda 4000k \u00d8100mm\">\n\t\t\t\t\t\t\t\t\t\t<img loading=\"lazy\" decoding=\"async\" width=\"247\" height=\"296\" src=\"https:\/\/www.tiendaled.cl\/wp-content\/uploads\/2026\/04\/16a4e65d-a046-4eaa-a074-0e53d04aa257-247x296.jpg\" class=\"show-on-hover absolute fill hide-for-small back-image\" alt=\"Alternative view of Panel Led Embutido Redondo 9w Dimeable Luz D\u00eda 4000k \u00d8100mm\" aria-hidden=\"true\" \/><img loading=\"lazy\" decoding=\"async\" width=\"247\" height=\"296\" src=\"https:\/\/www.tiendaled.cl\/wp-content\/uploads\/2026\/04\/16a4e65d-a046-4eaa-a074-0e53d04aa257-247x296.jpg\" class=\"attachment-woocommerce_thumbnail size-woocommerce_thumbnail\" alt=\"Panel Led Embutido Redondo 9w Dimeable Luz D\u00eda 4000k \u00d8100mm\" \/>\t\t\t\t\t\t\t\t\t<\/a>\n\t\t\t\t\t\t\t\t\t\t\t\t\t\t\t\t\t\t \t\t\t\t\t\t\t\t<\/div>\n\t\t\t\t\t\t\t\t<div class=\"image-tools top right show-on-hover\">\n\t\t\t\t\t\t\t\t\t\t\t\t\t\t\t\t\t<\/div>\n\t\t\t\t\t\t\t\t\t\t\t\t\t\t\t\t\t<div class=\"image-tools grid-tools text-center hide-for-small bottom hover-slide-in show-on-hover\">\n\t\t\t\t\t\t\t\t\t\t<a href=\"\/index.php?rest_route=%2Fwp%2Fv2%2Fpages%2F98&#038;add-to-cart=81108\" aria-describedby=\"woocommerce_loop_add_to_cart_link_describedby_81108\" data-quantity=\"1\" class=\"add-to-cart-grid no-padding is-transparent product_type_simple add_to_cart_button ajax_add_to_cart\" data-product_id=\"81108\" data-product_sku=\"\" aria-label=\"A\u00f1adir al carrito: &ldquo;Panel Led Embutido Redondo 9w Dimeable Luz D\u00eda 4000k \u00d8100mm&rdquo;\" rel=\"nofollow\" data-success_message=\"\u00abPanel Led Embutido Redondo 9w Dimeable Luz D\u00eda 4000k \u00d8100mm\u00bb se ha a\u00f1adido a tu carrito\"><div class=\"cart-icon tooltip is-small\" title=\"A\u00f1adir al carrito\"><strong>+<\/strong><\/div><\/a>\t<span id=\"woocommerce_loop_add_to_cart_link_describedby_81108\" class=\"screen-reader-text\">\n\t\t\t<\/span>\n<a href=\"#quick-view\" class=\"quick-view\" role=\"button\" data-prod=\"81108\" aria-haspopup=\"dialog\" aria-expanded=\"false\" data-flatsome-role-button>Vista R\u00e1pida<\/a>\t\t\t\t\t\t\t\t\t<\/div>\n\t\t\t\t\t\t\t\t\t\t\t\t\t\t\t\t\t\t\t\t\t\t\t<\/div>\n\n\t\t\t\t\t\t\t<div class=\"box-text text-center\" >\n\t\t\t\t\t\t\t\t<div class=\"title-wrapper\">\t\t<p class=\"category uppercase is-smaller no-text-overflow product-cat op-8\">\n\t\t\tLuminaria Led\t\t<\/p>\n\t<p class=\"name product-title woocommerce-loop-product__title\"><a href=\"https:\/\/www.tiendaled.cl\/?product=panel-led-embutido-redondo-9w-dimeable-luz-dia-4000k-o100mm\" class=\"woocommerce-LoopProduct-link woocommerce-loop-product__link\">Panel Led Embutido Redondo 9w Dimeable Luz D\u00eda 4000k \u00d8100mm<\/a><\/p><\/div><div class=\"price-wrapper\">\n\t<span class=\"price\"><del aria-hidden=\"true\"><span class=\"woocommerce-Price-amount amount\"><bdi><span class=\"woocommerce-Price-currencySymbol\">&#36;<\/span>17.900<\/bdi><\/span><\/del> <span class=\"screen-reader-text\">El precio original era: &#036;17.900.<\/span><ins aria-hidden=\"true\"><span class=\"woocommerce-Price-amount amount\"><bdi><span class=\"woocommerce-Price-currencySymbol\">&#36;<\/span>14.900<\/bdi><\/span><\/ins><span class=\"screen-reader-text\">El precio actual es: &#036;14.900.<\/span><\/span>\n<\/div>\t\t\t\t\t\t\t<\/div>\n\t\t\t\t\t\t<\/div>\n\t\t\t\t\t\t<\/div>\n\t\t\t\t\t<\/div><div class=\"col\" >\n\t\t\t\t\t\t<div class=\"col-inner\">\n\t\t\t\t\t\t\n<div class=\"badge-container absolute left top z-1\">\n\n<\/div>\n\t\t\t\t\t\t<div class=\"product-small box has-hover box-normal box-text-bottom\">\n\t\t\t\t\t\t\t<div class=\"box-image\" >\n\t\t\t\t\t\t\t\t<div class=\"\" >\n\t\t\t\t\t\t\t\t\t<a href=\"https:\/\/www.tiendaled.cl\/?product=portalampara-colgante-vintage-cobre-e27-con-cable-textil-1-metro-estilo-industrial-decorativo\" aria-label=\"Portal\u00e1mpara Colgante Vintage Cobre E27 con Cable Textil 1 Metro \u2013 Estilo Industrial Decorativo\">\n\t\t\t\t\t\t\t\t\t\t<img loading=\"lazy\" decoding=\"async\" width=\"247\" height=\"296\" src=\"https:\/\/www.tiendaled.cl\/wp-content\/uploads\/2026\/04\/IMG-20260418-WA0002-247x296.jpg\" class=\"show-on-hover absolute fill hide-for-small back-image\" alt=\"Alternative view of Portal\u00e1mpara Colgante Vintage Cobre E27 con Cable Textil 1 Metro \u2013 Estilo Industrial Decorativo\" aria-hidden=\"true\" \/><img loading=\"lazy\" decoding=\"async\" width=\"247\" height=\"296\" src=\"https:\/\/www.tiendaled.cl\/wp-content\/uploads\/2026\/04\/IMG-20260418-WA0001-247x296.jpg\" class=\"attachment-woocommerce_thumbnail size-woocommerce_thumbnail\" alt=\"Portal\u00e1mpara Colgante Vintage Cobre E27 con Cable Textil 1 Metro \u2013 Estilo Industrial Decorativo\" \/>\t\t\t\t\t\t\t\t\t<\/a>\n\t\t\t\t\t\t\t\t\t\t\t\t\t\t\t\t\t\t \t\t\t\t\t\t\t\t<\/div>\n\t\t\t\t\t\t\t\t<div class=\"image-tools top right show-on-hover\">\n\t\t\t\t\t\t\t\t\t\t\t\t\t\t\t\t\t<\/div>\n\t\t\t\t\t\t\t\t\t\t\t\t\t\t\t\t\t<div class=\"image-tools grid-tools text-center hide-for-small bottom hover-slide-in show-on-hover\">\n\t\t\t\t\t\t\t\t\t\t<a href=\"\/index.php?rest_route=%2Fwp%2Fv2%2Fpages%2F98&#038;add-to-cart=81093\" aria-describedby=\"woocommerce_loop_add_to_cart_link_describedby_81093\" data-quantity=\"1\" class=\"add-to-cart-grid no-padding is-transparent product_type_simple add_to_cart_button ajax_add_to_cart\" data-product_id=\"81093\" data-product_sku=\"\" aria-label=\"A\u00f1adir al carrito: &ldquo;Portal\u00e1mpara Colgante Vintage Cobre E27 con Cable Textil 1 Metro \u2013 Estilo Industrial Decorativo&rdquo;\" rel=\"nofollow\" data-success_message=\"\u00abPortal\u00e1mpara Colgante Vintage Cobre E27 con Cable Textil 1 Metro \u2013 Estilo Industrial Decorativo\u00bb se ha a\u00f1adido a tu carrito\"><div class=\"cart-icon tooltip is-small\" title=\"A\u00f1adir al carrito\"><strong>+<\/strong><\/div><\/a>\t<span id=\"woocommerce_loop_add_to_cart_link_describedby_81093\" class=\"screen-reader-text\">\n\t\t\t<\/span>\n<a href=\"#quick-view\" class=\"quick-view\" role=\"button\" data-prod=\"81093\" aria-haspopup=\"dialog\" aria-expanded=\"false\" data-flatsome-role-button>Vista R\u00e1pida<\/a>\t\t\t\t\t\t\t\t\t<\/div>\n\t\t\t\t\t\t\t\t\t\t\t\t\t\t\t\t\t\t\t\t\t\t\t<\/div>\n\n\t\t\t\t\t\t\t<div class=\"box-text text-center\" >\n\t\t\t\t\t\t\t\t<div class=\"title-wrapper\">\t\t<p class=\"category uppercase is-smaller no-text-overflow product-cat op-8\">\n\t\t\tLamparas Colgantes\t\t<\/p>\n\t<p class=\"name product-title woocommerce-loop-product__title\"><a href=\"https:\/\/www.tiendaled.cl\/?product=portalampara-colgante-vintage-cobre-e27-con-cable-textil-1-metro-estilo-industrial-decorativo\" class=\"woocommerce-LoopProduct-link woocommerce-loop-product__link\">Portal\u00e1mpara Colgante Vintage Cobre E27 con Cable Textil 1 Metro \u2013 Estilo Industrial Decorativo<\/a><\/p><\/div><div class=\"price-wrapper\">\n\t<span class=\"price\"><span class=\"woocommerce-Price-amount amount\"><bdi><span class=\"woocommerce-Price-currencySymbol\">&#36;<\/span>3.900<\/bdi><\/span><\/span>\n<\/div>\t\t\t\t\t\t\t<\/div>\n\t\t\t\t\t\t<\/div>\n\t\t\t\t\t\t<\/div>\n\t\t\t\t\t<\/div><div class=\"col\" >\n\t\t\t\t\t\t<div class=\"col-inner\">\n\t\t\t\t\t\t\n<div class=\"badge-container absolute left top z-1\">\n\n<\/div>\n\t\t\t\t\t\t<div class=\"product-small box has-hover box-normal box-text-bottom\">\n\t\t\t\t\t\t\t<div class=\"box-image\" >\n\t\t\t\t\t\t\t\t<div class=\"\" >\n\t\t\t\t\t\t\t\t\t<a href=\"https:\/\/www.tiendaled.cl\/?product=ampolleta-led-7wdimeable-luz-calida-y-luz-fria\" aria-label=\"Ampolleta Led 7w*dimeable* Luz Calida y Luz Fria\">\n\t\t\t\t\t\t\t\t\t\t<img loading=\"lazy\" decoding=\"async\" width=\"247\" height=\"296\" src=\"https:\/\/www.tiendaled.cl\/wp-content\/uploads\/2026\/04\/bebb37c9-862f-4970-b457-577cdd53069c-247x296.jpg\" class=\"show-on-hover absolute fill hide-for-small back-image\" alt=\"Alternative view of Ampolleta Led 7w*dimeable* Luz Calida y Luz Fria\" aria-hidden=\"true\" \/><img loading=\"lazy\" decoding=\"async\" width=\"247\" height=\"296\" src=\"https:\/\/www.tiendaled.cl\/wp-content\/uploads\/2026\/04\/d2bff76a-512e-4866-8e4a-09d432bf9e91-247x296.jpg\" class=\"attachment-woocommerce_thumbnail size-woocommerce_thumbnail\" alt=\"Ampolleta Led 7w*dimeable* Luz Calida y Luz Fria\" \/>\t\t\t\t\t\t\t\t\t<\/a>\n\t\t\t\t\t\t\t\t\t\t\t\t\t\t\t\t\t\t \t\t\t\t\t\t\t\t<\/div>\n\t\t\t\t\t\t\t\t<div class=\"image-tools top right show-on-hover\">\n\t\t\t\t\t\t\t\t\t\t\t\t\t\t\t\t\t<\/div>\n\t\t\t\t\t\t\t\t\t\t\t\t\t\t\t\t\t<div class=\"image-tools grid-tools text-center hide-for-small bottom hover-slide-in show-on-hover\">\n\t\t\t\t\t\t\t\t\t\t<a href=\"\/index.php?rest_route=%2Fwp%2Fv2%2Fpages%2F98&#038;add-to-cart=81087\" aria-describedby=\"woocommerce_loop_add_to_cart_link_describedby_81087\" data-quantity=\"1\" class=\"add-to-cart-grid no-padding is-transparent product_type_simple add_to_cart_button ajax_add_to_cart\" data-product_id=\"81087\" data-product_sku=\"\" aria-label=\"A\u00f1adir al carrito: &ldquo;Ampolleta Led 7w*dimeable* Luz Calida y Luz Fria&rdquo;\" rel=\"nofollow\" data-success_message=\"\u00abAmpolleta Led 7w*dimeable* Luz Calida y Luz Fria\u00bb se ha a\u00f1adido a tu carrito\"><div class=\"cart-icon tooltip is-small\" title=\"A\u00f1adir al carrito\"><strong>+<\/strong><\/div><\/a>\t<span id=\"woocommerce_loop_add_to_cart_link_describedby_81087\" class=\"screen-reader-text\">\n\t\t\t<\/span>\n<a href=\"#quick-view\" class=\"quick-view\" role=\"button\" data-prod=\"81087\" aria-haspopup=\"dialog\" aria-expanded=\"false\" data-flatsome-role-button>Vista R\u00e1pida<\/a>\t\t\t\t\t\t\t\t\t<\/div>\n\t\t\t\t\t\t\t\t\t\t\t\t\t\t\t\t\t\t\t\t\t\t\t<\/div>\n\n\t\t\t\t\t\t\t<div class=\"box-text text-center\" >\n\t\t\t\t\t\t\t\t<div class=\"title-wrapper\">\t\t<p class=\"category uppercase is-smaller no-text-overflow product-cat op-8\">\n\t\t\tAmpolletas Led\t\t<\/p>\n\t<p class=\"name product-title woocommerce-loop-product__title\"><a href=\"https:\/\/www.tiendaled.cl\/?product=ampolleta-led-7wdimeable-luz-calida-y-luz-fria\" class=\"woocommerce-LoopProduct-link woocommerce-loop-product__link\">Ampolleta Led 7w*dimeable* Luz Calida y Luz Fria<\/a><\/p><\/div><div class=\"price-wrapper\">\n\t<span class=\"price\"><span class=\"woocommerce-Price-amount amount\"><bdi><span class=\"woocommerce-Price-currencySymbol\">&#36;<\/span>4.900<\/bdi><\/span><\/span>\n<\/div>\t\t\t\t\t\t\t<\/div>\n\t\t\t\t\t\t<\/div>\n\t\t\t\t\t\t<\/div>\n\t\t\t\t\t<\/div><div class=\"col\" >\n\t\t\t\t\t\t<div class=\"col-inner\">\n\t\t\t\t\t\t\n<div class=\"badge-container absolute left top z-1\">\n\n<\/div>\n\t\t\t\t\t\t<div class=\"product-small box has-hover box-normal box-text-bottom\">\n\t\t\t\t\t\t\t<div class=\"box-image\" >\n\t\t\t\t\t\t\t\t<div class=\"\" >\n\t\t\t\t\t\t\t\t\t<a href=\"https:\/\/www.tiendaled.cl\/?product=ampolleta-led-par30-35w-e27-alta-potencia-luz-fria-6000k-iluminacion-profesional-40-000h\" aria-label=\"Ampolleta LED PAR30 35W E27 Alta Potencia Luz Fr\u00eda 6000K \u2013 Iluminaci\u00f3n Profesional 40.000h\">\n\t\t\t\t\t\t\t\t\t\t<img loading=\"lazy\" decoding=\"async\" width=\"247\" height=\"296\" src=\"https:\/\/www.tiendaled.cl\/wp-content\/uploads\/2026\/04\/2e8e2bfe-eac9-4844-8e13-46e8d5131ae3-247x296.jpg\" class=\"show-on-hover absolute fill hide-for-small back-image\" alt=\"Alternative view of Ampolleta LED PAR30 35W E27 Alta Potencia Luz Fr\u00eda 6000K \u2013 Iluminaci\u00f3n Profesional 40.000h\" aria-hidden=\"true\" \/><img loading=\"lazy\" decoding=\"async\" width=\"247\" height=\"296\" src=\"https:\/\/www.tiendaled.cl\/wp-content\/uploads\/2026\/04\/f49c5037-debc-4118-b323-9d8d80a80646-1-247x296.jpg\" class=\"attachment-woocommerce_thumbnail size-woocommerce_thumbnail\" alt=\"Ampolleta LED PAR30 35W E27 Alta Potencia Luz Fr\u00eda 6000K \u2013 Iluminaci\u00f3n Profesional 40.000h\" \/>\t\t\t\t\t\t\t\t\t<\/a>\n\t\t\t\t\t\t\t\t\t\t\t\t\t\t\t\t\t\t \t\t\t\t\t\t\t\t<\/div>\n\t\t\t\t\t\t\t\t<div class=\"image-tools top right show-on-hover\">\n\t\t\t\t\t\t\t\t\t\t\t\t\t\t\t\t\t<\/div>\n\t\t\t\t\t\t\t\t\t\t\t\t\t\t\t\t\t<div class=\"image-tools grid-tools text-center hide-for-small bottom hover-slide-in show-on-hover\">\n\t\t\t\t\t\t\t\t\t\t<a href=\"\/index.php?rest_route=%2Fwp%2Fv2%2Fpages%2F98&#038;add-to-cart=81079\" aria-describedby=\"woocommerce_loop_add_to_cart_link_describedby_81079\" data-quantity=\"1\" class=\"add-to-cart-grid no-padding is-transparent product_type_simple add_to_cart_button ajax_add_to_cart\" data-product_id=\"81079\" data-product_sku=\"\" aria-label=\"A\u00f1adir al carrito: &ldquo;Ampolleta LED PAR30 35W E27 Alta Potencia Luz Fr\u00eda 6000K \u2013 Iluminaci\u00f3n Profesional 40.000h&rdquo;\" rel=\"nofollow\" data-success_message=\"\u00abAmpolleta LED PAR30 35W E27 Alta Potencia Luz Fr\u00eda 6000K \u2013 Iluminaci\u00f3n Profesional 40.000h\u00bb se ha a\u00f1adido a tu carrito\"><div class=\"cart-icon tooltip is-small\" title=\"A\u00f1adir al carrito\"><strong>+<\/strong><\/div><\/a>\t<span id=\"woocommerce_loop_add_to_cart_link_describedby_81079\" class=\"screen-reader-text\">\n\t\t\t<\/span>\n<a href=\"#quick-view\" class=\"quick-view\" role=\"button\" data-prod=\"81079\" aria-haspopup=\"dialog\" aria-expanded=\"false\" data-flatsome-role-button>Vista R\u00e1pida<\/a>\t\t\t\t\t\t\t\t\t<\/div>\n\t\t\t\t\t\t\t\t\t\t\t\t\t\t\t\t\t\t\t\t\t\t\t<\/div>\n\n\t\t\t\t\t\t\t<div class=\"box-text text-center\" >\n\t\t\t\t\t\t\t\t<div class=\"title-wrapper\">\t\t<p class=\"category uppercase is-smaller no-text-overflow product-cat op-8\">\n\t\t\tAmpolletas Led\t\t<\/p>\n\t<p class=\"name product-title woocommerce-loop-product__title\"><a href=\"https:\/\/www.tiendaled.cl\/?product=ampolleta-led-par30-35w-e27-alta-potencia-luz-fria-6000k-iluminacion-profesional-40-000h\" class=\"woocommerce-LoopProduct-link woocommerce-loop-product__link\">Ampolleta LED PAR30 35W E27 Alta Potencia Luz Fr\u00eda 6000K \u2013 Iluminaci\u00f3n Profesional 40.000h<\/a><\/p><\/div><div class=\"price-wrapper\">\n\t<span class=\"price\"><span class=\"woocommerce-Price-amount amount\"><bdi><span class=\"woocommerce-Price-currencySymbol\">&#36;<\/span>5.900<\/bdi><\/span><\/span>\n<\/div>\t\t\t\t\t\t\t<\/div>\n\t\t\t\t\t\t<\/div>\n\t\t\t\t\t\t<\/div>\n\t\t\t\t\t<\/div><div class=\"col\" >\n\t\t\t\t\t\t<div class=\"col-inner\">\n\t\t\t\t\t\t\n<div class=\"badge-container absolute left top z-1\">\n\n<\/div>\n\t\t\t\t\t\t<div class=\"product-small box has-hover box-normal box-text-bottom\">\n\t\t\t\t\t\t\t<div class=\"box-image\" >\n\t\t\t\t\t\t\t\t<div class=\"\" >\n\t\t\t\t\t\t\t\t\t<a href=\"https:\/\/www.tiendaled.cl\/?product=plafon-led-con-sensor-de-movimiento-18w-luz-fria-lampara-techo-automatica-360-interior\" aria-label=\"Plaf\u00f3n LED con Sensor de Movimiento 18W Luz Fr\u00eda \u2013 L\u00e1mpara Techo Autom\u00e1tica 360\u00b0 Interior\">\n\t\t\t\t\t\t\t\t\t\t<img loading=\"lazy\" decoding=\"async\" width=\"247\" height=\"296\" src=\"https:\/\/www.tiendaled.cl\/wp-content\/uploads\/2026\/04\/03b42b7b-562e-46aa-9e89-f627802be137-247x296.jpg\" class=\"show-on-hover absolute fill hide-for-small back-image\" alt=\"Alternative view of Plaf\u00f3n LED con Sensor de Movimiento 18W Luz Fr\u00eda \u2013 L\u00e1mpara Techo Autom\u00e1tica 360\u00b0 Interior\" aria-hidden=\"true\" \/><img loading=\"lazy\" decoding=\"async\" width=\"247\" height=\"296\" src=\"https:\/\/www.tiendaled.cl\/wp-content\/uploads\/2026\/04\/03b42b7b-562e-46aa-9e89-f627802be137-247x296.jpg\" class=\"attachment-woocommerce_thumbnail size-woocommerce_thumbnail\" alt=\"Plaf\u00f3n LED con Sensor de Movimiento 18W Luz Fr\u00eda \u2013 L\u00e1mpara Techo Autom\u00e1tica 360\u00b0 Interior\" \/>\t\t\t\t\t\t\t\t\t<\/a>\n\t\t\t\t\t\t\t\t\t\t\t\t\t\t\t\t\t\t \t\t\t\t\t\t\t\t<\/div>\n\t\t\t\t\t\t\t\t<div class=\"image-tools top right show-on-hover\">\n\t\t\t\t\t\t\t\t\t\t\t\t\t\t\t\t\t<\/div>\n\t\t\t\t\t\t\t\t\t\t\t\t\t\t\t\t\t<div class=\"image-tools grid-tools text-center hide-for-small bottom hover-slide-in show-on-hover\">\n\t\t\t\t\t\t\t\t\t\t<a href=\"\/index.php?rest_route=%2Fwp%2Fv2%2Fpages%2F98&#038;add-to-cart=81060\" aria-describedby=\"woocommerce_loop_add_to_cart_link_describedby_81060\" data-quantity=\"1\" class=\"add-to-cart-grid no-padding is-transparent product_type_simple add_to_cart_button ajax_add_to_cart\" data-product_id=\"81060\" data-product_sku=\"\" aria-label=\"A\u00f1adir al carrito: &ldquo;Plaf\u00f3n LED con Sensor de Movimiento 18W Luz Fr\u00eda \u2013 L\u00e1mpara Techo Autom\u00e1tica 360\u00b0 Interior&rdquo;\" rel=\"nofollow\" data-success_message=\"\u00abPlaf\u00f3n LED con Sensor de Movimiento 18W Luz Fr\u00eda \u2013 L\u00e1mpara Techo Autom\u00e1tica 360\u00b0 Interior\u00bb se ha a\u00f1adido a tu carrito\"><div class=\"cart-icon tooltip is-small\" title=\"A\u00f1adir al carrito\"><strong>+<\/strong><\/div><\/a>\t<span id=\"woocommerce_loop_add_to_cart_link_describedby_81060\" class=\"screen-reader-text\">\n\t\t\t<\/span>\n<a href=\"#quick-view\" class=\"quick-view\" role=\"button\" data-prod=\"81060\" aria-haspopup=\"dialog\" aria-expanded=\"false\" data-flatsome-role-button>Vista R\u00e1pida<\/a>\t\t\t\t\t\t\t\t\t<\/div>\n\t\t\t\t\t\t\t\t\t\t\t\t\t\t\t\t\t\t\t\t\t\t\t<\/div>\n\n\t\t\t\t\t\t\t<div class=\"box-text text-center\" >\n\t\t\t\t\t\t\t\t<div class=\"title-wrapper\">\t\t<p class=\"category uppercase is-smaller no-text-overflow product-cat op-8\">\n\t\t\tLuminaria Led\t\t<\/p>\n\t<p class=\"name product-title woocommerce-loop-product__title\"><a href=\"https:\/\/www.tiendaled.cl\/?product=plafon-led-con-sensor-de-movimiento-18w-luz-fria-lampara-techo-automatica-360-interior\" class=\"woocommerce-LoopProduct-link woocommerce-loop-product__link\">Plaf\u00f3n LED con Sensor de Movimiento 18W Luz Fr\u00eda \u2013 L\u00e1mpara Techo Autom\u00e1tica 360\u00b0 Interior<\/a><\/p><\/div><div class=\"price-wrapper\">\n\t<span class=\"price\"><span class=\"woocommerce-Price-amount amount\"><bdi><span class=\"woocommerce-Price-currencySymbol\">&#36;<\/span>7.900<\/bdi><\/span><\/span>\n<\/div>\t\t\t\t\t\t\t<\/div>\n\t\t\t\t\t\t<\/div>\n\t\t\t\t\t\t<\/div>\n\t\t\t\t\t<\/div><div class=\"col\" >\n\t\t\t\t\t\t<div class=\"col-inner\">\n\t\t\t\t\t\t\n<div class=\"badge-container absolute left top z-1\">\n\n<\/div>\n\t\t\t\t\t\t<div class=\"product-small box has-hover box-normal box-text-bottom\">\n\t\t\t\t\t\t\t<div class=\"box-image\" >\n\t\t\t\t\t\t\t\t<div class=\"\" >\n\t\t\t\t\t\t\t\t\t<a href=\"https:\/\/www.tiendaled.cl\/?product=lampara-colgante-candelabro-blanca-3-luces-estilo-clasico\" aria-label=\"L\u00e1mpara Colgante Candelabro Blanca 3 Luces Estilo Cl\u00e1sico\">\n\t\t\t\t\t\t\t\t\t\t<img loading=\"lazy\" decoding=\"async\" width=\"247\" height=\"296\" src=\"https:\/\/www.tiendaled.cl\/wp-content\/uploads\/2026\/04\/6bd5d2d5-2550-4efd-9bc8-68fdb866f5eb-247x296.jpg\" class=\"show-on-hover absolute fill hide-for-small back-image\" alt=\"Alternative view of L\u00e1mpara Colgante Candelabro Blanca 3 Luces Estilo Cl\u00e1sico\" aria-hidden=\"true\" \/><img loading=\"lazy\" decoding=\"async\" width=\"247\" height=\"296\" src=\"https:\/\/www.tiendaled.cl\/wp-content\/uploads\/2026\/04\/c3047445-35e1-4762-adf8-40dfba17aa6a-247x296.jpg\" class=\"attachment-woocommerce_thumbnail size-woocommerce_thumbnail\" alt=\"L\u00e1mpara Colgante Candelabro Blanca 3 Luces Estilo Cl\u00e1sico\" \/>\t\t\t\t\t\t\t\t\t<\/a>\n\t\t\t\t\t\t\t\t\t\t\t\t\t\t\t\t\t\t \t\t\t\t\t\t\t\t<\/div>\n\t\t\t\t\t\t\t\t<div class=\"image-tools top right show-on-hover\">\n\t\t\t\t\t\t\t\t\t\t\t\t\t\t\t\t\t<\/div>\n\t\t\t\t\t\t\t\t\t\t\t\t\t\t\t\t\t<div class=\"image-tools grid-tools text-center hide-for-small bottom hover-slide-in show-on-hover\">\n\t\t\t\t\t\t\t\t\t\t<a href=\"\/index.php?rest_route=%2Fwp%2Fv2%2Fpages%2F98&#038;add-to-cart=81052\" aria-describedby=\"woocommerce_loop_add_to_cart_link_describedby_81052\" data-quantity=\"1\" class=\"add-to-cart-grid no-padding is-transparent product_type_simple add_to_cart_button ajax_add_to_cart\" data-product_id=\"81052\" data-product_sku=\"\" aria-label=\"A\u00f1adir al carrito: &ldquo;L\u00e1mpara Colgante Candelabro Blanca 3 Luces Estilo Cl\u00e1sico&rdquo;\" rel=\"nofollow\" data-success_message=\"\u00abL\u00e1mpara Colgante Candelabro Blanca 3 Luces Estilo Cl\u00e1sico\u00bb se ha a\u00f1adido a tu carrito\"><div class=\"cart-icon tooltip is-small\" title=\"A\u00f1adir al carrito\"><strong>+<\/strong><\/div><\/a>\t<span id=\"woocommerce_loop_add_to_cart_link_describedby_81052\" class=\"screen-reader-text\">\n\t\t\t<\/span>\n<a href=\"#quick-view\" class=\"quick-view\" role=\"button\" data-prod=\"81052\" aria-haspopup=\"dialog\" aria-expanded=\"false\" data-flatsome-role-button>Vista R\u00e1pida<\/a>\t\t\t\t\t\t\t\t\t<\/div>\n\t\t\t\t\t\t\t\t\t\t\t\t\t\t\t\t\t\t\t\t\t\t\t<\/div>\n\n\t\t\t\t\t\t\t<div class=\"box-text text-center\" >\n\t\t\t\t\t\t\t\t<div class=\"title-wrapper\">\t\t<p class=\"category uppercase is-smaller no-text-overflow product-cat op-8\">\n\t\t\tLamparas Candelabro\t\t<\/p>\n\t<p class=\"name product-title woocommerce-loop-product__title\"><a href=\"https:\/\/www.tiendaled.cl\/?product=lampara-colgante-candelabro-blanca-3-luces-estilo-clasico\" class=\"woocommerce-LoopProduct-link woocommerce-loop-product__link\">L\u00e1mpara Colgante Candelabro Blanca 3 Luces Estilo Cl\u00e1sico<\/a><\/p><\/div><div class=\"price-wrapper\">\n\t<span class=\"price\"><span class=\"woocommerce-Price-amount amount\"><bdi><span class=\"woocommerce-Price-currencySymbol\">&#36;<\/span>69.000<\/bdi><\/span><\/span>\n<\/div>\t\t\t\t\t\t\t<\/div>\n\t\t\t\t\t\t<\/div>\n\t\t\t\t\t\t<\/div>\n\t\t\t\t\t<\/div><div class=\"col\" >\n\t\t\t\t\t\t<div class=\"col-inner\">\n\t\t\t\t\t\t\n<div class=\"badge-container absolute left top z-1\">\n\n<\/div>\n\t\t\t\t\t\t<div class=\"product-small box has-hover box-normal box-text-bottom\">\n\t\t\t\t\t\t\t<div class=\"box-image\" >\n\t\t\t\t\t\t\t\t<div class=\"\" >\n\t\t\t\t\t\t\t\t\t<a href=\"https:\/\/www.tiendaled.cl\/?product=ampolleta-led-inteligente-con-sensor-de-movimiento-e27-9w-encendido-automatico-220v\" aria-label=\"Ampolleta LED Inteligente con Sensor de Movimiento E27 9W \u2013 Encendido Autom\u00e1tico 220V\">\n\t\t\t\t\t\t\t\t\t\t<img loading=\"lazy\" decoding=\"async\" width=\"247\" height=\"296\" src=\"https:\/\/www.tiendaled.cl\/wp-content\/uploads\/2026\/04\/64f62f3b-9ef1-4eb4-8e87-7bb801ce87bc-247x296.jpg\" class=\"show-on-hover absolute fill hide-for-small back-image\" alt=\"Alternative view of Ampolleta LED Inteligente con Sensor de Movimiento E27 9W \u2013 Encendido Autom\u00e1tico 220V\" aria-hidden=\"true\" \/><img loading=\"lazy\" decoding=\"async\" width=\"247\" height=\"296\" src=\"https:\/\/www.tiendaled.cl\/wp-content\/uploads\/2026\/04\/412de67c-eeea-4e14-953d-5f6a76257436-247x296.jpg\" class=\"attachment-woocommerce_thumbnail size-woocommerce_thumbnail\" alt=\"Ampolleta LED Inteligente con Sensor de Movimiento E27 9W \u2013 Encendido Autom\u00e1tico 220V\" \/>\t\t\t\t\t\t\t\t\t<\/a>\n\t\t\t\t\t\t\t\t\t\t\t\t\t\t\t\t\t\t \t\t\t\t\t\t\t\t<\/div>\n\t\t\t\t\t\t\t\t<div class=\"image-tools top right show-on-hover\">\n\t\t\t\t\t\t\t\t\t\t\t\t\t\t\t\t\t<\/div>\n\t\t\t\t\t\t\t\t\t\t\t\t\t\t\t\t\t<div class=\"image-tools grid-tools text-center hide-for-small bottom hover-slide-in show-on-hover\">\n\t\t\t\t\t\t\t\t\t\t<a href=\"\/index.php?rest_route=%2Fwp%2Fv2%2Fpages%2F98&#038;add-to-cart=81047\" aria-describedby=\"woocommerce_loop_add_to_cart_link_describedby_81047\" data-quantity=\"1\" class=\"add-to-cart-grid no-padding is-transparent product_type_simple add_to_cart_button ajax_add_to_cart\" data-product_id=\"81047\" data-product_sku=\"\" aria-label=\"A\u00f1adir al carrito: &ldquo;Ampolleta LED Inteligente con Sensor de Movimiento E27 9W \u2013 Encendido Autom\u00e1tico 220V&rdquo;\" rel=\"nofollow\" data-success_message=\"\u00abAmpolleta LED Inteligente con Sensor de Movimiento E27 9W \u2013 Encendido Autom\u00e1tico 220V\u00bb se ha a\u00f1adido a tu carrito\"><div class=\"cart-icon tooltip is-small\" title=\"A\u00f1adir al carrito\"><strong>+<\/strong><\/div><\/a>\t<span id=\"woocommerce_loop_add_to_cart_link_describedby_81047\" class=\"screen-reader-text\">\n\t\t\t<\/span>\n<a href=\"#quick-view\" class=\"quick-view\" role=\"button\" data-prod=\"81047\" aria-haspopup=\"dialog\" aria-expanded=\"false\" data-flatsome-role-button>Vista R\u00e1pida<\/a>\t\t\t\t\t\t\t\t\t<\/div>\n\t\t\t\t\t\t\t\t\t\t\t\t\t\t\t\t\t\t\t\t\t\t\t<\/div>\n\n\t\t\t\t\t\t\t<div class=\"box-text text-center\" >\n\t\t\t\t\t\t\t\t<div class=\"title-wrapper\">\t\t<p class=\"category uppercase is-smaller no-text-overflow product-cat op-8\">\n\t\t\tAmpolletas Led\t\t<\/p>\n\t<p class=\"name product-title woocommerce-loop-product__title\"><a href=\"https:\/\/www.tiendaled.cl\/?product=ampolleta-led-inteligente-con-sensor-de-movimiento-e27-9w-encendido-automatico-220v\" class=\"woocommerce-LoopProduct-link woocommerce-loop-product__link\">Ampolleta LED Inteligente con Sensor de Movimiento E27 9W \u2013 Encendido Autom\u00e1tico 220V<\/a><\/p><\/div><div class=\"price-wrapper\">\n\t<span class=\"price\"><span class=\"woocommerce-Price-amount amount\"><bdi><span class=\"woocommerce-Price-currencySymbol\">&#36;<\/span>3.900<\/bdi><\/span><\/span>\n<\/div>\t\t\t\t\t\t\t<\/div>\n\t\t\t\t\t\t<\/div>\n\t\t\t\t\t\t<\/div>\n\t\t\t\t\t<\/div><div class=\"col\" >\n\t\t\t\t\t\t<div class=\"col-inner\">\n\t\t\t\t\t\t\n<div class=\"badge-container absolute left top z-1\">\n\n<\/div>\n\t\t\t\t\t\t<div class=\"product-small box has-hover box-normal box-text-bottom\">\n\t\t\t\t\t\t\t<div class=\"box-image\" >\n\t\t\t\t\t\t\t\t<div class=\"\" >\n\t\t\t\t\t\t\t\t\t<a href=\"https:\/\/www.tiendaled.cl\/?product=ampolleta-led-emergencia-recargable-e27-20w-luz-fria-usb\" aria-label=\"Ampolleta Led Emergencia Recargable E27 20w Luz Fr\u00eda Usb\">\n\t\t\t\t\t\t\t\t\t\t<img loading=\"lazy\" decoding=\"async\" width=\"247\" height=\"296\" src=\"https:\/\/www.tiendaled.cl\/wp-content\/uploads\/2026\/04\/8c6e8681-d710-4f78-8673-8931324d1aad-247x296.jpg\" class=\"show-on-hover absolute fill hide-for-small back-image\" alt=\"Alternative view of Ampolleta Led Emergencia Recargable E27 20w Luz Fr\u00eda Usb\" aria-hidden=\"true\" \/><img loading=\"lazy\" decoding=\"async\" width=\"247\" height=\"296\" src=\"https:\/\/www.tiendaled.cl\/wp-content\/uploads\/2026\/04\/9f5a614e-8aba-4284-9856-a0770b5243a6-247x296.jpg\" class=\"attachment-woocommerce_thumbnail size-woocommerce_thumbnail\" alt=\"Ampolleta Led Emergencia Recargable E27 20w Luz Fr\u00eda Usb\" \/>\t\t\t\t\t\t\t\t\t<\/a>\n\t\t\t\t\t\t\t\t\t\t\t\t\t\t\t\t\t\t \t\t\t\t\t\t\t\t<\/div>\n\t\t\t\t\t\t\t\t<div class=\"image-tools top right show-on-hover\">\n\t\t\t\t\t\t\t\t\t\t\t\t\t\t\t\t\t<\/div>\n\t\t\t\t\t\t\t\t\t\t\t\t\t\t\t\t\t<div class=\"image-tools grid-tools text-center hide-for-small bottom hover-slide-in show-on-hover\">\n\t\t\t\t\t\t\t\t\t\t<a href=\"\/index.php?rest_route=%2Fwp%2Fv2%2Fpages%2F98&#038;add-to-cart=81041\" aria-describedby=\"woocommerce_loop_add_to_cart_link_describedby_81041\" data-quantity=\"1\" class=\"add-to-cart-grid no-padding is-transparent product_type_simple add_to_cart_button ajax_add_to_cart\" data-product_id=\"81041\" data-product_sku=\"\" aria-label=\"A\u00f1adir al carrito: &ldquo;Ampolleta Led Emergencia Recargable E27 20w Luz Fr\u00eda Usb&rdquo;\" rel=\"nofollow\" data-success_message=\"\u00abAmpolleta Led Emergencia Recargable E27 20w Luz Fr\u00eda Usb\u00bb se ha a\u00f1adido a tu carrito\"><div class=\"cart-icon tooltip is-small\" title=\"A\u00f1adir al carrito\"><strong>+<\/strong><\/div><\/a>\t<span id=\"woocommerce_loop_add_to_cart_link_describedby_81041\" class=\"screen-reader-text\">\n\t\t\t<\/span>\n<a href=\"#quick-view\" class=\"quick-view\" role=\"button\" data-prod=\"81041\" aria-haspopup=\"dialog\" aria-expanded=\"false\" data-flatsome-role-button>Vista R\u00e1pida<\/a>\t\t\t\t\t\t\t\t\t<\/div>\n\t\t\t\t\t\t\t\t\t\t\t\t\t\t\t\t\t\t\t\t\t\t\t<\/div>\n\n\t\t\t\t\t\t\t<div class=\"box-text text-center\" >\n\t\t\t\t\t\t\t\t<div class=\"title-wrapper\">\t\t<p class=\"category uppercase is-smaller no-text-overflow product-cat op-8\">\n\t\t\tAccesorios\t\t<\/p>\n\t<p class=\"name product-title woocommerce-loop-product__title\"><a href=\"https:\/\/www.tiendaled.cl\/?product=ampolleta-led-emergencia-recargable-e27-20w-luz-fria-usb\" class=\"woocommerce-LoopProduct-link woocommerce-loop-product__link\">Ampolleta Led Emergencia Recargable E27 20w Luz Fr\u00eda Usb<\/a><\/p><\/div><div class=\"price-wrapper\">\n\t<span class=\"price\"><span class=\"woocommerce-Price-amount amount\"><bdi><span class=\"woocommerce-Price-currencySymbol\">&#36;<\/span>6.900<\/bdi><\/span><\/span>\n<\/div>\t\t\t\t\t\t\t<\/div>\n\t\t\t\t\t\t<\/div>\n\t\t\t\t\t\t<\/div>\n\t\t\t\t\t<\/div><div class=\"col\" >\n\t\t\t\t\t\t<div class=\"col-inner\">\n\t\t\t\t\t\t\n<div class=\"badge-container absolute left top z-1\">\n\n<\/div>\n\t\t\t\t\t\t<div class=\"product-small box has-hover box-normal box-text-bottom\">\n\t\t\t\t\t\t\t<div class=\"box-image\" >\n\t\t\t\t\t\t\t\t<div class=\"\" >\n\t\t\t\t\t\t\t\t\t<a href=\"https:\/\/www.tiendaled.cl\/?product=lampara-led-geometrica-hexagonal-modular-100w-2x2-metroslampara-led-geometrica-hexagonal-modular-100w-2x2-metros-lampara-led-geometrica-hexagonal-modular-100w-2x2-metros-lampara-led-geometrica-hexa\" aria-label=\"L\u00e1mpara Led Geom\u00e9trica Hexagonal Modular 100w  2x2 Metros\">\n\t\t\t\t\t\t\t\t\t\t<img loading=\"lazy\" decoding=\"async\" width=\"247\" height=\"296\" src=\"https:\/\/www.tiendaled.cl\/wp-content\/uploads\/2026\/03\/06f9107a-3a74-401c-90a3-50a8631223ba-247x296.jpg\" class=\"show-on-hover absolute fill hide-for-small back-image\" alt=\"Alternative view of L\u00e1mpara Led Geom\u00e9trica Hexagonal Modular 100w  2x2 Metros\" aria-hidden=\"true\" \/><img loading=\"lazy\" decoding=\"async\" width=\"247\" height=\"296\" src=\"https:\/\/www.tiendaled.cl\/wp-content\/uploads\/2026\/03\/b0e726b7-ee44-4ceb-8b8e-50a19d01230c-247x296.jpg\" class=\"attachment-woocommerce_thumbnail size-woocommerce_thumbnail\" alt=\"L\u00e1mpara Led Geom\u00e9trica Hexagonal Modular 100w  2x2 Metros\" \/>\t\t\t\t\t\t\t\t\t<\/a>\n\t\t\t\t\t\t\t\t\t\t\t\t\t\t\t\t\t\t \t\t\t\t\t\t\t\t<\/div>\n\t\t\t\t\t\t\t\t<div class=\"image-tools top right show-on-hover\">\n\t\t\t\t\t\t\t\t\t\t\t\t\t\t\t\t\t<\/div>\n\t\t\t\t\t\t\t\t\t\t\t\t\t\t\t\t\t<div class=\"image-tools grid-tools text-center hide-for-small bottom hover-slide-in show-on-hover\">\n\t\t\t\t\t\t\t\t\t\t<a href=\"\/index.php?rest_route=%2Fwp%2Fv2%2Fpages%2F98&#038;add-to-cart=81022\" aria-describedby=\"woocommerce_loop_add_to_cart_link_describedby_81022\" data-quantity=\"1\" class=\"add-to-cart-grid no-padding is-transparent product_type_simple add_to_cart_button ajax_add_to_cart\" data-product_id=\"81022\" data-product_sku=\"\" aria-label=\"A\u00f1adir al carrito: &ldquo;L\u00e1mpara Led Geom\u00e9trica Hexagonal Modular 100w  2x2 Metros&rdquo;\" rel=\"nofollow\" data-success_message=\"\u00abL\u00e1mpara Led Geom\u00e9trica Hexagonal Modular 100w  2x2 Metros\u00bb se ha a\u00f1adido a tu carrito\"><div class=\"cart-icon tooltip is-small\" title=\"A\u00f1adir al carrito\"><strong>+<\/strong><\/div><\/a>\t<span id=\"woocommerce_loop_add_to_cart_link_describedby_81022\" class=\"screen-reader-text\">\n\t\t\t<\/span>\n<a href=\"#quick-view\" class=\"quick-view\" role=\"button\" data-prod=\"81022\" aria-haspopup=\"dialog\" aria-expanded=\"false\" data-flatsome-role-button>Vista R\u00e1pida<\/a>\t\t\t\t\t\t\t\t\t<\/div>\n\t\t\t\t\t\t\t\t\t\t\t\t\t\t\t\t\t\t\t\t\t\t\t<\/div>\n\n\t\t\t\t\t\t\t<div class=\"box-text text-center\" >\n\t\t\t\t\t\t\t\t<div class=\"title-wrapper\">\t\t<p class=\"category uppercase is-smaller no-text-overflow product-cat op-8\">\n\t\t\tCampanas Led\t\t<\/p>\n\t<p class=\"name product-title woocommerce-loop-product__title\"><a href=\"https:\/\/www.tiendaled.cl\/?product=lampara-led-geometrica-hexagonal-modular-100w-2x2-metroslampara-led-geometrica-hexagonal-modular-100w-2x2-metros-lampara-led-geometrica-hexagonal-modular-100w-2x2-metros-lampara-led-geometrica-hexa\" class=\"woocommerce-LoopProduct-link woocommerce-loop-product__link\">L\u00e1mpara Led Geom\u00e9trica Hexagonal Modular 100w  2&#215;2 Metros<\/a><\/p><\/div><div class=\"price-wrapper\">\n\t<span class=\"price\"><span class=\"woocommerce-Price-amount amount\"><bdi><span class=\"woocommerce-Price-currencySymbol\">&#36;<\/span>129.000<\/bdi><\/span><\/span>\n<\/div>\t\t\t\t\t\t\t<\/div>\n\t\t\t\t\t\t<\/div>\n\t\t\t\t\t\t<\/div>\n\t\t\t\t\t<\/div><div class=\"col\" >\n\t\t\t\t\t\t<div class=\"col-inner\">\n\t\t\t\t\t\t\n<div class=\"badge-container absolute left top z-1\">\n\n<\/div>\n\t\t\t\t\t\t<div class=\"product-small box has-hover box-normal box-text-bottom\">\n\t\t\t\t\t\t\t<div class=\"box-image\" >\n\t\t\t\t\t\t\t\t<div class=\"\" >\n\t\t\t\t\t\t\t\t\t<a href=\"https:\/\/www.tiendaled.cl\/?product=81008\" aria-label=\"L\u00e1mpara LED Colgante Lineal 120cm 48W \u2013 Luz Fr\u00eda, C\u00e1lida y Neutra Regulable Dise\u00f1o Moderno Minimalista\">\n\t\t\t\t\t\t\t\t\t\t<img loading=\"lazy\" decoding=\"async\" width=\"247\" height=\"296\" src=\"https:\/\/www.tiendaled.cl\/wp-content\/uploads\/2026\/03\/0df91ccf-5046-4f9a-bd5f-d68fd004eb5d-247x296.jpg\" class=\"show-on-hover absolute fill hide-for-small back-image\" alt=\"Alternative view of L\u00e1mpara LED Colgante Lineal 120cm 48W \u2013 Luz Fr\u00eda, C\u00e1lida y Neutra Regulable Dise\u00f1o Moderno Minimalista\" aria-hidden=\"true\" \/><img loading=\"lazy\" decoding=\"async\" width=\"247\" height=\"296\" src=\"https:\/\/www.tiendaled.cl\/wp-content\/uploads\/2026\/03\/e72791d0-9cc0-4bbf-a77e-f3c74ca39ddd-247x296.jpg\" class=\"attachment-woocommerce_thumbnail size-woocommerce_thumbnail\" alt=\"L\u00e1mpara LED Colgante Lineal 120cm 48W \u2013 Luz Fr\u00eda, C\u00e1lida y Neutra Regulable Dise\u00f1o Moderno Minimalista\" \/>\t\t\t\t\t\t\t\t\t<\/a>\n\t\t\t\t\t\t\t\t\t\t\t\t\t\t\t\t\t\t \t\t\t\t\t\t\t\t<\/div>\n\t\t\t\t\t\t\t\t<div class=\"image-tools top right show-on-hover\">\n\t\t\t\t\t\t\t\t\t\t\t\t\t\t\t\t\t<\/div>\n\t\t\t\t\t\t\t\t\t\t\t\t\t\t\t\t\t<div class=\"image-tools grid-tools text-center hide-for-small bottom hover-slide-in show-on-hover\">\n\t\t\t\t\t\t\t\t\t\t<a href=\"\/index.php?rest_route=%2Fwp%2Fv2%2Fpages%2F98&#038;add-to-cart=81008\" aria-describedby=\"woocommerce_loop_add_to_cart_link_describedby_81008\" data-quantity=\"1\" class=\"add-to-cart-grid no-padding is-transparent product_type_simple add_to_cart_button ajax_add_to_cart\" data-product_id=\"81008\" data-product_sku=\"\" aria-label=\"A\u00f1adir al carrito: &ldquo;L\u00e1mpara LED Colgante Lineal 120cm 48W \u2013 Luz Fr\u00eda, C\u00e1lida y Neutra Regulable Dise\u00f1o Moderno Minimalista&rdquo;\" rel=\"nofollow\" data-success_message=\"\u00abL\u00e1mpara LED Colgante Lineal 120cm 48W \u2013 Luz Fr\u00eda, C\u00e1lida y Neutra Regulable Dise\u00f1o Moderno Minimalista\u00bb se ha a\u00f1adido a tu carrito\"><div class=\"cart-icon tooltip is-small\" title=\"A\u00f1adir al carrito\"><strong>+<\/strong><\/div><\/a>\t<span id=\"woocommerce_loop_add_to_cart_link_describedby_81008\" class=\"screen-reader-text\">\n\t\t\t<\/span>\n<a href=\"#quick-view\" class=\"quick-view\" role=\"button\" data-prod=\"81008\" aria-haspopup=\"dialog\" aria-expanded=\"false\" data-flatsome-role-button>Vista R\u00e1pida<\/a>\t\t\t\t\t\t\t\t\t<\/div>\n\t\t\t\t\t\t\t\t\t\t\t\t\t\t\t\t\t\t\t\t\t\t\t<\/div>\n\n\t\t\t\t\t\t\t<div class=\"box-text text-center\" >\n\t\t\t\t\t\t\t\t<div class=\"title-wrapper\">\t\t<p class=\"category uppercase is-smaller no-text-overflow product-cat op-8\">\n\t\t\tLamparas Colgantes\t\t<\/p>\n\t<p class=\"name product-title woocommerce-loop-product__title\"><a href=\"https:\/\/www.tiendaled.cl\/?product=81008\" class=\"woocommerce-LoopProduct-link woocommerce-loop-product__link\">L\u00e1mpara LED Colgante Lineal 120cm 48W \u2013 Luz Fr\u00eda, C\u00e1lida y Neutra Regulable Dise\u00f1o Moderno Minimalista<\/a><\/p><\/div><div class=\"price-wrapper\">\n\t<span class=\"price\"><span class=\"woocommerce-Price-amount amount\"><bdi><span class=\"woocommerce-Price-currencySymbol\">&#36;<\/span>32.900<\/bdi><\/span><\/span>\n<\/div>\t\t\t\t\t\t\t<\/div>\n\t\t\t\t\t\t<\/div>\n\t\t\t\t\t\t<\/div>\n\t\t\t\t\t<\/div><div class=\"col\" >\n\t\t\t\t\t\t<div class=\"col-inner\">\n\t\t\t\t\t\t\n<div class=\"badge-container absolute left top z-1\">\n\n<\/div>\n\t\t\t\t\t\t<div class=\"product-small box has-hover box-normal box-text-bottom\">\n\t\t\t\t\t\t\t<div class=\"box-image\" >\n\t\t\t\t\t\t\t\t<div class=\"\" >\n\t\t\t\t\t\t\t\t\t<a href=\"https:\/\/www.tiendaled.cl\/?product=aplique-pared-decorativo-vidrio-diseno-floral-soquete-e27-interior\" aria-label=\"Aplique Pared Decorativo Vidrio Dise\u00f1o Floral Soquete E27 Interior\">\n\t\t\t\t\t\t\t\t\t\t<img loading=\"lazy\" decoding=\"async\" width=\"247\" height=\"296\" src=\"https:\/\/www.tiendaled.cl\/wp-content\/uploads\/2026\/03\/42aff3b4-f614-47ac-b44a-5a2e739dd6f1-247x296.jpg\" class=\"show-on-hover absolute fill hide-for-small back-image\" alt=\"Alternative view of Aplique Pared Decorativo Vidrio Dise\u00f1o Floral Soquete E27 Interior\" aria-hidden=\"true\" \/><img loading=\"lazy\" decoding=\"async\" width=\"247\" height=\"296\" src=\"https:\/\/www.tiendaled.cl\/wp-content\/uploads\/2026\/03\/42aff3b4-f614-47ac-b44a-5a2e739dd6f1-247x296.jpg\" class=\"attachment-woocommerce_thumbnail size-woocommerce_thumbnail\" alt=\"Aplique Pared Decorativo Vidrio Dise\u00f1o Floral Soquete E27 Interior\" \/>\t\t\t\t\t\t\t\t\t<\/a>\n\t\t\t\t\t\t\t\t\t\t\t\t\t\t\t\t\t\t \t\t\t\t\t\t\t\t<\/div>\n\t\t\t\t\t\t\t\t<div class=\"image-tools top right show-on-hover\">\n\t\t\t\t\t\t\t\t\t\t\t\t\t\t\t\t\t<\/div>\n\t\t\t\t\t\t\t\t\t\t\t\t\t\t\t\t\t<div class=\"image-tools grid-tools text-center hide-for-small bottom hover-slide-in show-on-hover\">\n\t\t\t\t\t\t\t\t\t\t<a href=\"\/index.php?rest_route=%2Fwp%2Fv2%2Fpages%2F98&#038;add-to-cart=81003\" aria-describedby=\"woocommerce_loop_add_to_cart_link_describedby_81003\" data-quantity=\"1\" class=\"add-to-cart-grid no-padding is-transparent product_type_simple add_to_cart_button ajax_add_to_cart\" data-product_id=\"81003\" data-product_sku=\"\" aria-label=\"A\u00f1adir al carrito: &ldquo;Aplique Pared Decorativo Vidrio Dise\u00f1o Floral Soquete E27 Interior&rdquo;\" rel=\"nofollow\" data-success_message=\"\u00abAplique Pared Decorativo Vidrio Dise\u00f1o Floral Soquete E27 Interior\u00bb se ha a\u00f1adido a tu carrito\"><div class=\"cart-icon tooltip is-small\" title=\"A\u00f1adir al carrito\"><strong>+<\/strong><\/div><\/a>\t<span id=\"woocommerce_loop_add_to_cart_link_describedby_81003\" class=\"screen-reader-text\">\n\t\t\t<\/span>\n<a href=\"#quick-view\" class=\"quick-view\" role=\"button\" data-prod=\"81003\" aria-haspopup=\"dialog\" aria-expanded=\"false\" data-flatsome-role-button>Vista R\u00e1pida<\/a>\t\t\t\t\t\t\t\t\t<\/div>\n\t\t\t\t\t\t\t\t\t\t\t\t\t\t\t\t\t\t\t\t\t\t\t<\/div>\n\n\t\t\t\t\t\t\t<div class=\"box-text text-center\" >\n\t\t\t\t\t\t\t\t<div class=\"title-wrapper\">\t\t<p class=\"category uppercase is-smaller no-text-overflow product-cat op-8\">\n\t\t\tApliques\t\t<\/p>\n\t<p class=\"name product-title woocommerce-loop-product__title\"><a href=\"https:\/\/www.tiendaled.cl\/?product=aplique-pared-decorativo-vidrio-diseno-floral-soquete-e27-interior\" class=\"woocommerce-LoopProduct-link woocommerce-loop-product__link\">Aplique Pared Decorativo Vidrio Dise\u00f1o Floral Soquete E27 Interior<\/a><\/p><\/div><div class=\"price-wrapper\">\n\t<span class=\"price\"><span class=\"woocommerce-Price-amount amount\"><bdi><span class=\"woocommerce-Price-currencySymbol\">&#36;<\/span>14.900<\/bdi><\/span><\/span>\n<\/div>\t\t\t\t\t\t\t<\/div>\n\t\t\t\t\t\t<\/div>\n\t\t\t\t\t\t<\/div>\n\t\t\t\t\t<\/div><div class=\"col\" >\n\t\t\t\t\t\t<div class=\"col-inner\">\n\t\t\t\t\t\t\n<div class=\"badge-container absolute left top z-1\">\n\n<\/div>\n\t\t\t\t\t\t<div class=\"product-small box has-hover box-normal box-text-bottom\">\n\t\t\t\t\t\t\t<div class=\"box-image\" >\n\t\t\t\t\t\t\t\t<div class=\"\" >\n\t\t\t\t\t\t\t\t\t<a href=\"https:\/\/www.tiendaled.cl\/?product=lampara-colgante-candelabro-rosada-de-6-soquetes-e14\" aria-label=\"L\u00e1mpara Colgante Candelabro Rosada De 6 Soquetes E14\">\n\t\t\t\t\t\t\t\t\t\t<img loading=\"lazy\" decoding=\"async\" width=\"247\" height=\"296\" src=\"https:\/\/www.tiendaled.cl\/wp-content\/uploads\/2026\/03\/35c47b73-1194-4443-9255-e0399d9d79e7-247x296.jpg\" class=\"show-on-hover absolute fill hide-for-small back-image\" alt=\"Alternative view of L\u00e1mpara Colgante Candelabro Rosada De 6 Soquetes E14\" aria-hidden=\"true\" \/><img loading=\"lazy\" decoding=\"async\" width=\"247\" height=\"296\" src=\"https:\/\/www.tiendaled.cl\/wp-content\/uploads\/2026\/03\/a503b04c-4079-4be1-a5d8-0bfce5b39c29-247x296.jpg\" class=\"attachment-woocommerce_thumbnail size-woocommerce_thumbnail\" alt=\"L\u00e1mpara Colgante Candelabro Rosada De 6 Soquetes E14\" \/>\t\t\t\t\t\t\t\t\t<\/a>\n\t\t\t\t\t\t\t\t\t\t\t\t\t\t\t\t\t\t \t\t\t\t\t\t\t\t<\/div>\n\t\t\t\t\t\t\t\t<div class=\"image-tools top right show-on-hover\">\n\t\t\t\t\t\t\t\t\t\t\t\t\t\t\t\t\t<\/div>\n\t\t\t\t\t\t\t\t\t\t\t\t\t\t\t\t\t<div class=\"image-tools grid-tools text-center hide-for-small bottom hover-slide-in show-on-hover\">\n\t\t\t\t\t\t\t\t\t\t<a href=\"\/index.php?rest_route=%2Fwp%2Fv2%2Fpages%2F98&#038;add-to-cart=80995\" aria-describedby=\"woocommerce_loop_add_to_cart_link_describedby_80995\" data-quantity=\"1\" class=\"add-to-cart-grid no-padding is-transparent product_type_simple add_to_cart_button ajax_add_to_cart\" data-product_id=\"80995\" data-product_sku=\"\" aria-label=\"A\u00f1adir al carrito: &ldquo;L\u00e1mpara Colgante Candelabro Rosada De 6 Soquetes E14&rdquo;\" rel=\"nofollow\" data-success_message=\"\u00abL\u00e1mpara Colgante Candelabro Rosada De 6 Soquetes E14\u00bb se ha a\u00f1adido a tu carrito\"><div class=\"cart-icon tooltip is-small\" title=\"A\u00f1adir al carrito\"><strong>+<\/strong><\/div><\/a>\t<span id=\"woocommerce_loop_add_to_cart_link_describedby_80995\" class=\"screen-reader-text\">\n\t\t\t<\/span>\n<a href=\"#quick-view\" class=\"quick-view\" role=\"button\" data-prod=\"80995\" aria-haspopup=\"dialog\" aria-expanded=\"false\" data-flatsome-role-button>Vista R\u00e1pida<\/a>\t\t\t\t\t\t\t\t\t<\/div>\n\t\t\t\t\t\t\t\t\t\t\t\t\t\t\t\t\t\t\t\t\t\t\t<\/div>\n\n\t\t\t\t\t\t\t<div class=\"box-text text-center\" >\n\t\t\t\t\t\t\t\t<div class=\"title-wrapper\">\t\t<p class=\"category uppercase is-smaller no-text-overflow product-cat op-8\">\n\t\t\tLamparas Candelabro\t\t<\/p>\n\t<p class=\"name product-title woocommerce-loop-product__title\"><a href=\"https:\/\/www.tiendaled.cl\/?product=lampara-colgante-candelabro-rosada-de-6-soquetes-e14\" class=\"woocommerce-LoopProduct-link woocommerce-loop-product__link\">L\u00e1mpara Colgante Candelabro Rosada De 6 Soquetes E14<\/a><\/p><\/div><div class=\"price-wrapper\">\n\t<span class=\"price\"><span class=\"woocommerce-Price-amount amount\"><bdi><span class=\"woocommerce-Price-currencySymbol\">&#36;<\/span>39.900<\/bdi><\/span><\/span>\n<\/div>\t\t\t\t\t\t\t<\/div>\n\t\t\t\t\t\t<\/div>\n\t\t\t\t\t\t<\/div>\n\t\t\t\t\t<\/div><div class=\"col\" >\n\t\t\t\t\t\t<div class=\"col-inner\">\n\t\t\t\t\t\t\n<div class=\"badge-container absolute left top z-1\">\n\n<\/div>\n\t\t\t\t\t\t<div class=\"product-small box has-hover box-normal box-text-bottom\">\n\t\t\t\t\t\t\t<div class=\"box-image\" >\n\t\t\t\t\t\t\t\t<div class=\"\" >\n\t\t\t\t\t\t\t\t\t<a href=\"https:\/\/www.tiendaled.cl\/?product=lampara-vintage-industrial-con-cadena-40cm-diametro-copia\" aria-label=\"Lampara Vintage Industrial Con Cadena 40cm Diametro (copia)\">\n\t\t\t\t\t\t\t\t\t\t<img loading=\"lazy\" decoding=\"async\" width=\"247\" height=\"296\" src=\"https:\/\/www.tiendaled.cl\/wp-content\/uploads\/2021\/07\/foto1-247x296.jpg\" class=\"show-on-hover absolute fill hide-for-small back-image\" alt=\"Alternative view of Lampara Vintage Industrial Con Cadena 40cm Diametro (copia)\" aria-hidden=\"true\" \/><img loading=\"lazy\" decoding=\"async\" width=\"247\" height=\"296\" src=\"https:\/\/www.tiendaled.cl\/wp-content\/uploads\/2021\/07\/foto1-247x296.jpg\" class=\"attachment-woocommerce_thumbnail size-woocommerce_thumbnail\" alt=\"Lampara Vintage Industrial Con Cadena 40cm Diametro (copia)\" \/>\t\t\t\t\t\t\t\t\t<\/a>\n\t\t\t\t\t\t\t\t\t\t\t\t\t\t\t\t\t\t \t\t\t\t\t\t\t\t<\/div>\n\t\t\t\t\t\t\t\t<div class=\"image-tools top right show-on-hover\">\n\t\t\t\t\t\t\t\t\t\t\t\t\t\t\t\t\t<\/div>\n\t\t\t\t\t\t\t\t\t\t\t\t\t\t\t\t\t<div class=\"image-tools grid-tools text-center hide-for-small bottom hover-slide-in show-on-hover\">\n\t\t\t\t\t\t\t\t\t\t<a href=\"\/index.php?rest_route=%2Fwp%2Fv2%2Fpages%2F98&#038;add-to-cart=80992\" aria-describedby=\"woocommerce_loop_add_to_cart_link_describedby_80992\" data-quantity=\"1\" class=\"add-to-cart-grid no-padding is-transparent product_type_simple add_to_cart_button ajax_add_to_cart\" data-product_id=\"80992\" data-product_sku=\"TY-40-1\" aria-label=\"A\u00f1adir al carrito: &ldquo;Lampara Vintage Industrial Con Cadena 40cm Diametro (copia)&rdquo;\" rel=\"nofollow\" data-success_message=\"\u00abLampara Vintage Industrial Con Cadena 40cm Diametro (copia)\u00bb se ha a\u00f1adido a tu carrito\"><div class=\"cart-icon tooltip is-small\" title=\"A\u00f1adir al carrito\"><strong>+<\/strong><\/div><\/a>\t<span id=\"woocommerce_loop_add_to_cart_link_describedby_80992\" class=\"screen-reader-text\">\n\t\t\t<\/span>\n<a href=\"#quick-view\" class=\"quick-view\" role=\"button\" data-prod=\"80992\" aria-haspopup=\"dialog\" aria-expanded=\"false\" data-flatsome-role-button>Vista R\u00e1pida<\/a>\t\t\t\t\t\t\t\t\t<\/div>\n\t\t\t\t\t\t\t\t\t\t\t\t\t\t\t\t\t\t\t\t\t\t\t<\/div>\n\n\t\t\t\t\t\t\t<div class=\"box-text text-center\" >\n\t\t\t\t\t\t\t\t<div class=\"title-wrapper\">\t\t<p class=\"category uppercase is-smaller no-text-overflow product-cat op-8\">\n\t\t\tLamparas Colgantes\t\t<\/p>\n\t<p class=\"name product-title woocommerce-loop-product__title\"><a href=\"https:\/\/www.tiendaled.cl\/?product=lampara-vintage-industrial-con-cadena-40cm-diametro-copia\" class=\"woocommerce-LoopProduct-link woocommerce-loop-product__link\">Lampara Vintage Industrial Con Cadena 40cm Diametro (copia)<\/a><\/p><\/div><div class=\"price-wrapper\">\n\t<span class=\"price\"><span class=\"woocommerce-Price-amount amount\"><bdi><span class=\"woocommerce-Price-currencySymbol\">&#36;<\/span>24.500<\/bdi><\/span><\/span>\n<\/div>\t\t\t\t\t\t\t<\/div>\n\t\t\t\t\t\t<\/div>\n\t\t\t\t\t\t<\/div>\n\t\t\t\t\t<\/div><div class=\"col\" >\n\t\t\t\t\t\t<div class=\"col-inner\">\n\t\t\t\t\t\t\n<div class=\"badge-container absolute left top z-1\">\n\n<\/div>\n\t\t\t\t\t\t<div class=\"product-small box has-hover box-normal box-text-bottom\">\n\t\t\t\t\t\t\t<div class=\"box-image\" >\n\t\t\t\t\t\t\t\t<div class=\"\" >\n\t\t\t\t\t\t\t\t\t<a href=\"https:\/\/www.tiendaled.cl\/?product=lampara-triple-colgante-hierro-dorada-3-diamante-25x25cm-dorado\" aria-label=\"Lampara Triple Colgante Hierro Dorada 3 Diamante 25x25cm Dorado\">\n\t\t\t\t\t\t\t\t\t\t<img loading=\"lazy\" decoding=\"async\" width=\"247\" height=\"296\" src=\"https:\/\/www.tiendaled.cl\/wp-content\/uploads\/2026\/02\/4d22dd6d-8679-4a9b-8de7-9cc6e02c17db-247x296.jpg\" class=\"show-on-hover absolute fill hide-for-small back-image\" alt=\"Alternative view of Lampara Triple Colgante Hierro Dorada 3 Diamante 25x25cm Dorado\" aria-hidden=\"true\" \/><img loading=\"lazy\" decoding=\"async\" width=\"247\" height=\"296\" src=\"https:\/\/www.tiendaled.cl\/wp-content\/uploads\/2026\/02\/b869d457-f812-4d1c-99f8-50bda503bad6-247x296.jpg\" class=\"attachment-woocommerce_thumbnail size-woocommerce_thumbnail\" alt=\"Lampara Triple Colgante Hierro Dorada 3 Diamante 25x25cm Dorado\" \/>\t\t\t\t\t\t\t\t\t<\/a>\n\t\t\t\t\t\t\t\t\t\t\t\t\t\t\t\t\t\t \t\t\t\t\t\t\t\t<\/div>\n\t\t\t\t\t\t\t\t<div class=\"image-tools top right show-on-hover\">\n\t\t\t\t\t\t\t\t\t\t\t\t\t\t\t\t\t<\/div>\n\t\t\t\t\t\t\t\t\t\t\t\t\t\t\t\t\t<div class=\"image-tools grid-tools text-center hide-for-small bottom hover-slide-in show-on-hover\">\n\t\t\t\t\t\t\t\t\t\t<a href=\"\/index.php?rest_route=%2Fwp%2Fv2%2Fpages%2F98&#038;add-to-cart=80960\" aria-describedby=\"woocommerce_loop_add_to_cart_link_describedby_80960\" data-quantity=\"1\" class=\"add-to-cart-grid no-padding is-transparent product_type_simple add_to_cart_button ajax_add_to_cart\" data-product_id=\"80960\" data-product_sku=\"\" aria-label=\"A\u00f1adir al carrito: &ldquo;Lampara Triple Colgante Hierro Dorada 3 Diamante 25x25cm Dorado&rdquo;\" rel=\"nofollow\" data-success_message=\"\u00abLampara Triple Colgante Hierro Dorada 3 Diamante 25x25cm Dorado\u00bb se ha a\u00f1adido a tu carrito\"><div class=\"cart-icon tooltip is-small\" title=\"A\u00f1adir al carrito\"><strong>+<\/strong><\/div><\/a>\t<span id=\"woocommerce_loop_add_to_cart_link_describedby_80960\" class=\"screen-reader-text\">\n\t\t\t<\/span>\n<a href=\"#quick-view\" class=\"quick-view\" role=\"button\" data-prod=\"80960\" aria-haspopup=\"dialog\" aria-expanded=\"false\" data-flatsome-role-button>Vista R\u00e1pida<\/a>\t\t\t\t\t\t\t\t\t<\/div>\n\t\t\t\t\t\t\t\t\t\t\t\t\t\t\t\t\t\t\t\t\t\t\t<\/div>\n\n\t\t\t\t\t\t\t<div class=\"box-text text-center\" >\n\t\t\t\t\t\t\t\t<div class=\"title-wrapper\">\t\t<p class=\"category uppercase is-smaller no-text-overflow product-cat op-8\">\n\t\t\tLamparas Colgantes\t\t<\/p>\n\t<p class=\"name product-title woocommerce-loop-product__title\"><a href=\"https:\/\/www.tiendaled.cl\/?product=lampara-triple-colgante-hierro-dorada-3-diamante-25x25cm-dorado\" class=\"woocommerce-LoopProduct-link woocommerce-loop-product__link\">Lampara Triple Colgante Hierro Dorada 3 Diamante 25x25cm Dorado<\/a><\/p><\/div><div class=\"price-wrapper\">\n\t<span class=\"price\"><span class=\"woocommerce-Price-amount amount\"><bdi><span class=\"woocommerce-Price-currencySymbol\">&#36;<\/span>69.900<\/bdi><\/span><\/span>\n<\/div>\t\t\t\t\t\t\t<\/div>\n\t\t\t\t\t\t<\/div>\n\t\t\t\t\t\t<\/div>\n\t\t\t\t\t<\/div><div class=\"col\" >\n\t\t\t\t\t\t<div class=\"col-inner\">\n\t\t\t\t\t\t\n<div class=\"badge-container absolute left top z-1\">\n\n<\/div>\n\t\t\t\t\t\t<div class=\"product-small box has-hover box-normal box-text-bottom\">\n\t\t\t\t\t\t\t<div class=\"box-image\" >\n\t\t\t\t\t\t\t\t<div class=\"\" >\n\t\t\t\t\t\t\t\t\t<a href=\"https:\/\/www.tiendaled.cl\/?product=foco-downlight-led-empotrable-5w-3000k-luz-calida-corte-6cm\" aria-label=\"Foco Downlight Led Empotrable 5w 3000k Luz C\u00e1lida Corte 6cm\">\n\t\t\t\t\t\t\t\t\t\t<img loading=\"lazy\" decoding=\"async\" width=\"247\" height=\"296\" src=\"https:\/\/www.tiendaled.cl\/wp-content\/uploads\/2026\/02\/242babdc-077e-434a-b037-f8dcd22a2d3a-247x296.jpg\" class=\"show-on-hover absolute fill hide-for-small back-image\" alt=\"Alternative view of Foco Downlight Led Empotrable 5w 3000k Luz C\u00e1lida Corte 6cm\" aria-hidden=\"true\" \/><img loading=\"lazy\" decoding=\"async\" width=\"247\" height=\"296\" src=\"https:\/\/www.tiendaled.cl\/wp-content\/uploads\/2026\/02\/242babdc-077e-434a-b037-f8dcd22a2d3a-247x296.jpg\" class=\"attachment-woocommerce_thumbnail size-woocommerce_thumbnail\" alt=\"Foco Downlight Led Empotrable 5w 3000k Luz C\u00e1lida Corte 6cm\" \/>\t\t\t\t\t\t\t\t\t<\/a>\n\t\t\t\t\t\t\t\t\t\t\t\t\t\t\t\t\t\t \t\t\t\t\t\t\t\t<\/div>\n\t\t\t\t\t\t\t\t<div class=\"image-tools top right show-on-hover\">\n\t\t\t\t\t\t\t\t\t\t\t\t\t\t\t\t\t<\/div>\n\t\t\t\t\t\t\t\t\t\t\t\t\t\t\t\t\t<div class=\"image-tools grid-tools text-center hide-for-small bottom hover-slide-in show-on-hover\">\n\t\t\t\t\t\t\t\t\t\t<a href=\"\/index.php?rest_route=%2Fwp%2Fv2%2Fpages%2F98&#038;add-to-cart=80947\" aria-describedby=\"woocommerce_loop_add_to_cart_link_describedby_80947\" data-quantity=\"1\" class=\"add-to-cart-grid no-padding is-transparent product_type_simple add_to_cart_button ajax_add_to_cart\" data-product_id=\"80947\" data-product_sku=\"\" aria-label=\"A\u00f1adir al carrito: &ldquo;Foco Downlight Led Empotrable 5w 3000k Luz C\u00e1lida Corte 6cm&rdquo;\" rel=\"nofollow\" data-success_message=\"\u00abFoco Downlight Led Empotrable 5w 3000k Luz C\u00e1lida Corte 6cm\u00bb se ha a\u00f1adido a tu carrito\"><div class=\"cart-icon tooltip is-small\" title=\"A\u00f1adir al carrito\"><strong>+<\/strong><\/div><\/a>\t<span id=\"woocommerce_loop_add_to_cart_link_describedby_80947\" class=\"screen-reader-text\">\n\t\t\t<\/span>\n<a href=\"#quick-view\" class=\"quick-view\" role=\"button\" data-prod=\"80947\" aria-haspopup=\"dialog\" aria-expanded=\"false\" data-flatsome-role-button>Vista R\u00e1pida<\/a>\t\t\t\t\t\t\t\t\t<\/div>\n\t\t\t\t\t\t\t\t\t\t\t\t\t\t\t\t\t\t\t\t\t\t\t<\/div>\n\n\t\t\t\t\t\t\t<div class=\"box-text text-center\" >\n\t\t\t\t\t\t\t\t<div class=\"title-wrapper\">\t\t<p class=\"category uppercase is-smaller no-text-overflow product-cat op-8\">\n\t\t\tLuces de Emergencia\t\t<\/p>\n\t<p class=\"name product-title woocommerce-loop-product__title\"><a href=\"https:\/\/www.tiendaled.cl\/?product=foco-downlight-led-empotrable-5w-3000k-luz-calida-corte-6cm\" class=\"woocommerce-LoopProduct-link woocommerce-loop-product__link\">Foco Downlight Led Empotrable 5w 3000k Luz C\u00e1lida Corte 6cm<\/a><\/p><\/div><div class=\"price-wrapper\">\n\t<span class=\"price\"><span class=\"woocommerce-Price-amount amount\"><bdi><span class=\"woocommerce-Price-currencySymbol\">&#36;<\/span>2.290<\/bdi><\/span><\/span>\n<\/div>\t\t\t\t\t\t\t<\/div>\n\t\t\t\t\t\t<\/div>\n\t\t\t\t\t\t<\/div>\n\t\t\t\t\t<\/div><div class=\"col\" >\n\t\t\t\t\t\t<div class=\"col-inner\">\n\t\t\t\t\t\t\n<div class=\"badge-container absolute left top z-1\">\n\n<\/div>\n\t\t\t\t\t\t<div class=\"product-small box has-hover box-normal box-text-bottom\">\n\t\t\t\t\t\t\t<div class=\"box-image\" >\n\t\t\t\t\t\t\t\t<div class=\"\" >\n\t\t\t\t\t\t\t\t\t<a href=\"https:\/\/www.tiendaled.cl\/?product=ampolleta-led-e27-18w-luz-calida-3000k-alta-potencia-ahorro-energetico-90\" aria-label=\"Ampolleta LED E27 18W Luz C\u00e1lida 3000K Alta Potencia \u2013 Ahorro Energ\u00e9tico 90%\">\n\t\t\t\t\t\t\t\t\t\t<img loading=\"lazy\" decoding=\"async\" width=\"247\" height=\"296\" src=\"https:\/\/www.tiendaled.cl\/wp-content\/uploads\/2026\/02\/5b934c79-a65c-4618-b1cc-32f76a662e1f-247x296.jpg\" class=\"show-on-hover absolute fill hide-for-small back-image\" alt=\"Alternative view of Ampolleta LED E27 18W Luz C\u00e1lida 3000K Alta Potencia \u2013 Ahorro Energ\u00e9tico 90%\" aria-hidden=\"true\" \/><img loading=\"lazy\" decoding=\"async\" width=\"247\" height=\"296\" src=\"https:\/\/www.tiendaled.cl\/wp-content\/uploads\/2026\/02\/5ffe85fa-b476-4e72-883c-f403b3699dfe-247x296.jpg\" class=\"attachment-woocommerce_thumbnail size-woocommerce_thumbnail\" alt=\"Ampolleta LED E27 18W Luz C\u00e1lida 3000K Alta Potencia \u2013 Ahorro Energ\u00e9tico 90%\" \/>\t\t\t\t\t\t\t\t\t<\/a>\n\t\t\t\t\t\t\t\t\t\t\t\t\t\t\t\t\t\t \t\t\t\t\t\t\t\t<\/div>\n\t\t\t\t\t\t\t\t<div class=\"image-tools top right show-on-hover\">\n\t\t\t\t\t\t\t\t\t\t\t\t\t\t\t\t\t<\/div>\n\t\t\t\t\t\t\t\t\t\t\t\t\t\t\t\t\t<div class=\"image-tools grid-tools text-center hide-for-small bottom hover-slide-in show-on-hover\">\n\t\t\t\t\t\t\t\t\t\t<a href=\"\/index.php?rest_route=%2Fwp%2Fv2%2Fpages%2F98&#038;add-to-cart=80940\" aria-describedby=\"woocommerce_loop_add_to_cart_link_describedby_80940\" data-quantity=\"1\" class=\"add-to-cart-grid no-padding is-transparent product_type_simple add_to_cart_button ajax_add_to_cart\" data-product_id=\"80940\" data-product_sku=\"\" aria-label=\"A\u00f1adir al carrito: &ldquo;Ampolleta LED E27 18W Luz C\u00e1lida 3000K Alta Potencia \u2013 Ahorro Energ\u00e9tico 90%&rdquo;\" rel=\"nofollow\" data-success_message=\"\u00abAmpolleta LED E27 18W Luz C\u00e1lida 3000K Alta Potencia \u2013 Ahorro Energ\u00e9tico 90%\u00bb se ha a\u00f1adido a tu carrito\"><div class=\"cart-icon tooltip is-small\" title=\"A\u00f1adir al carrito\"><strong>+<\/strong><\/div><\/a>\t<span id=\"woocommerce_loop_add_to_cart_link_describedby_80940\" class=\"screen-reader-text\">\n\t\t\t<\/span>\n<a href=\"#quick-view\" class=\"quick-view\" role=\"button\" data-prod=\"80940\" aria-haspopup=\"dialog\" aria-expanded=\"false\" data-flatsome-role-button>Vista R\u00e1pida<\/a>\t\t\t\t\t\t\t\t\t<\/div>\n\t\t\t\t\t\t\t\t\t\t\t\t\t\t\t\t\t\t\t\t\t\t\t<\/div>\n\n\t\t\t\t\t\t\t<div class=\"box-text text-center\" >\n\t\t\t\t\t\t\t\t<div class=\"title-wrapper\">\t\t<p class=\"category uppercase is-smaller no-text-overflow product-cat op-8\">\n\t\t\tAmpolletas Led\t\t<\/p>\n\t<p class=\"name product-title woocommerce-loop-product__title\"><a href=\"https:\/\/www.tiendaled.cl\/?product=ampolleta-led-e27-18w-luz-calida-3000k-alta-potencia-ahorro-energetico-90\" class=\"woocommerce-LoopProduct-link woocommerce-loop-product__link\">Ampolleta LED E27 18W Luz C\u00e1lida 3000K Alta Potencia \u2013 Ahorro Energ\u00e9tico 90%<\/a><\/p><\/div><div class=\"price-wrapper\">\n\t<span class=\"price\"><span class=\"woocommerce-Price-amount amount\"><bdi><span class=\"woocommerce-Price-currencySymbol\">&#36;<\/span>1.990<\/bdi><\/span><\/span>\n<\/div>\t\t\t\t\t\t\t<\/div>\n\t\t\t\t\t\t<\/div>\n\t\t\t\t\t\t<\/div>\n\t\t\t\t\t<\/div><div class=\"col\" >\n\t\t\t\t\t\t<div class=\"col-inner\">\n\t\t\t\t\t\t\n<div class=\"badge-container absolute left top z-1\">\n\n<\/div>\n\t\t\t\t\t\t<div class=\"product-small box has-hover box-normal box-text-bottom\">\n\t\t\t\t\t\t\t<div class=\"box-image\" >\n\t\t\t\t\t\t\t\t<div class=\"\" >\n\t\t\t\t\t\t\t\t\t<a href=\"https:\/\/www.tiendaled.cl\/?product=lampara-triple-industrial-negra-incluye-ampolletas-filamento-4w-vintage\" aria-label=\"L\u00e1mpara Triple Industrial Negra Incluye Ampolletas Filamento 4w Vintage\">\n\t\t\t\t\t\t\t\t\t\t<img loading=\"lazy\" decoding=\"async\" width=\"247\" height=\"296\" src=\"https:\/\/www.tiendaled.cl\/wp-content\/uploads\/2026\/02\/51f2a712-3e74-4168-8db8-0b7ced31af37-247x296.jpg\" class=\"show-on-hover absolute fill hide-for-small back-image\" alt=\"Alternative view of L\u00e1mpara Triple Industrial Negra Incluye Ampolletas Filamento 4w Vintage\" aria-hidden=\"true\" \/><img loading=\"lazy\" decoding=\"async\" width=\"247\" height=\"296\" src=\"https:\/\/www.tiendaled.cl\/wp-content\/uploads\/2026\/02\/696a6fa6-155c-432f-9f3b-071b26ab0ab3-247x296.jpg\" class=\"attachment-woocommerce_thumbnail size-woocommerce_thumbnail\" alt=\"L\u00e1mpara Triple Industrial Negra Incluye Ampolletas Filamento 4w Vintage\" \/>\t\t\t\t\t\t\t\t\t<\/a>\n\t\t\t\t\t\t\t\t\t\t\t\t\t\t\t\t\t\t \t\t\t\t\t\t\t\t<\/div>\n\t\t\t\t\t\t\t\t<div class=\"image-tools top right show-on-hover\">\n\t\t\t\t\t\t\t\t\t\t\t\t\t\t\t\t\t<\/div>\n\t\t\t\t\t\t\t\t\t\t\t\t\t\t\t\t\t<div class=\"image-tools grid-tools text-center hide-for-small bottom hover-slide-in show-on-hover\">\n\t\t\t\t\t\t\t\t\t\t<a href=\"\/index.php?rest_route=%2Fwp%2Fv2%2Fpages%2F98&#038;add-to-cart=80931\" aria-describedby=\"woocommerce_loop_add_to_cart_link_describedby_80931\" data-quantity=\"1\" class=\"add-to-cart-grid no-padding is-transparent product_type_simple add_to_cart_button ajax_add_to_cart\" data-product_id=\"80931\" data-product_sku=\"\" aria-label=\"A\u00f1adir al carrito: &ldquo;L\u00e1mpara Triple Industrial Negra Incluye Ampolletas Filamento 4w Vintage&rdquo;\" rel=\"nofollow\" data-success_message=\"\u00abL\u00e1mpara Triple Industrial Negra Incluye Ampolletas Filamento 4w Vintage\u00bb se ha a\u00f1adido a tu carrito\"><div class=\"cart-icon tooltip is-small\" title=\"A\u00f1adir al carrito\"><strong>+<\/strong><\/div><\/a>\t<span id=\"woocommerce_loop_add_to_cart_link_describedby_80931\" class=\"screen-reader-text\">\n\t\t\t<\/span>\n<a href=\"#quick-view\" class=\"quick-view\" role=\"button\" data-prod=\"80931\" aria-haspopup=\"dialog\" aria-expanded=\"false\" data-flatsome-role-button>Vista R\u00e1pida<\/a>\t\t\t\t\t\t\t\t\t<\/div>\n\t\t\t\t\t\t\t\t\t\t\t\t\t\t\t\t\t\t\t\t\t\t\t<\/div>\n\n\t\t\t\t\t\t\t<div class=\"box-text text-center\" >\n\t\t\t\t\t\t\t\t<div class=\"title-wrapper\">\t\t<p class=\"category uppercase is-smaller no-text-overflow product-cat op-8\">\n\t\t\tAmpolletas Led\t\t<\/p>\n\t<p class=\"name product-title woocommerce-loop-product__title\"><a href=\"https:\/\/www.tiendaled.cl\/?product=lampara-triple-industrial-negra-incluye-ampolletas-filamento-4w-vintage\" class=\"woocommerce-LoopProduct-link woocommerce-loop-product__link\">L\u00e1mpara Triple Industrial Negra Incluye Ampolletas Filamento 4w Vintage<\/a><\/p><\/div><div class=\"price-wrapper\">\n\t<span class=\"price\"><span class=\"woocommerce-Price-amount amount\"><bdi><span class=\"woocommerce-Price-currencySymbol\">&#36;<\/span>14.900<\/bdi><\/span><\/span>\n<\/div>\t\t\t\t\t\t\t<\/div>\n\t\t\t\t\t\t<\/div>\n\t\t\t\t\t\t<\/div>\n\t\t\t\t\t<\/div><div class=\"col\" >\n\t\t\t\t\t\t<div class=\"col-inner\">\n\t\t\t\t\t\t\n<div class=\"badge-container absolute left top z-1\">\n\n<\/div>\n\t\t\t\t\t\t<div class=\"product-small box has-hover box-normal box-text-bottom\">\n\t\t\t\t\t\t\t<div class=\"box-image\" >\n\t\t\t\t\t\t\t\t<div class=\"\" >\n\t\t\t\t\t\t\t\t\t<a href=\"https:\/\/www.tiendaled.cl\/?product=lampara-colgante-triple-madera-vidrio-diseno-moderno-natural\" aria-label=\"L\u00e1mpara Colgante Triple Madera Vidrio Dise\u00f1o Moderno Natural\">\n\t\t\t\t\t\t\t\t\t\t<img loading=\"lazy\" decoding=\"async\" width=\"247\" height=\"296\" src=\"https:\/\/www.tiendaled.cl\/wp-content\/uploads\/2026\/02\/1f27c49e-e354-4bab-9274-77e2beb66880-247x296.jpg\" class=\"show-on-hover absolute fill hide-for-small back-image\" alt=\"Alternative view of L\u00e1mpara Colgante Triple Madera Vidrio Dise\u00f1o Moderno Natural\" aria-hidden=\"true\" \/><img loading=\"lazy\" decoding=\"async\" width=\"247\" height=\"296\" src=\"https:\/\/www.tiendaled.cl\/wp-content\/uploads\/2026\/02\/1f27c49e-e354-4bab-9274-77e2beb66880-247x296.jpg\" class=\"attachment-woocommerce_thumbnail size-woocommerce_thumbnail\" alt=\"L\u00e1mpara Colgante Triple Madera Vidrio Dise\u00f1o Moderno Natural\" \/>\t\t\t\t\t\t\t\t\t<\/a>\n\t\t\t\t\t\t\t\t\t\t\t\t\t\t\t\t\t\t \t\t\t\t\t\t\t\t<\/div>\n\t\t\t\t\t\t\t\t<div class=\"image-tools top right show-on-hover\">\n\t\t\t\t\t\t\t\t\t\t\t\t\t\t\t\t\t<\/div>\n\t\t\t\t\t\t\t\t\t\t\t\t\t\t\t\t\t<div class=\"image-tools grid-tools text-center hide-for-small bottom hover-slide-in show-on-hover\">\n\t\t\t\t\t\t\t\t\t\t<a href=\"\/index.php?rest_route=%2Fwp%2Fv2%2Fpages%2F98&#038;add-to-cart=80926\" aria-describedby=\"woocommerce_loop_add_to_cart_link_describedby_80926\" data-quantity=\"1\" class=\"add-to-cart-grid no-padding is-transparent product_type_simple add_to_cart_button ajax_add_to_cart\" data-product_id=\"80926\" data-product_sku=\"\" aria-label=\"A\u00f1adir al carrito: &ldquo;L\u00e1mpara Colgante Triple Madera Vidrio Dise\u00f1o Moderno Natural&rdquo;\" rel=\"nofollow\" data-success_message=\"\u00abL\u00e1mpara Colgante Triple Madera Vidrio Dise\u00f1o Moderno Natural\u00bb se ha a\u00f1adido a tu carrito\"><div class=\"cart-icon tooltip is-small\" title=\"A\u00f1adir al carrito\"><strong>+<\/strong><\/div><\/a>\t<span id=\"woocommerce_loop_add_to_cart_link_describedby_80926\" class=\"screen-reader-text\">\n\t\t\t<\/span>\n<a href=\"#quick-view\" class=\"quick-view\" role=\"button\" data-prod=\"80926\" aria-haspopup=\"dialog\" aria-expanded=\"false\" data-flatsome-role-button>Vista R\u00e1pida<\/a>\t\t\t\t\t\t\t\t\t<\/div>\n\t\t\t\t\t\t\t\t\t\t\t\t\t\t\t\t\t\t\t\t\t\t\t<\/div>\n\n\t\t\t\t\t\t\t<div class=\"box-text text-center\" >\n\t\t\t\t\t\t\t\t<div class=\"title-wrapper\">\t\t<p class=\"category uppercase is-smaller no-text-overflow product-cat op-8\">\n\t\t\tLamparas Colgantes\t\t<\/p>\n\t<p class=\"name product-title woocommerce-loop-product__title\"><a href=\"https:\/\/www.tiendaled.cl\/?product=lampara-colgante-triple-madera-vidrio-diseno-moderno-natural\" class=\"woocommerce-LoopProduct-link woocommerce-loop-product__link\">L\u00e1mpara Colgante Triple Madera Vidrio Dise\u00f1o Moderno Natural<\/a><\/p><\/div><div class=\"price-wrapper\">\n\t<span class=\"price\"><span class=\"woocommerce-Price-amount amount\"><bdi><span class=\"woocommerce-Price-currencySymbol\">&#36;<\/span>49.900<\/bdi><\/span><\/span>\n<\/div>\t\t\t\t\t\t\t<\/div>\n\t\t\t\t\t\t<\/div>\n\t\t\t\t\t\t<\/div>\n\t\t\t\t\t<\/div><div class=\"col\" >\n\t\t\t\t\t\t<div class=\"col-inner\">\n\t\t\t\t\t\t\n<div class=\"badge-container absolute left top z-1\">\n<div class=\"callout badge badge-square\"><div class=\"badge-inner secondary on-sale\"><span class=\"onsale\">\u00a1Oferta!<\/span><\/div><\/div>\n<\/div>\n\t\t\t\t\t\t<div class=\"product-small box has-hover box-normal box-text-bottom\">\n\t\t\t\t\t\t\t<div class=\"box-image\" >\n\t\t\t\t\t\t\t\t<div class=\"\" >\n\t\t\t\t\t\t\t\t\t<a href=\"https:\/\/www.tiendaled.cl\/?product=aplique-mural-led-exterior-18w-negro-luz-calida-3000k-diseno-moderno\" aria-label=\"Aplique Mural LED Exterior 18W Negro Luz C\u00e1lida 3000K \u2013 Dise\u00f1o Moderno\">\n\t\t\t\t\t\t\t\t\t\t<img loading=\"lazy\" decoding=\"async\" width=\"247\" height=\"296\" src=\"https:\/\/www.tiendaled.cl\/wp-content\/uploads\/2026\/01\/3f21608f-335d-4228-993d-a41fb46d16fe-247x296.jpg\" class=\"show-on-hover absolute fill hide-for-small back-image\" alt=\"Alternative view of Aplique Mural LED Exterior 18W Negro Luz C\u00e1lida 3000K \u2013 Dise\u00f1o Moderno\" aria-hidden=\"true\" \/><img loading=\"lazy\" decoding=\"async\" width=\"247\" height=\"296\" src=\"https:\/\/www.tiendaled.cl\/wp-content\/uploads\/2026\/01\/48c2e602-20ca-42bf-94f3-756058a00b94-247x296.jpg\" class=\"attachment-woocommerce_thumbnail size-woocommerce_thumbnail\" alt=\"Aplique Mural LED Exterior 18W Negro Luz C\u00e1lida 3000K \u2013 Dise\u00f1o Moderno\" \/>\t\t\t\t\t\t\t\t\t<\/a>\n\t\t\t\t\t\t\t\t\t\t\t\t\t\t\t\t\t\t \t\t\t\t\t\t\t\t<\/div>\n\t\t\t\t\t\t\t\t<div class=\"image-tools top right show-on-hover\">\n\t\t\t\t\t\t\t\t\t\t\t\t\t\t\t\t\t<\/div>\n\t\t\t\t\t\t\t\t\t\t\t\t\t\t\t\t\t<div class=\"image-tools grid-tools text-center hide-for-small bottom hover-slide-in show-on-hover\">\n\t\t\t\t\t\t\t\t\t\t<a href=\"\/index.php?rest_route=%2Fwp%2Fv2%2Fpages%2F98&#038;add-to-cart=80880\" aria-describedby=\"woocommerce_loop_add_to_cart_link_describedby_80880\" data-quantity=\"1\" class=\"add-to-cart-grid no-padding is-transparent product_type_simple add_to_cart_button ajax_add_to_cart\" data-product_id=\"80880\" data-product_sku=\"7801801260050\" aria-label=\"A\u00f1adir al carrito: &ldquo;Aplique Mural LED Exterior 18W Negro Luz C\u00e1lida 3000K \u2013 Dise\u00f1o Moderno&rdquo;\" rel=\"nofollow\" data-success_message=\"\u00abAplique Mural LED Exterior 18W Negro Luz C\u00e1lida 3000K \u2013 Dise\u00f1o Moderno\u00bb se ha a\u00f1adido a tu carrito\"><div class=\"cart-icon tooltip is-small\" title=\"A\u00f1adir al carrito\"><strong>+<\/strong><\/div><\/a>\t<span id=\"woocommerce_loop_add_to_cart_link_describedby_80880\" class=\"screen-reader-text\">\n\t\t\t<\/span>\n<a href=\"#quick-view\" class=\"quick-view\" role=\"button\" data-prod=\"80880\" aria-haspopup=\"dialog\" aria-expanded=\"false\" data-flatsome-role-button>Vista R\u00e1pida<\/a>\t\t\t\t\t\t\t\t\t<\/div>\n\t\t\t\t\t\t\t\t\t\t\t\t\t\t\t\t\t\t\t\t\t\t\t<\/div>\n\n\t\t\t\t\t\t\t<div class=\"box-text text-center\" >\n\t\t\t\t\t\t\t\t<div class=\"title-wrapper\">\t\t<p class=\"category uppercase is-smaller no-text-overflow product-cat op-8\">\n\t\t\tApliques Led\t\t<\/p>\n\t<p class=\"name product-title woocommerce-loop-product__title\"><a href=\"https:\/\/www.tiendaled.cl\/?product=aplique-mural-led-exterior-18w-negro-luz-calida-3000k-diseno-moderno\" class=\"woocommerce-LoopProduct-link woocommerce-loop-product__link\">Aplique Mural LED Exterior 18W Negro Luz C\u00e1lida 3000K \u2013 Dise\u00f1o Moderno<\/a><\/p><\/div><div class=\"price-wrapper\">\n\t<span class=\"price\"><del aria-hidden=\"true\"><span class=\"woocommerce-Price-amount amount\"><bdi><span class=\"woocommerce-Price-currencySymbol\">&#36;<\/span>19.900<\/bdi><\/span><\/del> <span class=\"screen-reader-text\">El precio original era: &#036;19.900.<\/span><ins aria-hidden=\"true\"><span class=\"woocommerce-Price-amount amount\"><bdi><span class=\"woocommerce-Price-currencySymbol\">&#36;<\/span>14.900<\/bdi><\/span><\/ins><span class=\"screen-reader-text\">El precio actual es: &#036;14.900.<\/span><\/span>\n<\/div>\t\t\t\t\t\t\t<\/div>\n\t\t\t\t\t\t<\/div>\n\t\t\t\t\t\t<\/div>\n\t\t\t\t\t<\/div><div class=\"col\" >\n\t\t\t\t\t\t<div class=\"col-inner\">\n\t\t\t\t\t\t\n<div class=\"badge-container absolute left top z-1\">\n\n<\/div>\n\t\t\t\t\t\t<div class=\"product-small box has-hover box-normal box-text-bottom\">\n\t\t\t\t\t\t\t<div class=\"box-image\" >\n\t\t\t\t\t\t\t\t<div class=\"\" >\n\t\t\t\t\t\t\t\t\t<a href=\"https:\/\/www.tiendaled.cl\/?product=foco-led-emergencia-portatil-50w-recargable-12-220v\" aria-label=\"Foco Led Emergencia Portatil 50w Recargable 12\/220v\">\n\t\t\t\t\t\t\t\t\t\t<img loading=\"lazy\" decoding=\"async\" width=\"247\" height=\"296\" src=\"https:\/\/www.tiendaled.cl\/wp-content\/uploads\/2026\/01\/2c4f1987-fe08-4186-bf00-7fe78d03c74b-247x296.jpg\" class=\"show-on-hover absolute fill hide-for-small back-image\" alt=\"Alternative view of Foco Led Emergencia Portatil 50w Recargable 12\/220v\" aria-hidden=\"true\" \/><img loading=\"lazy\" decoding=\"async\" width=\"247\" height=\"296\" src=\"https:\/\/www.tiendaled.cl\/wp-content\/uploads\/2026\/01\/2c4f1987-fe08-4186-bf00-7fe78d03c74b-247x296.jpg\" class=\"attachment-woocommerce_thumbnail size-woocommerce_thumbnail\" alt=\"Foco Led Emergencia Portatil 50w Recargable 12\/220v\" \/>\t\t\t\t\t\t\t\t\t<\/a>\n\t\t\t\t\t\t\t\t\t\t\t\t\t\t\t\t\t\t \t\t\t\t\t\t\t\t<\/div>\n\t\t\t\t\t\t\t\t<div class=\"image-tools top right show-on-hover\">\n\t\t\t\t\t\t\t\t\t\t\t\t\t\t\t\t\t<\/div>\n\t\t\t\t\t\t\t\t\t\t\t\t\t\t\t\t\t<div class=\"image-tools grid-tools text-center hide-for-small bottom hover-slide-in show-on-hover\">\n\t\t\t\t\t\t\t\t\t\t<a href=\"\/index.php?rest_route=%2Fwp%2Fv2%2Fpages%2F98&#038;add-to-cart=80873\" aria-describedby=\"woocommerce_loop_add_to_cart_link_describedby_80873\" data-quantity=\"1\" class=\"add-to-cart-grid no-padding is-transparent product_type_simple add_to_cart_button ajax_add_to_cart\" data-product_id=\"80873\" data-product_sku=\"\" aria-label=\"A\u00f1adir al carrito: &ldquo;Foco Led Emergencia Portatil 50w Recargable 12\/220v&rdquo;\" rel=\"nofollow\" data-success_message=\"\u00abFoco Led Emergencia Portatil 50w Recargable 12\/220v\u00bb se ha a\u00f1adido a tu carrito\"><div class=\"cart-icon tooltip is-small\" title=\"A\u00f1adir al carrito\"><strong>+<\/strong><\/div><\/a>\t<span id=\"woocommerce_loop_add_to_cart_link_describedby_80873\" class=\"screen-reader-text\">\n\t\t\t<\/span>\n<a href=\"#quick-view\" class=\"quick-view\" role=\"button\" data-prod=\"80873\" aria-haspopup=\"dialog\" aria-expanded=\"false\" data-flatsome-role-button>Vista R\u00e1pida<\/a>\t\t\t\t\t\t\t\t\t<\/div>\n\t\t\t\t\t\t\t\t\t\t\t\t\t\t\t\t\t\t\t\t\t\t\t<\/div>\n\n\t\t\t\t\t\t\t<div class=\"box-text text-center\" >\n\t\t\t\t\t\t\t\t<div class=\"title-wrapper\">\t\t<p class=\"category uppercase is-smaller no-text-overflow product-cat op-8\">\n\t\t\tFocos Proyectores\t\t<\/p>\n\t<p class=\"name product-title woocommerce-loop-product__title\"><a href=\"https:\/\/www.tiendaled.cl\/?product=foco-led-emergencia-portatil-50w-recargable-12-220v\" class=\"woocommerce-LoopProduct-link woocommerce-loop-product__link\">Foco Led Emergencia Portatil 50w Recargable 12\/220v<\/a><\/p><\/div><div class=\"price-wrapper\">\n\t<span class=\"price\"><span class=\"woocommerce-Price-amount amount\"><bdi><span class=\"woocommerce-Price-currencySymbol\">&#36;<\/span>39.900<\/bdi><\/span><\/span>\n<\/div>\t\t\t\t\t\t\t<\/div>\n\t\t\t\t\t\t<\/div>\n\t\t\t\t\t\t<\/div>\n\t\t\t\t\t<\/div><div class=\"col\" >\n\t\t\t\t\t\t<div class=\"col-inner\">\n\t\t\t\t\t\t\n<div class=\"badge-container absolute left top z-1\">\n\n<\/div>\n\t\t\t\t\t\t<div class=\"product-small box has-hover box-normal box-text-bottom\">\n\t\t\t\t\t\t\t<div class=\"box-image\" >\n\t\t\t\t\t\t\t\t<div class=\"\" >\n\t\t\t\t\t\t\t\t\t<a href=\"https:\/\/www.tiendaled.cl\/?product=aplique-mural-led-cuadrado-negro-8x8cm-iluminacion-exterior-negro\" aria-label=\"Aplique Mural Led Cuadrado Negro 8x8cm Iluminaci\u00f3n Exterior Negro\">\n\t\t\t\t\t\t\t\t\t\t<img loading=\"lazy\" decoding=\"async\" width=\"247\" height=\"296\" src=\"https:\/\/www.tiendaled.cl\/wp-content\/uploads\/2026\/01\/dfghjk-247x296.jpg\" class=\"show-on-hover absolute fill hide-for-small back-image\" alt=\"Alternative view of Aplique Mural Led Cuadrado Negro 8x8cm Iluminaci\u00f3n Exterior Negro\" aria-hidden=\"true\" \/><img loading=\"lazy\" decoding=\"async\" width=\"247\" height=\"296\" src=\"https:\/\/www.tiendaled.cl\/wp-content\/uploads\/2026\/01\/jhgfd-247x296.jpg\" class=\"attachment-woocommerce_thumbnail size-woocommerce_thumbnail\" alt=\"Aplique Mural Led Cuadrado Negro 8x8cm Iluminaci\u00f3n Exterior Negro\" \/>\t\t\t\t\t\t\t\t\t<\/a>\n\t\t\t\t\t\t\t\t\t\t\t\t\t\t\t\t\t\t \t\t\t\t\t\t\t\t<\/div>\n\t\t\t\t\t\t\t\t<div class=\"image-tools top right show-on-hover\">\n\t\t\t\t\t\t\t\t\t\t\t\t\t\t\t\t\t<\/div>\n\t\t\t\t\t\t\t\t\t\t\t\t\t\t\t\t\t<div class=\"image-tools grid-tools text-center hide-for-small bottom hover-slide-in show-on-hover\">\n\t\t\t\t\t\t\t\t\t\t<a href=\"\/index.php?rest_route=%2Fwp%2Fv2%2Fpages%2F98&#038;add-to-cart=80856\" aria-describedby=\"woocommerce_loop_add_to_cart_link_describedby_80856\" data-quantity=\"1\" class=\"add-to-cart-grid no-padding is-transparent product_type_simple add_to_cart_button ajax_add_to_cart\" data-product_id=\"80856\" data-product_sku=\"\" aria-label=\"A\u00f1adir al carrito: &ldquo;Aplique Mural Led Cuadrado Negro 8x8cm Iluminaci\u00f3n Exterior Negro&rdquo;\" rel=\"nofollow\" data-success_message=\"\u00abAplique Mural Led Cuadrado Negro 8x8cm Iluminaci\u00f3n Exterior Negro\u00bb se ha a\u00f1adido a tu carrito\"><div class=\"cart-icon tooltip is-small\" title=\"A\u00f1adir al carrito\"><strong>+<\/strong><\/div><\/a>\t<span id=\"woocommerce_loop_add_to_cart_link_describedby_80856\" class=\"screen-reader-text\">\n\t\t\t<\/span>\n<a href=\"#quick-view\" class=\"quick-view\" role=\"button\" data-prod=\"80856\" aria-haspopup=\"dialog\" aria-expanded=\"false\" data-flatsome-role-button>Vista R\u00e1pida<\/a>\t\t\t\t\t\t\t\t\t<\/div>\n\t\t\t\t\t\t\t\t\t\t\t\t\t\t\t\t\t\t\t\t\t\t\t<\/div>\n\n\t\t\t\t\t\t\t<div class=\"box-text text-center\" >\n\t\t\t\t\t\t\t\t<div class=\"title-wrapper\">\t\t<p class=\"category uppercase is-smaller no-text-overflow product-cat op-8\">\n\t\t\tApliques\t\t<\/p>\n\t<p class=\"name product-title woocommerce-loop-product__title\"><a href=\"https:\/\/www.tiendaled.cl\/?product=aplique-mural-led-cuadrado-negro-8x8cm-iluminacion-exterior-negro\" class=\"woocommerce-LoopProduct-link woocommerce-loop-product__link\">Aplique Mural Led Cuadrado Negro 8x8cm Iluminaci\u00f3n Exterior Negro<\/a><\/p><\/div><div class=\"price-wrapper\">\n\t<span class=\"price\"><span class=\"woocommerce-Price-amount amount\"><bdi><span class=\"woocommerce-Price-currencySymbol\">&#36;<\/span>9.900<\/bdi><\/span><\/span>\n<\/div>\t\t\t\t\t\t\t<\/div>\n\t\t\t\t\t\t<\/div>\n\t\t\t\t\t\t<\/div>\n\t\t\t\t\t<\/div><div class=\"col\" >\n\t\t\t\t\t\t<div class=\"col-inner\">\n\t\t\t\t\t\t\n<div class=\"badge-container absolute left top z-1\">\n\n<\/div>\n\t\t\t\t\t\t<div class=\"product-small box has-hover box-normal box-text-bottom\">\n\t\t\t\t\t\t\t<div class=\"box-image\" >\n\t\t\t\t\t\t\t\t<div class=\"\" >\n\t\t\t\t\t\t\t\t\t<a href=\"https:\/\/www.tiendaled.cl\/?product=aplique-de-pared-farol-exterior-marron-diseno-colonial-e27-44cm-de-alto-copia\" aria-label=\"Aplique De Pared Farol Exterior Marron Dise\u00f1o Colonial E27 44cm de alto (copia)\">\n\t\t\t\t\t\t\t\t\t\t<img loading=\"lazy\" decoding=\"async\" width=\"247\" height=\"296\" src=\"https:\/\/www.tiendaled.cl\/wp-content\/uploads\/2026\/01\/4d32326c-dae2-4aad-8a5b-d56d2da8a059-247x296.jpg\" class=\"show-on-hover absolute fill hide-for-small back-image\" alt=\"Alternative view of Aplique De Pared Farol Exterior Marron Dise\u00f1o Colonial E27 44cm de alto (copia)\" aria-hidden=\"true\" \/><img loading=\"lazy\" decoding=\"async\" width=\"247\" height=\"296\" src=\"https:\/\/www.tiendaled.cl\/wp-content\/uploads\/2026\/01\/b585d6f0-bfb2-48eb-a6fb-f6d3d9ef5210-247x296.jpg\" class=\"attachment-woocommerce_thumbnail size-woocommerce_thumbnail\" alt=\"Aplique De Pared Farol Exterior Marron Dise\u00f1o Colonial E27 44cm de alto (copia)\" \/>\t\t\t\t\t\t\t\t\t<\/a>\n\t\t\t\t\t\t\t\t\t\t\t\t\t\t\t\t\t\t \t\t\t\t\t\t\t\t<\/div>\n\t\t\t\t\t\t\t\t<div class=\"image-tools top right show-on-hover\">\n\t\t\t\t\t\t\t\t\t\t\t\t\t\t\t\t\t<\/div>\n\t\t\t\t\t\t\t\t\t\t\t\t\t\t\t\t\t<div class=\"image-tools grid-tools text-center hide-for-small bottom hover-slide-in show-on-hover\">\n\t\t\t\t\t\t\t\t\t\t<a href=\"\/index.php?rest_route=%2Fwp%2Fv2%2Fpages%2F98&#038;add-to-cart=80850\" aria-describedby=\"woocommerce_loop_add_to_cart_link_describedby_80850\" data-quantity=\"1\" class=\"add-to-cart-grid no-padding is-transparent product_type_simple add_to_cart_button ajax_add_to_cart\" data-product_id=\"80850\" data-product_sku=\"\" aria-label=\"A\u00f1adir al carrito: &ldquo;Aplique De Pared Farol Exterior Marron Dise\u00f1o Colonial E27 44cm de alto (copia)&rdquo;\" rel=\"nofollow\" data-success_message=\"\u00abAplique De Pared Farol Exterior Marron Dise\u00f1o Colonial E27 44cm de alto (copia)\u00bb se ha a\u00f1adido a tu carrito\"><div class=\"cart-icon tooltip is-small\" title=\"A\u00f1adir al carrito\"><strong>+<\/strong><\/div><\/a>\t<span id=\"woocommerce_loop_add_to_cart_link_describedby_80850\" class=\"screen-reader-text\">\n\t\t\t<\/span>\n<a href=\"#quick-view\" class=\"quick-view\" role=\"button\" data-prod=\"80850\" aria-haspopup=\"dialog\" aria-expanded=\"false\" data-flatsome-role-button>Vista R\u00e1pida<\/a>\t\t\t\t\t\t\t\t\t<\/div>\n\t\t\t\t\t\t\t\t\t\t\t\t\t\t\t\t\t\t\t\t\t\t\t<\/div>\n\n\t\t\t\t\t\t\t<div class=\"box-text text-center\" >\n\t\t\t\t\t\t\t\t<div class=\"title-wrapper\">\t\t<p class=\"category uppercase is-smaller no-text-overflow product-cat op-8\">\n\t\t\tApliques\t\t<\/p>\n\t<p class=\"name product-title woocommerce-loop-product__title\"><a href=\"https:\/\/www.tiendaled.cl\/?product=aplique-de-pared-farol-exterior-marron-diseno-colonial-e27-44cm-de-alto-copia\" class=\"woocommerce-LoopProduct-link woocommerce-loop-product__link\">Aplique De Pared Farol Exterior Marron Dise\u00f1o Colonial E27 44cm de alto (copia)<\/a><\/p><\/div><div class=\"price-wrapper\">\n\t<span class=\"price\"><span class=\"woocommerce-Price-amount amount\"><bdi><span class=\"woocommerce-Price-currencySymbol\">&#36;<\/span>19.500<\/bdi><\/span><\/span>\n<\/div>\t\t\t\t\t\t\t<\/div>\n\t\t\t\t\t\t<\/div>\n\t\t\t\t\t\t<\/div>\n\t\t\t\t\t<\/div><div class=\"col\" >\n\t\t\t\t\t\t<div class=\"col-inner\">\n\t\t\t\t\t\t\n<div class=\"badge-container absolute left top z-1\">\n\n<\/div>\n\t\t\t\t\t\t<div class=\"product-small box has-hover box-normal box-text-bottom\">\n\t\t\t\t\t\t\t<div class=\"box-image\" >\n\t\t\t\t\t\t\t\t<div class=\"\" >\n\t\t\t\t\t\t\t\t\t<a href=\"https:\/\/www.tiendaled.cl\/?product=lampara-infantil-colgante-3-luicernaga-metal-vidrio-opal-e27-multicolor\" aria-label=\"L\u00e1mpara Infantil Colgante 3 Luicernaga Metal Vidrio Opal E27 Multicolor\">\n\t\t\t\t\t\t\t\t\t\t<img loading=\"lazy\" decoding=\"async\" width=\"247\" height=\"296\" src=\"https:\/\/www.tiendaled.cl\/wp-content\/uploads\/2026\/01\/170681ba-1d64-46e3-9aa9-652c1596a6ec-247x296.jpg\" class=\"show-on-hover absolute fill hide-for-small back-image\" alt=\"Alternative view of L\u00e1mpara Infantil Colgante 3 Luicernaga Metal Vidrio Opal E27 Multicolor\" aria-hidden=\"true\" \/><img loading=\"lazy\" decoding=\"async\" width=\"247\" height=\"296\" src=\"https:\/\/www.tiendaled.cl\/wp-content\/uploads\/2026\/01\/170681ba-1d64-46e3-9aa9-652c1596a6ec-247x296.jpg\" class=\"attachment-woocommerce_thumbnail size-woocommerce_thumbnail\" alt=\"L\u00e1mpara Infantil Colgante 3 Luicernaga Metal Vidrio Opal E27 Multicolor\" \/>\t\t\t\t\t\t\t\t\t<\/a>\n\t\t\t\t\t\t\t\t\t\t\t\t\t\t\t\t\t\t \t\t\t\t\t\t\t\t<\/div>\n\t\t\t\t\t\t\t\t<div class=\"image-tools top right show-on-hover\">\n\t\t\t\t\t\t\t\t\t\t\t\t\t\t\t\t\t<\/div>\n\t\t\t\t\t\t\t\t\t\t\t\t\t\t\t\t\t<div class=\"image-tools grid-tools text-center hide-for-small bottom hover-slide-in show-on-hover\">\n\t\t\t\t\t\t\t\t\t\t<a href=\"\/index.php?rest_route=%2Fwp%2Fv2%2Fpages%2F98&#038;add-to-cart=80845\" aria-describedby=\"woocommerce_loop_add_to_cart_link_describedby_80845\" data-quantity=\"1\" class=\"add-to-cart-grid no-padding is-transparent product_type_simple add_to_cart_button ajax_add_to_cart\" data-product_id=\"80845\" data-product_sku=\"\" aria-label=\"A\u00f1adir al carrito: &ldquo;L\u00e1mpara Infantil Colgante 3 Luicernaga Metal Vidrio Opal E27 Multicolor&rdquo;\" rel=\"nofollow\" data-success_message=\"\u00abL\u00e1mpara Infantil Colgante 3 Luicernaga Metal Vidrio Opal E27 Multicolor\u00bb se ha a\u00f1adido a tu carrito\"><div class=\"cart-icon tooltip is-small\" title=\"A\u00f1adir al carrito\"><strong>+<\/strong><\/div><\/a>\t<span id=\"woocommerce_loop_add_to_cart_link_describedby_80845\" class=\"screen-reader-text\">\n\t\t\t<\/span>\n<a href=\"#quick-view\" class=\"quick-view\" role=\"button\" data-prod=\"80845\" aria-haspopup=\"dialog\" aria-expanded=\"false\" data-flatsome-role-button>Vista R\u00e1pida<\/a>\t\t\t\t\t\t\t\t\t<\/div>\n\t\t\t\t\t\t\t\t\t\t\t\t\t\t\t\t\t\t\t\t\t\t\t<\/div>\n\n\t\t\t\t\t\t\t<div class=\"box-text text-center\" >\n\t\t\t\t\t\t\t\t<div class=\"title-wrapper\">\t\t<p class=\"category uppercase is-smaller no-text-overflow product-cat op-8\">\n\t\t\tLamparas Colgantes\t\t<\/p>\n\t<p class=\"name product-title woocommerce-loop-product__title\"><a href=\"https:\/\/www.tiendaled.cl\/?product=lampara-infantil-colgante-3-luicernaga-metal-vidrio-opal-e27-multicolor\" class=\"woocommerce-LoopProduct-link woocommerce-loop-product__link\">L\u00e1mpara Infantil Colgante 3 Luicernaga Metal Vidrio Opal E27 Multicolor<\/a><\/p><\/div><div class=\"price-wrapper\">\n\t<span class=\"price\"><span class=\"woocommerce-Price-amount amount\"><bdi><span class=\"woocommerce-Price-currencySymbol\">&#36;<\/span>59.500<\/bdi><\/span><\/span>\n<\/div>\t\t\t\t\t\t\t<\/div>\n\t\t\t\t\t\t<\/div>\n\t\t\t\t\t\t<\/div>\n\t\t\t\t\t<\/div><div class=\"col\" >\n\t\t\t\t\t\t<div class=\"col-inner\">\n\t\t\t\t\t\t\n<div class=\"badge-container absolute left top z-1\">\n<div class=\"callout badge badge-square\"><div class=\"badge-inner secondary on-sale\"><span class=\"onsale\">\u00a1Oferta!<\/span><\/div><\/div>\n<\/div>\n\t\t\t\t\t\t<div class=\"product-small box has-hover box-normal box-text-bottom\">\n\t\t\t\t\t\t\t<div class=\"box-image\" >\n\t\t\t\t\t\t\t\t<div class=\"\" >\n\t\t\t\t\t\t\t\t\t<a href=\"https:\/\/www.tiendaled.cl\/?product=panel-led-redondo-sobrepuesto-24w-negro-28cm-luz-fria-6500k\" aria-label=\"Panel  LED Redondo Sobrepuesto 24W Negro 28cm \u2013 Luz Fr\u00eda 6500K\">\n\t\t\t\t\t\t\t\t\t\t<img loading=\"lazy\" decoding=\"async\" width=\"247\" height=\"296\" src=\"https:\/\/www.tiendaled.cl\/wp-content\/uploads\/2026\/01\/7bab5360-6b4b-4228-ade1-014683d38b0a-247x296.jpg\" class=\"show-on-hover absolute fill hide-for-small back-image\" alt=\"Alternative view of Panel  LED Redondo Sobrepuesto 24W Negro 28cm \u2013 Luz Fr\u00eda 6500K\" aria-hidden=\"true\" \/><img loading=\"lazy\" decoding=\"async\" width=\"247\" height=\"296\" src=\"https:\/\/www.tiendaled.cl\/wp-content\/uploads\/2026\/01\/393d9e58-85a2-4015-a13e-2694123df8c2-247x296.jpg\" class=\"attachment-woocommerce_thumbnail size-woocommerce_thumbnail\" alt=\"Panel  LED Redondo Sobrepuesto 24W Negro 28cm \u2013 Luz Fr\u00eda 6500K\" \/>\t\t\t\t\t\t\t\t\t<\/a>\n\t\t\t\t\t\t\t\t\t\t\t\t\t\t\t\t\t\t \t\t\t\t\t\t\t\t<\/div>\n\t\t\t\t\t\t\t\t<div class=\"image-tools top right show-on-hover\">\n\t\t\t\t\t\t\t\t\t\t\t\t\t\t\t\t\t<\/div>\n\t\t\t\t\t\t\t\t\t\t\t\t\t\t\t\t\t<div class=\"image-tools grid-tools text-center hide-for-small bottom hover-slide-in show-on-hover\">\n\t\t\t\t\t\t\t\t\t\t<a href=\"\/index.php?rest_route=%2Fwp%2Fv2%2Fpages%2F98&#038;add-to-cart=80829\" aria-describedby=\"woocommerce_loop_add_to_cart_link_describedby_80829\" data-quantity=\"1\" class=\"add-to-cart-grid no-padding is-transparent product_type_simple add_to_cart_button ajax_add_to_cart\" data-product_id=\"80829\" data-product_sku=\"MU PLR 24LF\" aria-label=\"A\u00f1adir al carrito: &ldquo;Panel  LED Redondo Sobrepuesto 24W Negro 28cm \u2013 Luz Fr\u00eda 6500K&rdquo;\" rel=\"nofollow\" data-success_message=\"\u00abPanel  LED Redondo Sobrepuesto 24W Negro 28cm \u2013 Luz Fr\u00eda 6500K\u00bb se ha a\u00f1adido a tu carrito\"><div class=\"cart-icon tooltip is-small\" title=\"A\u00f1adir al carrito\"><strong>+<\/strong><\/div><\/a>\t<span id=\"woocommerce_loop_add_to_cart_link_describedby_80829\" class=\"screen-reader-text\">\n\t\t\t<\/span>\n<a href=\"#quick-view\" class=\"quick-view\" role=\"button\" data-prod=\"80829\" aria-haspopup=\"dialog\" aria-expanded=\"false\" data-flatsome-role-button>Vista R\u00e1pida<\/a>\t\t\t\t\t\t\t\t\t<\/div>\n\t\t\t\t\t\t\t\t\t\t\t\t\t\t\t\t\t\t\t\t\t\t\t<\/div>\n\n\t\t\t\t\t\t\t<div class=\"box-text text-center\" >\n\t\t\t\t\t\t\t\t<div class=\"title-wrapper\">\t\t<p class=\"category uppercase is-smaller no-text-overflow product-cat op-8\">\n\t\t\tLamparas Techo\t\t<\/p>\n\t<p class=\"name product-title woocommerce-loop-product__title\"><a href=\"https:\/\/www.tiendaled.cl\/?product=panel-led-redondo-sobrepuesto-24w-negro-28cm-luz-fria-6500k\" class=\"woocommerce-LoopProduct-link woocommerce-loop-product__link\">Panel  LED Redondo Sobrepuesto 24W Negro 28cm \u2013 Luz Fr\u00eda 6500K<\/a><\/p><\/div><div class=\"price-wrapper\">\n\t<span class=\"price\"><del aria-hidden=\"true\"><span class=\"woocommerce-Price-amount amount\"><bdi><span class=\"woocommerce-Price-currencySymbol\">&#36;<\/span>7.900<\/bdi><\/span><\/del> <span class=\"screen-reader-text\">El precio original era: &#036;7.900.<\/span><ins aria-hidden=\"true\"><span class=\"woocommerce-Price-amount amount\"><bdi><span class=\"woocommerce-Price-currencySymbol\">&#36;<\/span>6.900<\/bdi><\/span><\/ins><span class=\"screen-reader-text\">El precio actual es: &#036;6.900.<\/span><\/span>\n<\/div>\t\t\t\t\t\t\t<\/div>\n\t\t\t\t\t\t<\/div>\n\t\t\t\t\t\t<\/div>\n\t\t\t\t\t<\/div><div class=\"col\" >\n\t\t\t\t\t\t<div class=\"col-inner\">\n\t\t\t\t\t\t\n<div class=\"badge-container absolute left top z-1\">\n\n<\/div>\n\t\t\t\t\t\t<div class=\"product-small box has-hover box-normal box-text-bottom\">\n\t\t\t\t\t\t\t<div class=\"box-image\" >\n\t\t\t\t\t\t\t\t<div class=\"\" >\n\t\t\t\t\t\t\t\t\t<a href=\"https:\/\/www.tiendaled.cl\/?product=ampolleta-led-12w-e27-6500k-luz-fria-17cm-bajo-consumo-y-alta-iluminacion-copia\" aria-label=\"Ampolleta LED 12W E27 6500K Luz Fr\u00eda 17cm \u2013 Bajo Consumo y Alta Iluminaci\u00f3n (copia)\">\n\t\t\t\t\t\t\t\t\t\t<img loading=\"lazy\" decoding=\"async\" width=\"247\" height=\"296\" src=\"https:\/\/www.tiendaled.cl\/wp-content\/uploads\/2025\/09\/4a6354c9-5a52-4dea-99cc-084fe7d732b7-247x296.jpg\" class=\"show-on-hover absolute fill hide-for-small back-image\" alt=\"Alternative view of Ampolleta LED 12W E27 6500K Luz Fr\u00eda 17cm \u2013 Bajo Consumo y Alta Iluminaci\u00f3n (copia)\" aria-hidden=\"true\" \/><img loading=\"lazy\" decoding=\"async\" width=\"247\" height=\"296\" src=\"https:\/\/www.tiendaled.cl\/wp-content\/uploads\/2026\/01\/2cbbbda3-1096-4348-bfc0-673a87e1d66b-247x296.jpg\" class=\"attachment-woocommerce_thumbnail size-woocommerce_thumbnail\" alt=\"Ampolleta LED 12W E27 6500K Luz Fr\u00eda 17cm \u2013 Bajo Consumo y Alta Iluminaci\u00f3n (copia)\" \/>\t\t\t\t\t\t\t\t\t<\/a>\n\t\t\t\t\t\t\t\t\t\t\t\t\t\t\t\t\t\t \t\t\t\t\t\t\t\t<\/div>\n\t\t\t\t\t\t\t\t<div class=\"image-tools top right show-on-hover\">\n\t\t\t\t\t\t\t\t\t\t\t\t\t\t\t\t\t<\/div>\n\t\t\t\t\t\t\t\t\t\t\t\t\t\t\t\t\t<div class=\"image-tools grid-tools text-center hide-for-small bottom hover-slide-in show-on-hover\">\n\t\t\t\t\t\t\t\t\t\t<a href=\"\/index.php?rest_route=%2Fwp%2Fv2%2Fpages%2F98&#038;add-to-cart=80826\" aria-describedby=\"woocommerce_loop_add_to_cart_link_describedby_80826\" data-quantity=\"1\" class=\"add-to-cart-grid no-padding is-transparent product_type_simple add_to_cart_button ajax_add_to_cart\" data-product_id=\"80826\" data-product_sku=\"CM -T12-1\" aria-label=\"A\u00f1adir al carrito: &ldquo;Ampolleta LED 12W E27 6500K Luz Fr\u00eda 17cm \u2013 Bajo Consumo y Alta Iluminaci\u00f3n (copia)&rdquo;\" rel=\"nofollow\" data-success_message=\"\u00abAmpolleta LED 12W E27 6500K Luz Fr\u00eda 17cm \u2013 Bajo Consumo y Alta Iluminaci\u00f3n (copia)\u00bb se ha a\u00f1adido a tu carrito\"><div class=\"cart-icon tooltip is-small\" title=\"A\u00f1adir al carrito\"><strong>+<\/strong><\/div><\/a>\t<span id=\"woocommerce_loop_add_to_cart_link_describedby_80826\" class=\"screen-reader-text\">\n\t\t\t<\/span>\n<a href=\"#quick-view\" class=\"quick-view\" role=\"button\" data-prod=\"80826\" aria-haspopup=\"dialog\" aria-expanded=\"false\" data-flatsome-role-button>Vista R\u00e1pida<\/a>\t\t\t\t\t\t\t\t\t<\/div>\n\t\t\t\t\t\t\t\t\t\t\t\t\t\t\t\t\t\t\t\t\t\t\t<\/div>\n\n\t\t\t\t\t\t\t<div class=\"box-text text-center\" >\n\t\t\t\t\t\t\t\t<div class=\"title-wrapper\">\t\t<p class=\"category uppercase is-smaller no-text-overflow product-cat op-8\">\n\t\t\tAmpolletas Led\t\t<\/p>\n\t<p class=\"name product-title woocommerce-loop-product__title\"><a href=\"https:\/\/www.tiendaled.cl\/?product=ampolleta-led-12w-e27-6500k-luz-fria-17cm-bajo-consumo-y-alta-iluminacion-copia\" class=\"woocommerce-LoopProduct-link woocommerce-loop-product__link\">Ampolleta LED 12W E27 6500K Luz Fr\u00eda 17cm \u2013 Bajo Consumo y Alta Iluminaci\u00f3n (copia)<\/a><\/p><\/div><div class=\"price-wrapper\">\n\t<span class=\"price\"><span class=\"woocommerce-Price-amount amount\"><bdi><span class=\"woocommerce-Price-currencySymbol\">&#36;<\/span>1.600<\/bdi><\/span><\/span>\n<\/div>\t\t\t\t\t\t\t<\/div>\n\t\t\t\t\t\t<\/div>\n\t\t\t\t\t\t<\/div>\n\t\t\t\t\t<\/div><div class=\"col\" >\n\t\t\t\t\t\t<div class=\"col-inner\">\n\t\t\t\t\t\t\n<div class=\"badge-container absolute left top z-1\">\n\n<\/div>\n\t\t\t\t\t\t<div class=\"product-small box has-hover box-normal box-text-bottom\">\n\t\t\t\t\t\t\t<div class=\"box-image\" >\n\t\t\t\t\t\t\t\t<div class=\"\" >\n\t\t\t\t\t\t\t\t\t<a href=\"https:\/\/www.tiendaled.cl\/?product=reflector-solar-led-500w-exterior-con-panel-solar-y-control-remoto-ip65-iluminacion-potente-sin-electricidad\" aria-label=\"Reflector Solar LED 500W Exterior con Panel Solar y Control Remoto IP65 \u2013 Iluminaci\u00f3n Potente sin Electricidad\">\n\t\t\t\t\t\t\t\t\t\t<img loading=\"lazy\" decoding=\"async\" width=\"247\" height=\"296\" src=\"https:\/\/www.tiendaled.cl\/wp-content\/uploads\/2025\/12\/7b6ef2dd-120b-4a2a-be68-d8f7fbf84583-247x296.jpg\" class=\"show-on-hover absolute fill hide-for-small back-image\" alt=\"Alternative view of Reflector Solar LED 500W Exterior con Panel Solar y Control Remoto IP65 \u2013 Iluminaci\u00f3n Potente sin Electricidad\" aria-hidden=\"true\" \/><img loading=\"lazy\" decoding=\"async\" width=\"247\" height=\"296\" src=\"https:\/\/www.tiendaled.cl\/wp-content\/uploads\/2025\/12\/78495dfe-b652-4dcf-8cf3-ed1f62e3ec53-247x296.jpg\" class=\"attachment-woocommerce_thumbnail size-woocommerce_thumbnail\" alt=\"Reflector Solar LED 500W Exterior con Panel Solar y Control Remoto IP65 \u2013 Iluminaci\u00f3n Potente sin Electricidad\" \/>\t\t\t\t\t\t\t\t\t<\/a>\n\t\t\t\t\t\t\t\t\t\t\t\t\t\t\t\t\t\t \t\t\t\t\t\t\t\t<\/div>\n\t\t\t\t\t\t\t\t<div class=\"image-tools top right show-on-hover\">\n\t\t\t\t\t\t\t\t\t\t\t\t\t\t\t\t\t<\/div>\n\t\t\t\t\t\t\t\t\t\t\t\t\t\t\t\t\t<div class=\"image-tools grid-tools text-center hide-for-small bottom hover-slide-in show-on-hover\">\n\t\t\t\t\t\t\t\t\t\t<a href=\"\/index.php?rest_route=%2Fwp%2Fv2%2Fpages%2F98&#038;add-to-cart=80817\" aria-describedby=\"woocommerce_loop_add_to_cart_link_describedby_80817\" data-quantity=\"1\" class=\"add-to-cart-grid no-padding is-transparent product_type_simple add_to_cart_button ajax_add_to_cart\" data-product_id=\"80817\" data-product_sku=\"CM 410-10\" aria-label=\"A\u00f1adir al carrito: &ldquo;Reflector Solar LED 500W Exterior con Panel Solar y Control Remoto IP65 \u2013 Iluminaci\u00f3n Potente sin Electricidad&rdquo;\" rel=\"nofollow\" data-success_message=\"\u00abReflector Solar LED 500W Exterior con Panel Solar y Control Remoto IP65 \u2013 Iluminaci\u00f3n Potente sin Electricidad\u00bb se ha a\u00f1adido a tu carrito\"><div class=\"cart-icon tooltip is-small\" title=\"A\u00f1adir al carrito\"><strong>+<\/strong><\/div><\/a>\t<span id=\"woocommerce_loop_add_to_cart_link_describedby_80817\" class=\"screen-reader-text\">\n\t\t\t<\/span>\n<a href=\"#quick-view\" class=\"quick-view\" role=\"button\" data-prod=\"80817\" aria-haspopup=\"dialog\" aria-expanded=\"false\" data-flatsome-role-button>Vista R\u00e1pida<\/a>\t\t\t\t\t\t\t\t\t<\/div>\n\t\t\t\t\t\t\t\t\t\t\t\t\t\t\t\t\t\t\t\t\t\t\t<\/div>\n\n\t\t\t\t\t\t\t<div class=\"box-text text-center\" >\n\t\t\t\t\t\t\t\t<div class=\"title-wrapper\">\t\t<p class=\"category uppercase is-smaller no-text-overflow product-cat op-8\">\n\t\t\tFocos Proyectores\t\t<\/p>\n\t<p class=\"name product-title woocommerce-loop-product__title\"><a href=\"https:\/\/www.tiendaled.cl\/?product=reflector-solar-led-500w-exterior-con-panel-solar-y-control-remoto-ip65-iluminacion-potente-sin-electricidad\" class=\"woocommerce-LoopProduct-link woocommerce-loop-product__link\">Reflector Solar LED 500W Exterior con Panel Solar y Control Remoto IP65 \u2013 Iluminaci\u00f3n Potente sin Electricidad<\/a><\/p><\/div><div class=\"price-wrapper\">\n\t<span class=\"price\"><span class=\"woocommerce-Price-amount amount\"><bdi><span class=\"woocommerce-Price-currencySymbol\">&#36;<\/span>34.900<\/bdi><\/span><\/span>\n<\/div>\t\t\t\t\t\t\t<\/div>\n\t\t\t\t\t\t<\/div>\n\t\t\t\t\t\t<\/div>\n\t\t\t\t\t<\/div><div class=\"col\" >\n\t\t\t\t\t\t<div class=\"col-inner\">\n\t\t\t\t\t\t\n<div class=\"badge-container absolute left top z-1\">\n\n<\/div>\n\t\t\t\t\t\t<div class=\"product-small box has-hover box-normal box-text-bottom\">\n\t\t\t\t\t\t\t<div class=\"box-image\" >\n\t\t\t\t\t\t\t\t<div class=\"\" >\n\t\t\t\t\t\t\t\t\t<a href=\"https:\/\/www.tiendaled.cl\/?product=ampolleta-led-vintage-edison-g95-filamento-6w-luz-calida-2700k-e27\" aria-label=\"Ampolleta LED Vintage Edison G95 Filamento 6W Luz C\u00e1lida 2700K E27\">\n\t\t\t\t\t\t\t\t\t\t<img loading=\"lazy\" decoding=\"async\" width=\"247\" height=\"296\" src=\"https:\/\/www.tiendaled.cl\/wp-content\/uploads\/2025\/12\/32e79f8f-4be4-4477-babd-5c17c1936083-247x296.jpg\" class=\"show-on-hover absolute fill hide-for-small back-image\" alt=\"Alternative view of Ampolleta LED Vintage Edison G95 Filamento 6W Luz C\u00e1lida 2700K E27\" aria-hidden=\"true\" \/><img loading=\"lazy\" decoding=\"async\" width=\"247\" height=\"296\" src=\"https:\/\/www.tiendaled.cl\/wp-content\/uploads\/2025\/12\/a674cd83-42cb-475a-aa20-4cb86bad66b5-247x296.jpg\" class=\"attachment-woocommerce_thumbnail size-woocommerce_thumbnail\" alt=\"Ampolleta LED Vintage Edison G95 Filamento 6W Luz C\u00e1lida 2700K E27\" \/>\t\t\t\t\t\t\t\t\t<\/a>\n\t\t\t\t\t\t\t\t\t\t\t\t\t\t\t\t\t\t \t\t\t\t\t\t\t\t<\/div>\n\t\t\t\t\t\t\t\t<div class=\"image-tools top right show-on-hover\">\n\t\t\t\t\t\t\t\t\t\t\t\t\t\t\t\t\t<\/div>\n\t\t\t\t\t\t\t\t\t\t\t\t\t\t\t\t\t<div class=\"image-tools grid-tools text-center hide-for-small bottom hover-slide-in show-on-hover\">\n\t\t\t\t\t\t\t\t\t\t<a href=\"\/index.php?rest_route=%2Fwp%2Fv2%2Fpages%2F98&#038;add-to-cart=80807\" aria-describedby=\"woocommerce_loop_add_to_cart_link_describedby_80807\" data-quantity=\"1\" class=\"add-to-cart-grid no-padding is-transparent product_type_simple add_to_cart_button ajax_add_to_cart\" data-product_id=\"80807\" data-product_sku=\"\" aria-label=\"A\u00f1adir al carrito: &ldquo;Ampolleta LED Vintage Edison G95 Filamento 6W Luz C\u00e1lida 2700K E27&rdquo;\" rel=\"nofollow\" data-success_message=\"\u00abAmpolleta LED Vintage Edison G95 Filamento 6W Luz C\u00e1lida 2700K E27\u00bb se ha a\u00f1adido a tu carrito\"><div class=\"cart-icon tooltip is-small\" title=\"A\u00f1adir al carrito\"><strong>+<\/strong><\/div><\/a>\t<span id=\"woocommerce_loop_add_to_cart_link_describedby_80807\" class=\"screen-reader-text\">\n\t\t\t<\/span>\n<a href=\"#quick-view\" class=\"quick-view\" role=\"button\" data-prod=\"80807\" aria-haspopup=\"dialog\" aria-expanded=\"false\" data-flatsome-role-button>Vista R\u00e1pida<\/a>\t\t\t\t\t\t\t\t\t<\/div>\n\t\t\t\t\t\t\t\t\t\t\t\t\t\t\t\t\t\t\t\t\t\t\t<\/div>\n\n\t\t\t\t\t\t\t<div class=\"box-text text-center\" >\n\t\t\t\t\t\t\t\t<div class=\"title-wrapper\">\t\t<p class=\"category uppercase is-smaller no-text-overflow product-cat op-8\">\n\t\t\tAmpolletas Led\t\t<\/p>\n\t<p class=\"name product-title woocommerce-loop-product__title\"><a href=\"https:\/\/www.tiendaled.cl\/?product=ampolleta-led-vintage-edison-g95-filamento-6w-luz-calida-2700k-e27\" class=\"woocommerce-LoopProduct-link woocommerce-loop-product__link\">Ampolleta LED Vintage Edison G95 Filamento 6W Luz C\u00e1lida 2700K E27<\/a><\/p><\/div><div class=\"price-wrapper\">\n\t<span class=\"price\"><span class=\"woocommerce-Price-amount amount\"><bdi><span class=\"woocommerce-Price-currencySymbol\">&#36;<\/span>3.490<\/bdi><\/span><\/span>\n<\/div>\t\t\t\t\t\t\t<\/div>\n\t\t\t\t\t\t<\/div>\n\t\t\t\t\t\t<\/div>\n\t\t\t\t\t<\/div><div class=\"col\" >\n\t\t\t\t\t\t<div class=\"col-inner\">\n\t\t\t\t\t\t\n<div class=\"badge-container absolute left top z-1\">\n<div class=\"callout badge badge-square\"><div class=\"badge-inner secondary on-sale\"><span class=\"onsale\">\u00a1Oferta!<\/span><\/div><\/div>\n<\/div>\n\t\t\t\t\t\t<div class=\"product-small box has-hover box-normal box-text-bottom\">\n\t\t\t\t\t\t\t<div class=\"box-image\" >\n\t\t\t\t\t\t\t\t<div class=\"\" >\n\t\t\t\t\t\t\t\t\t<a href=\"https:\/\/www.tiendaled.cl\/?product=lampara-solar-industrial-200w-con-control-remoto-y-panel-solar-16w\" aria-label=\"L\u00e1mpara Solar Industrial 200W con Control Remoto y Panel Solar 16W\">\n\t\t\t\t\t\t\t\t\t\t<img loading=\"lazy\" decoding=\"async\" width=\"247\" height=\"296\" src=\"https:\/\/www.tiendaled.cl\/wp-content\/uploads\/2025\/12\/59793e34-ccb8-4a90-8c62-28243fe38fe1-247x296.jpg\" class=\"show-on-hover absolute fill hide-for-small back-image\" alt=\"Alternative view of L\u00e1mpara Solar Industrial 200W con Control Remoto y Panel Solar 16W\" aria-hidden=\"true\" \/><img loading=\"lazy\" decoding=\"async\" width=\"247\" height=\"296\" src=\"https:\/\/www.tiendaled.cl\/wp-content\/uploads\/2025\/12\/b9bc933e-42aa-488d-a116-e1619b963fa8-247x296.jpg\" class=\"attachment-woocommerce_thumbnail size-woocommerce_thumbnail\" alt=\"L\u00e1mpara Solar Industrial 200W con Control Remoto y Panel Solar 16W\" \/>\t\t\t\t\t\t\t\t\t<\/a>\n\t\t\t\t\t\t\t\t\t\t\t\t\t\t\t\t\t\t \t\t\t\t\t\t\t\t<\/div>\n\t\t\t\t\t\t\t\t<div class=\"image-tools top right show-on-hover\">\n\t\t\t\t\t\t\t\t\t\t\t\t\t\t\t\t\t<\/div>\n\t\t\t\t\t\t\t\t\t\t\t\t\t\t\t\t\t<div class=\"image-tools grid-tools text-center hide-for-small bottom hover-slide-in show-on-hover\">\n\t\t\t\t\t\t\t\t\t\t<a href=\"\/index.php?rest_route=%2Fwp%2Fv2%2Fpages%2F98&#038;add-to-cart=80801\" aria-describedby=\"woocommerce_loop_add_to_cart_link_describedby_80801\" data-quantity=\"1\" class=\"add-to-cart-grid no-padding is-transparent product_type_simple add_to_cart_button ajax_add_to_cart\" data-product_id=\"80801\" data-product_sku=\"\" aria-label=\"A\u00f1adir al carrito: &ldquo;L\u00e1mpara Solar Industrial 200W con Control Remoto y Panel Solar 16W&rdquo;\" rel=\"nofollow\" data-success_message=\"\u00abL\u00e1mpara Solar Industrial 200W con Control Remoto y Panel Solar 16W\u00bb se ha a\u00f1adido a tu carrito\"><div class=\"cart-icon tooltip is-small\" title=\"A\u00f1adir al carrito\"><strong>+<\/strong><\/div><\/a>\t<span id=\"woocommerce_loop_add_to_cart_link_describedby_80801\" class=\"screen-reader-text\">\n\t\t\t<\/span>\n<a href=\"#quick-view\" class=\"quick-view\" role=\"button\" data-prod=\"80801\" aria-haspopup=\"dialog\" aria-expanded=\"false\" data-flatsome-role-button>Vista R\u00e1pida<\/a>\t\t\t\t\t\t\t\t\t<\/div>\n\t\t\t\t\t\t\t\t\t\t\t\t\t\t\t\t\t\t\t\t\t\t\t<\/div>\n\n\t\t\t\t\t\t\t<div class=\"box-text text-center\" >\n\t\t\t\t\t\t\t\t<div class=\"title-wrapper\">\t\t<p class=\"category uppercase is-smaller no-text-overflow product-cat op-8\">\n\t\t\tCampanas Led\t\t<\/p>\n\t<p class=\"name product-title woocommerce-loop-product__title\"><a href=\"https:\/\/www.tiendaled.cl\/?product=lampara-solar-industrial-200w-con-control-remoto-y-panel-solar-16w\" class=\"woocommerce-LoopProduct-link woocommerce-loop-product__link\">L\u00e1mpara Solar Industrial 200W con Control Remoto y Panel Solar 16W<\/a><\/p><\/div><div class=\"price-wrapper\">\n\t<span class=\"price\"><del aria-hidden=\"true\"><span class=\"woocommerce-Price-amount amount\"><bdi><span class=\"woocommerce-Price-currencySymbol\">&#36;<\/span>42.500<\/bdi><\/span><\/del> <span class=\"screen-reader-text\">El precio original era: &#036;42.500.<\/span><ins aria-hidden=\"true\"><span class=\"woocommerce-Price-amount amount\"><bdi><span class=\"woocommerce-Price-currencySymbol\">&#36;<\/span>38.500<\/bdi><\/span><\/ins><span class=\"screen-reader-text\">El precio actual es: &#036;38.500.<\/span><\/span>\n<\/div>\t\t\t\t\t\t\t<\/div>\n\t\t\t\t\t\t<\/div>\n\t\t\t\t\t\t<\/div>\n\t\t\t\t\t<\/div><div class=\"col\" >\n\t\t\t\t\t\t<div class=\"col-inner\">\n\t\t\t\t\t\t\n<div class=\"badge-container absolute left top z-1\">\n<div class=\"callout badge badge-square\"><div class=\"badge-inner secondary on-sale\"><span class=\"onsale\">\u00a1Oferta!<\/span><\/div><\/div>\n<\/div>\n\t\t\t\t\t\t<div class=\"product-small box has-hover box-normal box-text-bottom\">\n\t\t\t\t\t\t\t<div class=\"box-image\" >\n\t\t\t\t\t\t\t\t<div class=\"\" >\n\t\t\t\t\t\t\t\t\t<a href=\"https:\/\/www.tiendaled.cl\/?product=foco-led-solar-70w-recargable-usb-uso-exterior-y-emergencia\" aria-label=\"Foco Led Solar 70w Recargable Usb Uso Exterior Y Emergencia\">\n\t\t\t\t\t\t\t\t\t\t<img loading=\"lazy\" decoding=\"async\" width=\"247\" height=\"296\" src=\"https:\/\/www.tiendaled.cl\/wp-content\/uploads\/2025\/12\/1afaff1f-02f3-4dc5-8771-15afad0a2593-247x296.jpg\" class=\"show-on-hover absolute fill hide-for-small back-image\" alt=\"Alternative view of Foco Led Solar 70w Recargable Usb Uso Exterior Y Emergencia\" aria-hidden=\"true\" \/><img loading=\"lazy\" decoding=\"async\" width=\"247\" height=\"296\" src=\"https:\/\/www.tiendaled.cl\/wp-content\/uploads\/2025\/12\/1afaff1f-02f3-4dc5-8771-15afad0a2593-247x296.jpg\" class=\"attachment-woocommerce_thumbnail size-woocommerce_thumbnail\" alt=\"Foco Led Solar 70w Recargable Usb Uso Exterior Y Emergencia\" \/>\t\t\t\t\t\t\t\t\t<\/a>\n\t\t\t\t\t\t\t\t\t\t\t\t\t\t\t\t\t\t \t\t\t\t\t\t\t\t<\/div>\n\t\t\t\t\t\t\t\t<div class=\"image-tools top right show-on-hover\">\n\t\t\t\t\t\t\t\t\t\t\t\t\t\t\t\t\t<\/div>\n\t\t\t\t\t\t\t\t\t\t\t\t\t\t\t\t\t<div class=\"image-tools grid-tools text-center hide-for-small bottom hover-slide-in show-on-hover\">\n\t\t\t\t\t\t\t\t\t\t<a href=\"\/index.php?rest_route=%2Fwp%2Fv2%2Fpages%2F98&#038;add-to-cart=80792\" aria-describedby=\"woocommerce_loop_add_to_cart_link_describedby_80792\" data-quantity=\"1\" class=\"add-to-cart-grid no-padding is-transparent product_type_simple add_to_cart_button ajax_add_to_cart\" data-product_id=\"80792\" data-product_sku=\"JD-Y70\" aria-label=\"A\u00f1adir al carrito: &ldquo;Foco Led Solar 70w Recargable Usb Uso Exterior Y Emergencia&rdquo;\" rel=\"nofollow\" data-success_message=\"\u00abFoco Led Solar 70w Recargable Usb Uso Exterior Y Emergencia\u00bb se ha a\u00f1adido a tu carrito\"><div class=\"cart-icon tooltip is-small\" title=\"A\u00f1adir al carrito\"><strong>+<\/strong><\/div><\/a>\t<span id=\"woocommerce_loop_add_to_cart_link_describedby_80792\" class=\"screen-reader-text\">\n\t\t\t<\/span>\n<a href=\"#quick-view\" class=\"quick-view\" role=\"button\" data-prod=\"80792\" aria-haspopup=\"dialog\" aria-expanded=\"false\" data-flatsome-role-button>Vista R\u00e1pida<\/a>\t\t\t\t\t\t\t\t\t<\/div>\n\t\t\t\t\t\t\t\t\t\t\t\t\t\t\t\t\t\t\t\t\t\t\t<\/div>\n\n\t\t\t\t\t\t\t<div class=\"box-text text-center\" >\n\t\t\t\t\t\t\t\t<div class=\"title-wrapper\">\t\t<p class=\"category uppercase is-smaller no-text-overflow product-cat op-8\">\n\t\t\tFocos Proyectores\t\t<\/p>\n\t<p class=\"name product-title woocommerce-loop-product__title\"><a href=\"https:\/\/www.tiendaled.cl\/?product=foco-led-solar-70w-recargable-usb-uso-exterior-y-emergencia\" class=\"woocommerce-LoopProduct-link woocommerce-loop-product__link\">Foco Led Solar 70w Recargable Usb Uso Exterior Y Emergencia<\/a><\/p><\/div><div class=\"price-wrapper\">\n\t<span class=\"price\"><del aria-hidden=\"true\"><span class=\"woocommerce-Price-amount amount\"><bdi><span class=\"woocommerce-Price-currencySymbol\">&#36;<\/span>24.900<\/bdi><\/span><\/del> <span class=\"screen-reader-text\">El precio original era: &#036;24.900.<\/span><ins aria-hidden=\"true\"><span class=\"woocommerce-Price-amount amount\"><bdi><span class=\"woocommerce-Price-currencySymbol\">&#36;<\/span>19.900<\/bdi><\/span><\/ins><span class=\"screen-reader-text\">El precio actual es: &#036;19.900.<\/span><\/span>\n<\/div>\t\t\t\t\t\t\t<\/div>\n\t\t\t\t\t\t<\/div>\n\t\t\t\t\t\t<\/div>\n\t\t\t\t\t<\/div><div class=\"col\" >\n\t\t\t\t\t\t<div class=\"col-inner\">\n\t\t\t\t\t\t\n<div class=\"badge-container absolute left top z-1\">\n\n<\/div>\n\t\t\t\t\t\t<div class=\"product-small box has-hover box-normal box-text-bottom\">\n\t\t\t\t\t\t\t<div class=\"box-image\" >\n\t\t\t\t\t\t\t\t<div class=\"\" >\n\t\t\t\t\t\t\t\t\t<a href=\"https:\/\/www.tiendaled.cl\/?product=ampolleta-led-e27-a60-blanca-bajo-consumo-alta-iluminacion\" aria-label=\"Ampolleta Led E27 A60 Blanca, Bajo Consumo, Alta Iluminacion\">\n\t\t\t\t\t\t\t\t\t\t<img loading=\"lazy\" decoding=\"async\" width=\"247\" height=\"296\" src=\"https:\/\/www.tiendaled.cl\/wp-content\/uploads\/2025\/12\/c506f431-b058-4740-b7e6-3cc92aa649d0-247x296.jpg\" class=\"show-on-hover absolute fill hide-for-small back-image\" alt=\"Alternative view of Ampolleta Led E27 A60 Blanca, Bajo Consumo, Alta Iluminacion\" aria-hidden=\"true\" \/><img loading=\"lazy\" decoding=\"async\" width=\"247\" height=\"296\" src=\"https:\/\/www.tiendaled.cl\/wp-content\/uploads\/2025\/12\/e17c3d42-ddd2-4caf-b841-380c6ce1da52-247x296.jpg\" class=\"attachment-woocommerce_thumbnail size-woocommerce_thumbnail\" alt=\"Ampolleta Led E27 A60 Blanca, Bajo Consumo, Alta Iluminacion\" \/>\t\t\t\t\t\t\t\t\t<\/a>\n\t\t\t\t\t\t\t\t\t\t\t\t\t\t\t\t\t\t \t\t\t\t\t\t\t\t<\/div>\n\t\t\t\t\t\t\t\t<div class=\"image-tools top right show-on-hover\">\n\t\t\t\t\t\t\t\t\t\t\t\t\t\t\t\t\t<\/div>\n\t\t\t\t\t\t\t\t\t\t\t\t\t\t\t\t\t<div class=\"image-tools grid-tools text-center hide-for-small bottom hover-slide-in show-on-hover\">\n\t\t\t\t\t\t\t\t\t\t<a href=\"\/index.php?rest_route=%2Fwp%2Fv2%2Fpages%2F98&#038;add-to-cart=80737\" aria-describedby=\"woocommerce_loop_add_to_cart_link_describedby_80737\" data-quantity=\"1\" class=\"add-to-cart-grid no-padding is-transparent product_type_simple add_to_cart_button ajax_add_to_cart\" data-product_id=\"80737\" data-product_sku=\"\" aria-label=\"A\u00f1adir al carrito: &ldquo;Ampolleta Led E27 A60 Blanca, Bajo Consumo, Alta Iluminacion&rdquo;\" rel=\"nofollow\" data-success_message=\"\u00abAmpolleta Led E27 A60 Blanca, Bajo Consumo, Alta Iluminacion\u00bb se ha a\u00f1adido a tu carrito\"><div class=\"cart-icon tooltip is-small\" title=\"A\u00f1adir al carrito\"><strong>+<\/strong><\/div><\/a>\t<span id=\"woocommerce_loop_add_to_cart_link_describedby_80737\" class=\"screen-reader-text\">\n\t\t\t<\/span>\n<a href=\"#quick-view\" class=\"quick-view\" role=\"button\" data-prod=\"80737\" aria-haspopup=\"dialog\" aria-expanded=\"false\" data-flatsome-role-button>Vista R\u00e1pida<\/a>\t\t\t\t\t\t\t\t\t<\/div>\n\t\t\t\t\t\t\t\t\t\t\t\t\t\t\t\t\t\t\t\t\t\t\t<\/div>\n\n\t\t\t\t\t\t\t<div class=\"box-text text-center\" >\n\t\t\t\t\t\t\t\t<div class=\"title-wrapper\">\t\t<p class=\"category uppercase is-smaller no-text-overflow product-cat op-8\">\n\t\t\tAmpolletas Led\t\t<\/p>\n\t<p class=\"name product-title woocommerce-loop-product__title\"><a href=\"https:\/\/www.tiendaled.cl\/?product=ampolleta-led-e27-a60-blanca-bajo-consumo-alta-iluminacion\" class=\"woocommerce-LoopProduct-link woocommerce-loop-product__link\">Ampolleta Led E27 A60 Blanca, Bajo Consumo, Alta Iluminacion<\/a><\/p><\/div><div class=\"price-wrapper\">\n\t<span class=\"price\"><span class=\"woocommerce-Price-amount amount\"><bdi><span class=\"woocommerce-Price-currencySymbol\">&#36;<\/span>2.490<\/bdi><\/span><\/span>\n<\/div>\t\t\t\t\t\t\t<\/div>\n\t\t\t\t\t\t<\/div>\n\t\t\t\t\t\t<\/div>\n\t\t\t\t\t<\/div><div class=\"col\" >\n\t\t\t\t\t\t<div class=\"col-inner\">\n\t\t\t\t\t\t\n<div class=\"badge-container absolute left top z-1\">\n\n<\/div>\n\t\t\t\t\t\t<div class=\"product-small box has-hover box-normal box-text-bottom\">\n\t\t\t\t\t\t\t<div class=\"box-image\" >\n\t\t\t\t\t\t\t\t<div class=\"\" >\n\t\t\t\t\t\t\t\t\t<a href=\"https:\/\/www.tiendaled.cl\/?product=lampara-led-solar-de-techo-150w-con-panel-solar-y-control-remoto-ip65\" aria-label=\"L\u00e1mpara LED Solar de Techo 150W con Panel Solar y Control Remoto IP65\">\n\t\t\t\t\t\t\t\t\t\t<img loading=\"lazy\" decoding=\"async\" width=\"247\" height=\"296\" src=\"https:\/\/www.tiendaled.cl\/wp-content\/uploads\/2025\/12\/be7993e7-7ac5-4088-bd30-397c7a77ab94-247x296.jpg\" class=\"show-on-hover absolute fill hide-for-small back-image\" alt=\"Alternative view of L\u00e1mpara LED Solar de Techo 150W con Panel Solar y Control Remoto IP65\" aria-hidden=\"true\" \/><img loading=\"lazy\" decoding=\"async\" width=\"247\" height=\"296\" src=\"https:\/\/www.tiendaled.cl\/wp-content\/uploads\/2025\/12\/be7993e7-7ac5-4088-bd30-397c7a77ab94-247x296.jpg\" class=\"attachment-woocommerce_thumbnail size-woocommerce_thumbnail\" alt=\"L\u00e1mpara LED Solar de Techo 150W con Panel Solar y Control Remoto IP65\" \/>\t\t\t\t\t\t\t\t\t<\/a>\n\t\t\t\t\t\t\t\t\t\t\t\t\t\t\t\t\t\t \t\t\t\t\t\t\t\t<\/div>\n\t\t\t\t\t\t\t\t<div class=\"image-tools top right show-on-hover\">\n\t\t\t\t\t\t\t\t\t\t\t\t\t\t\t\t\t<\/div>\n\t\t\t\t\t\t\t\t\t\t\t\t\t\t\t\t\t<div class=\"image-tools grid-tools text-center hide-for-small bottom hover-slide-in show-on-hover\">\n\t\t\t\t\t\t\t\t\t\t<a href=\"\/index.php?rest_route=%2Fwp%2Fv2%2Fpages%2F98&#038;add-to-cart=80708\" aria-describedby=\"woocommerce_loop_add_to_cart_link_describedby_80708\" data-quantity=\"1\" class=\"add-to-cart-grid no-padding is-transparent product_type_simple add_to_cart_button ajax_add_to_cart\" data-product_id=\"80708\" data-product_sku=\"GCLUS150\" aria-label=\"A\u00f1adir al carrito: &ldquo;L\u00e1mpara LED Solar de Techo 150W con Panel Solar y Control Remoto IP65&rdquo;\" rel=\"nofollow\" data-success_message=\"\u00abL\u00e1mpara LED Solar de Techo 150W con Panel Solar y Control Remoto IP65\u00bb se ha a\u00f1adido a tu carrito\"><div class=\"cart-icon tooltip is-small\" title=\"A\u00f1adir al carrito\"><strong>+<\/strong><\/div><\/a>\t<span id=\"woocommerce_loop_add_to_cart_link_describedby_80708\" class=\"screen-reader-text\">\n\t\t\t<\/span>\n<a href=\"#quick-view\" class=\"quick-view\" role=\"button\" data-prod=\"80708\" aria-haspopup=\"dialog\" aria-expanded=\"false\" data-flatsome-role-button>Vista R\u00e1pida<\/a>\t\t\t\t\t\t\t\t\t<\/div>\n\t\t\t\t\t\t\t\t\t\t\t\t\t\t\t\t\t\t\t\t\t\t\t<\/div>\n\n\t\t\t\t\t\t\t<div class=\"box-text text-center\" >\n\t\t\t\t\t\t\t\t<div class=\"title-wrapper\">\t\t<p class=\"category uppercase is-smaller no-text-overflow product-cat op-8\">\n\t\t\tApliques\t\t<\/p>\n\t<p class=\"name product-title woocommerce-loop-product__title\"><a href=\"https:\/\/www.tiendaled.cl\/?product=lampara-led-solar-de-techo-150w-con-panel-solar-y-control-remoto-ip65\" class=\"woocommerce-LoopProduct-link woocommerce-loop-product__link\">L\u00e1mpara LED Solar de Techo 150W con Panel Solar y Control Remoto IP65<\/a><\/p><\/div><div class=\"price-wrapper\">\n\t<span class=\"price\"><span class=\"woocommerce-Price-amount amount\"><bdi><span class=\"woocommerce-Price-currencySymbol\">&#36;<\/span>38.500<\/bdi><\/span><\/span>\n<\/div>\t\t\t\t\t\t\t<\/div>\n\t\t\t\t\t\t<\/div>\n\t\t\t\t\t\t<\/div>\n\t\t\t\t\t<\/div><div class=\"col\" >\n\t\t\t\t\t\t<div class=\"col-inner\">\n\t\t\t\t\t\t\n<div class=\"badge-container absolute left top z-1\">\n\n<\/div>\n\t\t\t\t\t\t<div class=\"product-small box has-hover box-normal box-text-bottom\">\n\t\t\t\t\t\t\t<div class=\"box-image\" >\n\t\t\t\t\t\t\t\t<div class=\"\" >\n\t\t\t\t\t\t\t\t\t<a href=\"https:\/\/www.tiendaled.cl\/?product=lampara-led-mata-mosquitos-45w-plegable-e27-y-atraccion-uv\" aria-label=\"L\u00e1mpara Led Mata Mosquitos 45w Plegable E27 Y Atracci\u00f3n Uv\">\n\t\t\t\t\t\t\t\t\t\t<img loading=\"lazy\" decoding=\"async\" width=\"247\" height=\"296\" src=\"https:\/\/www.tiendaled.cl\/wp-content\/uploads\/2025\/12\/6b0a8bef-3d06-400b-9347-710758c7bd4b-247x296.jpg\" class=\"show-on-hover absolute fill hide-for-small back-image\" alt=\"Alternative view of L\u00e1mpara Led Mata Mosquitos 45w Plegable E27 Y Atracci\u00f3n Uv\" aria-hidden=\"true\" \/><img loading=\"lazy\" decoding=\"async\" width=\"247\" height=\"296\" src=\"https:\/\/www.tiendaled.cl\/wp-content\/uploads\/2025\/12\/27b6698b-5310-424d-ab84-95c9c2326339ig-247x296.jpg\" class=\"attachment-woocommerce_thumbnail size-woocommerce_thumbnail\" alt=\"L\u00e1mpara Led Mata Mosquitos 45w Plegable E27 Y Atracci\u00f3n Uv\" \/>\t\t\t\t\t\t\t\t\t<\/a>\n\t\t\t\t\t\t\t\t\t\t\t\t\t\t\t\t\t\t \t\t\t\t\t\t\t\t<\/div>\n\t\t\t\t\t\t\t\t<div class=\"image-tools top right show-on-hover\">\n\t\t\t\t\t\t\t\t\t\t\t\t\t\t\t\t\t<\/div>\n\t\t\t\t\t\t\t\t\t\t\t\t\t\t\t\t\t<div class=\"image-tools grid-tools text-center hide-for-small bottom hover-slide-in show-on-hover\">\n\t\t\t\t\t\t\t\t\t\t<a href=\"\/index.php?rest_route=%2Fwp%2Fv2%2Fpages%2F98&#038;add-to-cart=80698\" aria-describedby=\"woocommerce_loop_add_to_cart_link_describedby_80698\" data-quantity=\"1\" class=\"add-to-cart-grid no-padding is-transparent product_type_simple add_to_cart_button ajax_add_to_cart\" data-product_id=\"80698\" data-product_sku=\"\" aria-label=\"A\u00f1adir al carrito: &ldquo;L\u00e1mpara Led Mata Mosquitos 45w Plegable E27 Y Atracci\u00f3n Uv&rdquo;\" rel=\"nofollow\" data-success_message=\"\u00abL\u00e1mpara Led Mata Mosquitos 45w Plegable E27 Y Atracci\u00f3n Uv\u00bb se ha a\u00f1adido a tu carrito\"><div class=\"cart-icon tooltip is-small\" title=\"A\u00f1adir al carrito\"><strong>+<\/strong><\/div><\/a>\t<span id=\"woocommerce_loop_add_to_cart_link_describedby_80698\" class=\"screen-reader-text\">\n\t\t\t<\/span>\n<a href=\"#quick-view\" class=\"quick-view\" role=\"button\" data-prod=\"80698\" aria-haspopup=\"dialog\" aria-expanded=\"false\" data-flatsome-role-button>Vista R\u00e1pida<\/a>\t\t\t\t\t\t\t\t\t<\/div>\n\t\t\t\t\t\t\t\t\t\t\t\t\t\t\t\t\t\t\t\t\t\t\t<\/div>\n\n\t\t\t\t\t\t\t<div class=\"box-text text-center\" >\n\t\t\t\t\t\t\t\t<div class=\"title-wrapper\">\t\t<p class=\"category uppercase is-smaller no-text-overflow product-cat op-8\">\n\t\t\tAccesorios\t\t<\/p>\n\t<p class=\"name product-title woocommerce-loop-product__title\"><a href=\"https:\/\/www.tiendaled.cl\/?product=lampara-led-mata-mosquitos-45w-plegable-e27-y-atraccion-uv\" class=\"woocommerce-LoopProduct-link woocommerce-loop-product__link\">L\u00e1mpara Led Mata Mosquitos 45w Plegable E27 Y Atracci\u00f3n Uv<\/a><\/p><\/div><div class=\"price-wrapper\">\n\t<span class=\"price\"><span class=\"woocommerce-Price-amount amount\"><bdi><span class=\"woocommerce-Price-currencySymbol\">&#36;<\/span>4.990<\/bdi><\/span><\/span>\n<\/div>\t\t\t\t\t\t\t<\/div>\n\t\t\t\t\t\t<\/div>\n\t\t\t\t\t\t<\/div>\n\t\t\t\t\t<\/div><div class=\"col\" >\n\t\t\t\t\t\t<div class=\"col-inner\">\n\t\t\t\t\t\t\n<div class=\"badge-container absolute left top z-1\">\n\n<\/div>\n\t\t\t\t\t\t<div class=\"product-small box has-hover box-normal box-text-bottom\">\n\t\t\t\t\t\t\t<div class=\"box-image\" >\n\t\t\t\t\t\t\t\t<div class=\"\" >\n\t\t\t\t\t\t\t\t\t<a href=\"https:\/\/www.tiendaled.cl\/?product=lampara-colgante-tubo-led-5w-negra-30-cm-luz-neutra-4500k\" aria-label=\"L\u00e1mpara Colgante Tubo Led 5w Negra 30 Cm Luz Neutra 4500k\">\n\t\t\t\t\t\t\t\t\t\t<img loading=\"lazy\" decoding=\"async\" width=\"247\" height=\"296\" src=\"https:\/\/www.tiendaled.cl\/wp-content\/uploads\/2025\/12\/35a99d48-f7ed-420d-8c5e-bb75064dac1a-247x296.jpg\" class=\"show-on-hover absolute fill hide-for-small back-image\" alt=\"Alternative view of L\u00e1mpara Colgante Tubo Led 5w Negra 30 Cm Luz Neutra 4500k\" aria-hidden=\"true\" \/><img loading=\"lazy\" decoding=\"async\" width=\"247\" height=\"296\" src=\"https:\/\/www.tiendaled.cl\/wp-content\/uploads\/2025\/12\/235b955b-2a1d-4042-87f6-1dd07453ccfc-1-247x296.jpg\" class=\"attachment-woocommerce_thumbnail size-woocommerce_thumbnail\" alt=\"L\u00e1mpara Colgante Tubo Led 5w Negra 30 Cm Luz Neutra 4500k\" \/>\t\t\t\t\t\t\t\t\t<\/a>\n\t\t\t\t\t\t\t\t\t\t\t\t\t\t\t\t\t\t \t\t\t\t\t\t\t\t<\/div>\n\t\t\t\t\t\t\t\t<div class=\"image-tools top right show-on-hover\">\n\t\t\t\t\t\t\t\t\t\t\t\t\t\t\t\t\t<\/div>\n\t\t\t\t\t\t\t\t\t\t\t\t\t\t\t\t\t<div class=\"image-tools grid-tools text-center hide-for-small bottom hover-slide-in show-on-hover\">\n\t\t\t\t\t\t\t\t\t\t<a href=\"\/index.php?rest_route=%2Fwp%2Fv2%2Fpages%2F98&#038;add-to-cart=80690\" aria-describedby=\"woocommerce_loop_add_to_cart_link_describedby_80690\" data-quantity=\"1\" class=\"add-to-cart-grid no-padding is-transparent product_type_simple add_to_cart_button ajax_add_to_cart\" data-product_id=\"80690\" data-product_sku=\"\" aria-label=\"A\u00f1adir al carrito: &ldquo;L\u00e1mpara Colgante Tubo Led 5w Negra 30 Cm Luz Neutra 4500k&rdquo;\" rel=\"nofollow\" data-success_message=\"\u00abL\u00e1mpara Colgante Tubo Led 5w Negra 30 Cm Luz Neutra 4500k\u00bb se ha a\u00f1adido a tu carrito\"><div class=\"cart-icon tooltip is-small\" title=\"A\u00f1adir al carrito\"><strong>+<\/strong><\/div><\/a>\t<span id=\"woocommerce_loop_add_to_cart_link_describedby_80690\" class=\"screen-reader-text\">\n\t\t\t<\/span>\n<a href=\"#quick-view\" class=\"quick-view\" role=\"button\" data-prod=\"80690\" aria-haspopup=\"dialog\" aria-expanded=\"false\" data-flatsome-role-button>Vista R\u00e1pida<\/a>\t\t\t\t\t\t\t\t\t<\/div>\n\t\t\t\t\t\t\t\t\t\t\t\t\t\t\t\t\t\t\t\t\t\t\t<\/div>\n\n\t\t\t\t\t\t\t<div class=\"box-text text-center\" >\n\t\t\t\t\t\t\t\t<div class=\"title-wrapper\">\t\t<p class=\"category uppercase is-smaller no-text-overflow product-cat op-8\">\n\t\t\tAmpolletas Led\t\t<\/p>\n\t<p class=\"name product-title woocommerce-loop-product__title\"><a href=\"https:\/\/www.tiendaled.cl\/?product=lampara-colgante-tubo-led-5w-negra-30-cm-luz-neutra-4500k\" class=\"woocommerce-LoopProduct-link woocommerce-loop-product__link\">L\u00e1mpara Colgante Tubo Led 5w Negra 30 Cm Luz Neutra 4500k<\/a><\/p><\/div><div class=\"price-wrapper\">\n\t<span class=\"price\"><span class=\"woocommerce-Price-amount amount\"><bdi><span class=\"woocommerce-Price-currencySymbol\">&#36;<\/span>14.900<\/bdi><\/span><\/span>\n<\/div>\t\t\t\t\t\t\t<\/div>\n\t\t\t\t\t\t<\/div>\n\t\t\t\t\t\t<\/div>\n\t\t\t\t\t<\/div><div class=\"col\" >\n\t\t\t\t\t\t<div class=\"col-inner\">\n\t\t\t\t\t\t\n<div class=\"badge-container absolute left top z-1\">\n\n<\/div>\n\t\t\t\t\t\t<div class=\"product-small box has-hover box-normal box-text-bottom\">\n\t\t\t\t\t\t\t<div class=\"box-image\" >\n\t\t\t\t\t\t\t\t<div class=\"\" >\n\t\t\t\t\t\t\t\t\t<a href=\"https:\/\/www.tiendaled.cl\/?product=ampolleta-led-rgb-7w-e27-con-control-remoto-multicolor-y-regulable\" aria-label=\"Ampolleta LED RGB 7W E27 con Control Remoto Multicolor y Regulable\">\n\t\t\t\t\t\t\t\t\t\t<img loading=\"lazy\" decoding=\"async\" width=\"247\" height=\"296\" src=\"https:\/\/www.tiendaled.cl\/wp-content\/uploads\/2025\/12\/45661879-c067-4984-9f4f-a3a394655c00-247x296.jpg\" class=\"show-on-hover absolute fill hide-for-small back-image\" alt=\"Alternative view of Ampolleta LED RGB 7W E27 con Control Remoto Multicolor y Regulable\" aria-hidden=\"true\" \/><img loading=\"lazy\" decoding=\"async\" width=\"247\" height=\"296\" src=\"https:\/\/www.tiendaled.cl\/wp-content\/uploads\/2025\/12\/45661879-c067-4984-9f4f-a3a394655c00-247x296.jpg\" class=\"attachment-woocommerce_thumbnail size-woocommerce_thumbnail\" alt=\"Ampolleta LED RGB 7W E27 con Control Remoto Multicolor y Regulable\" \/>\t\t\t\t\t\t\t\t\t<\/a>\n\t\t\t\t\t\t\t\t\t\t\t\t\t\t\t\t\t\t \t\t\t\t\t\t\t\t<\/div>\n\t\t\t\t\t\t\t\t<div class=\"image-tools top right show-on-hover\">\n\t\t\t\t\t\t\t\t\t\t\t\t\t\t\t\t\t<\/div>\n\t\t\t\t\t\t\t\t\t\t\t\t\t\t\t\t\t<div class=\"image-tools grid-tools text-center hide-for-small bottom hover-slide-in show-on-hover\">\n\t\t\t\t\t\t\t\t\t\t<a href=\"\/index.php?rest_route=%2Fwp%2Fv2%2Fpages%2F98&#038;add-to-cart=80680\" aria-describedby=\"woocommerce_loop_add_to_cart_link_describedby_80680\" data-quantity=\"1\" class=\"add-to-cart-grid no-padding is-transparent product_type_simple add_to_cart_button ajax_add_to_cart\" data-product_id=\"80680\" data-product_sku=\"\" aria-label=\"A\u00f1adir al carrito: &ldquo;Ampolleta LED RGB 7W E27 con Control Remoto Multicolor y Regulable&rdquo;\" rel=\"nofollow\" data-success_message=\"\u00abAmpolleta LED RGB 7W E27 con Control Remoto Multicolor y Regulable\u00bb se ha a\u00f1adido a tu carrito\"><div class=\"cart-icon tooltip is-small\" title=\"A\u00f1adir al carrito\"><strong>+<\/strong><\/div><\/a>\t<span id=\"woocommerce_loop_add_to_cart_link_describedby_80680\" class=\"screen-reader-text\">\n\t\t\t<\/span>\n<a href=\"#quick-view\" class=\"quick-view\" role=\"button\" data-prod=\"80680\" aria-haspopup=\"dialog\" aria-expanded=\"false\" data-flatsome-role-button>Vista R\u00e1pida<\/a>\t\t\t\t\t\t\t\t\t<\/div>\n\t\t\t\t\t\t\t\t\t\t\t\t\t\t\t\t\t\t\t\t\t\t\t<\/div>\n\n\t\t\t\t\t\t\t<div class=\"box-text text-center\" >\n\t\t\t\t\t\t\t\t<div class=\"title-wrapper\">\t\t<p class=\"category uppercase is-smaller no-text-overflow product-cat op-8\">\n\t\t\tAccesorios\t\t<\/p>\n\t<p class=\"name product-title woocommerce-loop-product__title\"><a href=\"https:\/\/www.tiendaled.cl\/?product=ampolleta-led-rgb-7w-e27-con-control-remoto-multicolor-y-regulable\" class=\"woocommerce-LoopProduct-link woocommerce-loop-product__link\">Ampolleta LED RGB 7W E27 con Control Remoto Multicolor y Regulable<\/a><\/p><\/div><div class=\"price-wrapper\">\n\t<span class=\"price\"><span class=\"woocommerce-Price-amount amount\"><bdi><span class=\"woocommerce-Price-currencySymbol\">&#36;<\/span>5.500<\/bdi><\/span><\/span>\n<\/div>\t\t\t\t\t\t\t<\/div>\n\t\t\t\t\t\t<\/div>\n\t\t\t\t\t\t<\/div>\n\t\t\t\t\t<\/div><div class=\"col\" >\n\t\t\t\t\t\t<div class=\"col-inner\">\n\t\t\t\t\t\t\n<div class=\"badge-container absolute left top z-1\">\n<div class=\"callout badge badge-square\"><div class=\"badge-inner secondary on-sale\"><span class=\"onsale\">\u00a1Oferta!<\/span><\/div><\/div>\n<\/div>\n\t\t\t\t\t\t<div class=\"product-small box has-hover box-normal box-text-bottom\">\n\t\t\t\t\t\t\t<div class=\"box-image\" >\n\t\t\t\t\t\t\t\t<div class=\"\" >\n\t\t\t\t\t\t\t\t\t<a href=\"https:\/\/www.tiendaled.cl\/?product=lampara-solar-de-muro-27-smd-con-sensor-automatico-ip65\" aria-label=\"L\u00e1mpara Solar de Muro 27 SMD con Sensor Autom\u00e1tico \u2013 IP65\">\n\t\t\t\t\t\t\t\t\t\t<img loading=\"lazy\" decoding=\"async\" width=\"247\" height=\"296\" src=\"https:\/\/www.tiendaled.cl\/wp-content\/uploads\/2025\/12\/60e83761-90ae-47b9-8f85-f041215b7360-247x296.jpg\" class=\"show-on-hover absolute fill hide-for-small back-image\" alt=\"Alternative view of L\u00e1mpara Solar de Muro 27 SMD con Sensor Autom\u00e1tico \u2013 IP65\" aria-hidden=\"true\" \/><img loading=\"lazy\" decoding=\"async\" width=\"247\" height=\"296\" src=\"https:\/\/www.tiendaled.cl\/wp-content\/uploads\/2025\/12\/60e83761-90ae-47b9-8f85-f041215b7360-247x296.jpg\" class=\"attachment-woocommerce_thumbnail size-woocommerce_thumbnail\" alt=\"L\u00e1mpara Solar de Muro 27 SMD con Sensor Autom\u00e1tico \u2013 IP65\" \/>\t\t\t\t\t\t\t\t\t<\/a>\n\t\t\t\t\t\t\t\t\t\t\t\t\t\t\t\t\t\t \t\t\t\t\t\t\t\t<\/div>\n\t\t\t\t\t\t\t\t<div class=\"image-tools top right show-on-hover\">\n\t\t\t\t\t\t\t\t\t\t\t\t\t\t\t\t\t<\/div>\n\t\t\t\t\t\t\t\t\t\t\t\t\t\t\t\t\t<div class=\"image-tools grid-tools text-center hide-for-small bottom hover-slide-in show-on-hover\">\n\t\t\t\t\t\t\t\t\t\t<a href=\"\/index.php?rest_route=%2Fwp%2Fv2%2Fpages%2F98&#038;add-to-cart=80672\" aria-describedby=\"woocommerce_loop_add_to_cart_link_describedby_80672\" data-quantity=\"1\" class=\"add-to-cart-grid no-padding is-transparent product_type_simple add_to_cart_button ajax_add_to_cart\" data-product_id=\"80672\" data-product_sku=\"\" aria-label=\"A\u00f1adir al carrito: &ldquo;L\u00e1mpara Solar de Muro 27 SMD con Sensor Autom\u00e1tico \u2013 IP65&rdquo;\" rel=\"nofollow\" data-success_message=\"\u00abL\u00e1mpara Solar de Muro 27 SMD con Sensor Autom\u00e1tico \u2013 IP65\u00bb se ha a\u00f1adido a tu carrito\"><div class=\"cart-icon tooltip is-small\" title=\"A\u00f1adir al carrito\"><strong>+<\/strong><\/div><\/a>\t<span id=\"woocommerce_loop_add_to_cart_link_describedby_80672\" class=\"screen-reader-text\">\n\t\t\t<\/span>\n<a href=\"#quick-view\" class=\"quick-view\" role=\"button\" data-prod=\"80672\" aria-haspopup=\"dialog\" aria-expanded=\"false\" data-flatsome-role-button>Vista R\u00e1pida<\/a>\t\t\t\t\t\t\t\t\t<\/div>\n\t\t\t\t\t\t\t\t\t\t\t\t\t\t\t\t\t\t\t\t\t\t\t<\/div>\n\n\t\t\t\t\t\t\t<div class=\"box-text text-center\" >\n\t\t\t\t\t\t\t\t<div class=\"title-wrapper\">\t\t<p class=\"category uppercase is-smaller no-text-overflow product-cat op-8\">\n\t\t\tApliques\t\t<\/p>\n\t<p class=\"name product-title woocommerce-loop-product__title\"><a href=\"https:\/\/www.tiendaled.cl\/?product=lampara-solar-de-muro-27-smd-con-sensor-automatico-ip65\" class=\"woocommerce-LoopProduct-link woocommerce-loop-product__link\">L\u00e1mpara Solar de Muro 27 SMD con Sensor Autom\u00e1tico \u2013 IP65<\/a><\/p><\/div><div class=\"price-wrapper\">\n\t<span class=\"price\"><del aria-hidden=\"true\"><span class=\"woocommerce-Price-amount amount\"><bdi><span class=\"woocommerce-Price-currencySymbol\">&#36;<\/span>12.900<\/bdi><\/span><\/del> <span class=\"screen-reader-text\">El precio original era: &#036;12.900.<\/span><ins aria-hidden=\"true\"><span class=\"woocommerce-Price-amount amount\"><bdi><span class=\"woocommerce-Price-currencySymbol\">&#36;<\/span>9.900<\/bdi><\/span><\/ins><span class=\"screen-reader-text\">El precio actual es: &#036;9.900.<\/span><\/span>\n<\/div>\t\t\t\t\t\t\t<\/div>\n\t\t\t\t\t\t<\/div>\n\t\t\t\t\t\t<\/div>\n\t\t\t\t\t<\/div><div class=\"col\" >\n\t\t\t\t\t\t<div class=\"col-inner\">\n\t\t\t\t\t\t\n<div class=\"badge-container absolute left top z-1\">\n\n<\/div>\n\t\t\t\t\t\t<div class=\"product-small box has-hover box-normal box-text-bottom\">\n\t\t\t\t\t\t\t<div class=\"box-image\" >\n\t\t\t\t\t\t\t\t<div class=\"\" >\n\t\t\t\t\t\t\t\t\t<a href=\"https:\/\/www.tiendaled.cl\/?product=ampolleta-led-decorativa-variedad-de-colores-1-8w-e27\" aria-label=\"Ampolleta LED Decorativa Variedad de colores 1.8W E27\">\n\t\t\t\t\t\t\t\t\t\t<img loading=\"lazy\" decoding=\"async\" width=\"247\" height=\"296\" src=\"https:\/\/www.tiendaled.cl\/wp-content\/uploads\/2025\/12\/9184af91-b723-4cfe-9cb2-21bc3d1397c5-247x296.jpg\" class=\"show-on-hover absolute fill hide-for-small back-image\" alt=\"Alternative view of Ampolleta LED Decorativa Variedad de colores 1.8W E27\" aria-hidden=\"true\" \/><img loading=\"lazy\" decoding=\"async\" width=\"247\" height=\"296\" src=\"https:\/\/www.tiendaled.cl\/wp-content\/uploads\/2025\/12\/9184af91-b723-4cfe-9cb2-21bc3d1397c5-247x296.jpg\" class=\"attachment-woocommerce_thumbnail size-woocommerce_thumbnail\" alt=\"Ampolleta LED Decorativa Variedad de colores 1.8W E27\" \/>\t\t\t\t\t\t\t\t\t<\/a>\n\t\t\t\t\t\t\t\t\t\t\t\t\t\t\t\t\t\t \t\t\t\t\t\t\t\t<\/div>\n\t\t\t\t\t\t\t\t<div class=\"image-tools top right show-on-hover\">\n\t\t\t\t\t\t\t\t\t\t\t\t\t\t\t\t\t<\/div>\n\t\t\t\t\t\t\t\t\t\t\t\t\t\t\t\t\t<div class=\"image-tools grid-tools text-center hide-for-small bottom hover-slide-in show-on-hover\">\n\t\t\t\t\t\t\t\t\t\t<a href=\"\/index.php?rest_route=%2Fwp%2Fv2%2Fpages%2F98&#038;add-to-cart=80661\" aria-describedby=\"woocommerce_loop_add_to_cart_link_describedby_80661\" data-quantity=\"1\" class=\"add-to-cart-grid no-padding is-transparent product_type_simple add_to_cart_button ajax_add_to_cart\" data-product_id=\"80661\" data-product_sku=\"\" aria-label=\"A\u00f1adir al carrito: &ldquo;Ampolleta LED Decorativa Variedad de colores 1.8W E27&rdquo;\" rel=\"nofollow\" data-success_message=\"\u00abAmpolleta LED Decorativa Variedad de colores 1.8W E27\u00bb se ha a\u00f1adido a tu carrito\"><div class=\"cart-icon tooltip is-small\" title=\"A\u00f1adir al carrito\"><strong>+<\/strong><\/div><\/a>\t<span id=\"woocommerce_loop_add_to_cart_link_describedby_80661\" class=\"screen-reader-text\">\n\t\t\t<\/span>\n<a href=\"#quick-view\" class=\"quick-view\" role=\"button\" data-prod=\"80661\" aria-haspopup=\"dialog\" aria-expanded=\"false\" data-flatsome-role-button>Vista R\u00e1pida<\/a>\t\t\t\t\t\t\t\t\t<\/div>\n\t\t\t\t\t\t\t\t\t\t\t\t\t\t\t\t\t\t\t\t\t\t\t<\/div>\n\n\t\t\t\t\t\t\t<div class=\"box-text text-center\" >\n\t\t\t\t\t\t\t\t<div class=\"title-wrapper\">\t\t<p class=\"category uppercase is-smaller no-text-overflow product-cat op-8\">\n\t\t\tAmpolletas Led\t\t<\/p>\n\t<p class=\"name product-title woocommerce-loop-product__title\"><a href=\"https:\/\/www.tiendaled.cl\/?product=ampolleta-led-decorativa-variedad-de-colores-1-8w-e27\" class=\"woocommerce-LoopProduct-link woocommerce-loop-product__link\">Ampolleta LED Decorativa Variedad de colores 1.8W E27<\/a><\/p><\/div><div class=\"price-wrapper\">\n\t<span class=\"price\"><span class=\"woocommerce-Price-amount amount\"><bdi><span class=\"woocommerce-Price-currencySymbol\">&#36;<\/span>990<\/bdi><\/span><\/span>\n<\/div>\t\t\t\t\t\t\t<\/div>\n\t\t\t\t\t\t<\/div>\n\t\t\t\t\t\t<\/div>\n\t\t\t\t\t<\/div><div class=\"col\" >\n\t\t\t\t\t\t<div class=\"col-inner\">\n\t\t\t\t\t\t\n<div class=\"badge-container absolute left top z-1\">\n\n<\/div>\n\t\t\t\t\t\t<div class=\"product-small box has-hover box-normal box-text-bottom\">\n\t\t\t\t\t\t\t<div class=\"box-image\" >\n\t\t\t\t\t\t\t\t<div class=\"\" >\n\t\t\t\t\t\t\t\t\t<a href=\"https:\/\/www.tiendaled.cl\/?product=foco-led-panel-redondo-embutido-12w-luz-calida-y-fria\" aria-label=\"Foco Led Panel Redondo Embutido 12w Luz Calida Y Fria\">\n\t\t\t\t\t\t\t\t\t\t<img loading=\"lazy\" decoding=\"async\" width=\"237\" height=\"213\" src=\"https:\/\/www.tiendaled.cl\/wp-content\/uploads\/2025\/11\/images-1.jpg\" class=\"show-on-hover absolute fill hide-for-small back-image\" alt=\"Alternative view of Foco Led Panel Redondo Embutido 12w Luz Calida Y Fria\" aria-hidden=\"true\" \/><img loading=\"lazy\" decoding=\"async\" width=\"237\" height=\"213\" src=\"https:\/\/www.tiendaled.cl\/wp-content\/uploads\/2025\/11\/images-1.jpg\" class=\"attachment-woocommerce_thumbnail size-woocommerce_thumbnail\" alt=\"Foco Led Panel Redondo Embutido 12w Luz Calida Y Fria\" \/>\t\t\t\t\t\t\t\t\t<\/a>\n\t\t\t\t\t\t\t\t\t\t\t\t\t\t\t\t\t\t \t\t\t\t\t\t\t\t<\/div>\n\t\t\t\t\t\t\t\t<div class=\"image-tools top right show-on-hover\">\n\t\t\t\t\t\t\t\t\t\t\t\t\t\t\t\t\t<\/div>\n\t\t\t\t\t\t\t\t\t\t\t\t\t\t\t\t\t<div class=\"image-tools grid-tools text-center hide-for-small bottom hover-slide-in show-on-hover\">\n\t\t\t\t\t\t\t\t\t\t<a href=\"\/index.php?rest_route=%2Fwp%2Fv2%2Fpages%2F98&#038;add-to-cart=80652\" aria-describedby=\"woocommerce_loop_add_to_cart_link_describedby_80652\" data-quantity=\"1\" class=\"add-to-cart-grid no-padding is-transparent product_type_simple add_to_cart_button ajax_add_to_cart\" data-product_id=\"80652\" data-product_sku=\"\" aria-label=\"A\u00f1adir al carrito: &ldquo;Foco Led Panel Redondo Embutido 12w Luz Calida Y Fria&rdquo;\" rel=\"nofollow\" data-success_message=\"\u00abFoco Led Panel Redondo Embutido 12w Luz Calida Y Fria\u00bb se ha a\u00f1adido a tu carrito\"><div class=\"cart-icon tooltip is-small\" title=\"A\u00f1adir al carrito\"><strong>+<\/strong><\/div><\/a>\t<span id=\"woocommerce_loop_add_to_cart_link_describedby_80652\" class=\"screen-reader-text\">\n\t\t\t<\/span>\n<a href=\"#quick-view\" class=\"quick-view\" role=\"button\" data-prod=\"80652\" aria-haspopup=\"dialog\" aria-expanded=\"false\" data-flatsome-role-button>Vista R\u00e1pida<\/a>\t\t\t\t\t\t\t\t\t<\/div>\n\t\t\t\t\t\t\t\t\t\t\t\t\t\t\t\t\t\t\t\t\t\t\t<\/div>\n\n\t\t\t\t\t\t\t<div class=\"box-text text-center\" >\n\t\t\t\t\t\t\t\t<div class=\"title-wrapper\">\t\t<p class=\"category uppercase is-smaller no-text-overflow product-cat op-8\">\n\t\t\tPaneles Led\t\t<\/p>\n\t<p class=\"name product-title woocommerce-loop-product__title\"><a href=\"https:\/\/www.tiendaled.cl\/?product=foco-led-panel-redondo-embutido-12w-luz-calida-y-fria\" class=\"woocommerce-LoopProduct-link woocommerce-loop-product__link\">Foco Led Panel Redondo Embutido 12w Luz Calida Y Fria<\/a><\/p><\/div><div class=\"price-wrapper\">\n\t<span class=\"price\"><span class=\"woocommerce-Price-amount amount\"><bdi><span class=\"woocommerce-Price-currencySymbol\">&#36;<\/span>3.990<\/bdi><\/span><\/span>\n<\/div>\t\t\t\t\t\t\t<\/div>\n\t\t\t\t\t\t<\/div>\n\t\t\t\t\t\t<\/div>\n\t\t\t\t\t<\/div><div class=\"col\" >\n\t\t\t\t\t\t<div class=\"col-inner\">\n\t\t\t\t\t\t\n<div class=\"badge-container absolute left top z-1\">\n\n<\/div>\n\t\t\t\t\t\t<div class=\"product-small box has-hover box-normal box-text-bottom\">\n\t\t\t\t\t\t\t<div class=\"box-image\" >\n\t\t\t\t\t\t\t\t<div class=\"\" >\n\t\t\t\t\t\t\t\t\t<a href=\"https:\/\/www.tiendaled.cl\/?product=lampara-de-pie-articulada-de-aluminio-con-soquete-e27-roja\" aria-label=\"L\u00e1mpara De Pie Articulada De Aluminio Con Soquete E27 Roja\">\n\t\t\t\t\t\t\t\t\t\t<img loading=\"lazy\" decoding=\"async\" width=\"247\" height=\"296\" src=\"https:\/\/www.tiendaled.cl\/wp-content\/uploads\/2025\/11\/2dfa58cb-9382-49bb-939f-184dba7b945f-247x296.jpg\" class=\"show-on-hover absolute fill hide-for-small back-image\" alt=\"Alternative view of L\u00e1mpara De Pie Articulada De Aluminio Con Soquete E27 Roja\" aria-hidden=\"true\" \/><img loading=\"lazy\" decoding=\"async\" width=\"247\" height=\"296\" src=\"https:\/\/www.tiendaled.cl\/wp-content\/uploads\/2025\/11\/5d2e1fa9-6559-47c1-a45a-43388af1866d-247x296.jpg\" class=\"attachment-woocommerce_thumbnail size-woocommerce_thumbnail\" alt=\"L\u00e1mpara De Pie Articulada De Aluminio Con Soquete E27 Roja\" \/>\t\t\t\t\t\t\t\t\t<\/a>\n\t\t\t\t\t\t\t\t\t\t\t\t\t\t\t\t\t\t \t\t\t\t\t\t\t\t<\/div>\n\t\t\t\t\t\t\t\t<div class=\"image-tools top right show-on-hover\">\n\t\t\t\t\t\t\t\t\t\t\t\t\t\t\t\t\t<\/div>\n\t\t\t\t\t\t\t\t\t\t\t\t\t\t\t\t\t<div class=\"image-tools grid-tools text-center hide-for-small bottom hover-slide-in show-on-hover\">\n\t\t\t\t\t\t\t\t\t\t<a href=\"\/index.php?rest_route=%2Fwp%2Fv2%2Fpages%2F98&#038;add-to-cart=80644\" aria-describedby=\"woocommerce_loop_add_to_cart_link_describedby_80644\" data-quantity=\"1\" class=\"add-to-cart-grid no-padding is-transparent product_type_simple add_to_cart_button ajax_add_to_cart\" data-product_id=\"80644\" data-product_sku=\"\" aria-label=\"A\u00f1adir al carrito: &ldquo;L\u00e1mpara De Pie Articulada De Aluminio Con Soquete E27 Roja&rdquo;\" rel=\"nofollow\" data-success_message=\"\u00abL\u00e1mpara De Pie Articulada De Aluminio Con Soquete E27 Roja\u00bb se ha a\u00f1adido a tu carrito\"><div class=\"cart-icon tooltip is-small\" title=\"A\u00f1adir al carrito\"><strong>+<\/strong><\/div><\/a>\t<span id=\"woocommerce_loop_add_to_cart_link_describedby_80644\" class=\"screen-reader-text\">\n\t\t\t<\/span>\n<a href=\"#quick-view\" class=\"quick-view\" role=\"button\" data-prod=\"80644\" aria-haspopup=\"dialog\" aria-expanded=\"false\" data-flatsome-role-button>Vista R\u00e1pida<\/a>\t\t\t\t\t\t\t\t\t<\/div>\n\t\t\t\t\t\t\t\t\t\t\t\t\t\t\t\t\t\t\t\t\t\t\t<\/div>\n\n\t\t\t\t\t\t\t<div class=\"box-text text-center\" >\n\t\t\t\t\t\t\t\t<div class=\"title-wrapper\">\t\t<p class=\"category uppercase is-smaller no-text-overflow product-cat op-8\">\n\t\t\tLampara Escritorio\t\t<\/p>\n\t<p class=\"name product-title woocommerce-loop-product__title\"><a href=\"https:\/\/www.tiendaled.cl\/?product=lampara-de-pie-articulada-de-aluminio-con-soquete-e27-roja\" class=\"woocommerce-LoopProduct-link woocommerce-loop-product__link\">L\u00e1mpara De Pie Articulada De Aluminio Con Soquete E27 Roja<\/a><\/p><\/div><div class=\"price-wrapper\">\n\t<span class=\"price\"><span class=\"woocommerce-Price-amount amount\"><bdi><span class=\"woocommerce-Price-currencySymbol\">&#36;<\/span>24.900<\/bdi><\/span><\/span>\n<\/div>\t\t\t\t\t\t\t<\/div>\n\t\t\t\t\t\t<\/div>\n\t\t\t\t\t\t<\/div>\n\t\t\t\t\t<\/div><\/div>\t\t<div class=\"ux-relay__control ux-relay__control--bottom container pb-half text-center\">\n\t\t\t\t\t\t\t<button class=\"ux-relay__button ux-relay__load-more-button button primary mb-0\">\n\t\t\t\t\tLoad more\t\t\t\t\t<span class=\"ux-relay__result-count\">(<span class=\"ux-relay__current-count\">40<\/span> \/ 431)<\/span>\t\t\t\t<\/button>\n\t\t\t\t\t\t<\/div>\n\t\t\t\t<\/div>\n\t\t\n","protected":false},"excerpt":{"rendered":"","protected":false},"author":1,"featured_media":16,"parent":70,"menu_order":1,"comment_status":"closed","ping_status":"closed","template":"","meta":{"_joinchat":[],"footnotes":""},"class_list":["post-98","page","type-page","status-publish","has-post-thumbnail","hentry"],"_links":{"self":[{"href":"https:\/\/www.tiendaled.cl\/index.php?rest_route=\/wp\/v2\/pages\/98","targetHints":{"allow":["GET"]}}],"collection":[{"href":"https:\/\/www.tiendaled.cl\/index.php?rest_route=\/wp\/v2\/pages"}],"about":[{"href":"https:\/\/www.tiendaled.cl\/index.php?rest_route=\/wp\/v2\/types\/page"}],"author":[{"embeddable":true,"href":"https:\/\/www.tiendaled.cl\/index.php?rest_route=\/wp\/v2\/users\/1"}],"replies":[{"embeddable":true,"href":"https:\/\/www.tiendaled.cl\/index.php?rest_route=%2Fwp%2Fv2%2Fcomments&post=98"}],"version-history":[{"count":109,"href":"https:\/\/www.tiendaled.cl\/index.php?rest_route=\/wp\/v2\/pages\/98\/revisions"}],"predecessor-version":[{"id":80423,"href":"https:\/\/www.tiendaled.cl\/index.php?rest_route=\/wp\/v2\/pages\/98\/revisions\/80423"}],"up":[{"embeddable":true,"href":"https:\/\/www.tiendaled.cl\/index.php?rest_route=\/wp\/v2\/pages\/70"}],"wp:featuredmedia":[{"embeddable":true,"href":"https:\/\/www.tiendaled.cl\/index.php?rest_route=\/wp\/v2\/media\/16"}],"wp:attachment":[{"href":"https:\/\/www.tiendaled.cl\/index.php?rest_route=%2Fwp%2Fv2%2Fmedia&parent=98"}],"curies":[{"name":"wp","href":"https:\/\/api.w.org\/{rel}","templated":true}]}}